{"id":3883,"date":"2026-02-04T13:21:54","date_gmt":"2026-02-04T12:21:54","guid":{"rendered":"https:\/\/enjoycatalonia.com\/serveis-privats\/excursions-per-catalunya\/"},"modified":"2026-02-26T11:49:11","modified_gmt":"2026-02-26T10:49:11","slug":"excursions-per-catalunya","status":"publish","type":"page","link":"https:\/\/enjoycatalonia.com\/ca\/serveis-privats\/excursions-per-catalunya\/","title":{"rendered":"Excursions per Catalunya"},"content":{"rendered":"\t\t<div data-elementor-type=\"wp-page\" data-elementor-id=\"3883\" class=\"elementor elementor-3883 elementor-1020\" data-elementor-post-type=\"page\">\n\t\t\t\t<div class=\"elementor-element elementor-element-c00cbaf e-flex e-con-boxed e-con e-parent\" data-id=\"c00cbaf\" data-element_type=\"container\" data-e-type=\"container\">\n\t\t\t\t\t<div class=\"e-con-inner\">\n\t\t\t\t<div class=\"elementor-element elementor-element-8b29022 elementor-widget__width-initial elementor-widget elementor-widget-text-editor\" data-id=\"8b29022\" data-element_type=\"widget\" data-e-type=\"widget\" data-widget_type=\"text-editor.default\">\n\t\t\t\t\t\t\t\t\t<div class=\"wpb_text_column wpb_content_element vc_custom_1700750504290\"><div class=\"wpb_wrapper\">Les excursions per Catalunya amb autocar privat i amb sortida des de Barcelona m\u00e9s sol\u00b7licitades s\u00f3n:<\/div><\/div>\t\t\t\t\t\t\t\t<\/div>\n\t\t<div class=\"elementor-element elementor-element-290b55a e-con-full e-flex e-con e-child\" data-id=\"290b55a\" data-element_type=\"container\" data-e-type=\"container\">\n\t\t<div class=\"elementor-element elementor-element-06aea2a e-con-full e-flex e-con e-child\" data-id=\"06aea2a\" data-element_type=\"container\" data-e-type=\"container\">\n\t\t\t\t<div class=\"elementor-element elementor-element-184a238 dce_masking-none elementor-widget elementor-widget-image\" data-id=\"184a238\" data-element_type=\"widget\" data-e-type=\"widget\" data-widget_type=\"image.default\">\n\t\t\t\t\t\t\t\t\t\t\t\t\t\t\t<img fetchpriority=\"high\" decoding=\"async\" width=\"1000\" height=\"667\" src=\"https:\/\/enjoycatalonia.com\/wp-content\/uploads\/2026\/02\/Tossa-de-Mar-web-privats.jpg\" class=\"attachment-full size-full wp-image-3884\" alt=\"\" srcset=\"https:\/\/enjoycatalonia.com\/wp-content\/uploads\/2026\/02\/Tossa-de-Mar-web-privats.jpg 1000w, https:\/\/enjoycatalonia.com\/wp-content\/uploads\/2026\/02\/Tossa-de-Mar-web-privats-600x400.jpg 600w, https:\/\/enjoycatalonia.com\/wp-content\/uploads\/2026\/02\/Tossa-de-Mar-web-privats-300x200.jpg 300w, https:\/\/enjoycatalonia.com\/wp-content\/uploads\/2026\/02\/Tossa-de-Mar-web-privats-768x512.jpg 768w\" sizes=\"(max-width: 1000px) 100vw, 1000px\" \/>\t\t\t\t\t\t\t\t\t\t\t\t\t\t\t<\/div>\n\t\t<div class=\"elementor-element elementor-element-6a3c938 e-con-full e-flex e-con e-child\" data-id=\"6a3c938\" data-element_type=\"container\" data-e-type=\"container\">\n\t\t\t\t<div class=\"elementor-element elementor-element-98bf4f9 elementor-widget elementor-widget-heading\" data-id=\"98bf4f9\" data-element_type=\"widget\" data-e-type=\"widget\" data-widget_type=\"heading.default\">\n\t\t\t\t\t<h2 class=\"elementor-heading-title elementor-size-default\">La Costa Brava<\/h2>\t\t\t\t<\/div>\n\t\t\t\t<div class=\"elementor-element elementor-element-7ab63c9 elementor-widget elementor-widget-text-editor\" data-id=\"7ab63c9\" data-element_type=\"widget\" data-e-type=\"widget\" data-widget_type=\"text-editor.default\">\n\t\t\t\t\t\t\t\t\t<div class=\"wpb_text_column wpb_content_element vc_custom_1750245892149\"><div class=\"wpb_wrapper\"><div class=\"wpb_text_column wpb_content_element vc_custom_1726217402065\"><div class=\"wpb_wrapper\"><p><strong>Excursions d\u00b4un dia<\/strong> (10 hores) <strong>amb sortida des de Barcelona<\/strong> en exclusiva per a grups en furgoneta o autocar privat a la <strong>Costa Brava<\/strong> acompanyats per un <strong>guia oficial<\/strong> bon coneixedor de la zona.<\/p><\/div><\/div><\/div><\/div>\t\t\t\t\t\t\t\t<\/div>\n\t\t\t\t<div class=\"elementor-element elementor-element-d4a8ee8 elementor-icon-list--layout-traditional elementor-list-item-link-full_width elementor-widget elementor-widget-icon-list\" data-id=\"d4a8ee8\" data-element_type=\"widget\" data-e-type=\"widget\" data-widget_type=\"icon-list.default\">\n\t\t\t\t\t\t\t<ul class=\"elementor-icon-list-items\">\n\t\t\t\t\t\t\t<li class=\"elementor-icon-list-item\">\n\t\t\t\t\t\t\t\t\t\t\t<span class=\"elementor-icon-list-icon\">\n\t\t\t\t\t\t\t<svg xmlns=\"http:\/\/www.w3.org\/2000\/svg\" id=\"Layer_2_00000035490491628794221700000012594640215456977582_\" viewBox=\"0 0 512 512\"><g id=\"Icon\"><g id=\"_65\"><path d=\"m418.4 288.9h-324.8c-6.8 0-11.7-5.5-14.7-16.4-1.5-5.7-2.3-11.2-2.3-16.4 0-5.3.8-10.8 2.3-16.4 3-11 7.9-16.4 14.7-16.4h324.9c6.8 0 11.7 5.5 14.7 16.4 1.5 5.7 2.3 11.1 2.3 16.4s-.8 10.8-2.3 16.4c-3 10.9-8 16.4-14.8 16.4z\"><\/path><\/g><\/g><\/svg>\t\t\t\t\t\t<\/span>\n\t\t\t\t\t\t\t\t\t\t<span class=\"elementor-icon-list-text\">Jard\u00ed Bot\u00e0nic Marimurtra, Cala Banys i Tossa de Mar  <\/span>\n\t\t\t\t\t\t\t\t\t<\/li>\n\t\t\t\t\t\t\t\t<li class=\"elementor-icon-list-item\">\n\t\t\t\t\t\t\t\t\t\t\t<span class=\"elementor-icon-list-icon\">\n\t\t\t\t\t\t\t<svg xmlns=\"http:\/\/www.w3.org\/2000\/svg\" id=\"Layer_2_00000035490491628794221700000012594640215456977582_\" viewBox=\"0 0 512 512\"><g id=\"Icon\"><g id=\"_65\"><path d=\"m418.4 288.9h-324.8c-6.8 0-11.7-5.5-14.7-16.4-1.5-5.7-2.3-11.2-2.3-16.4 0-5.3.8-10.8 2.3-16.4 3-11 7.9-16.4 14.7-16.4h324.9c6.8 0 11.7 5.5 14.7 16.4 1.5 5.7 2.3 11.1 2.3 16.4s-.8 10.8-2.3 16.4c-3 10.9-8 16.4-14.8 16.4z\"><\/path><\/g><\/g><\/svg>\t\t\t\t\t\t<\/span>\n\t\t\t\t\t\t\t\t\t\t<span class=\"elementor-icon-list-text\">Cala s'Alguer, Calella de Palafrugell, Llafranc i Jardins de Cap Roig<\/span>\n\t\t\t\t\t\t\t\t\t<\/li>\n\t\t\t\t\t\t\t\t<li class=\"elementor-icon-list-item\">\n\t\t\t\t\t\t\t\t\t\t\t<span class=\"elementor-icon-list-icon\">\n\t\t\t\t\t\t\t<svg xmlns=\"http:\/\/www.w3.org\/2000\/svg\" id=\"Layer_2_00000035490491628794221700000012594640215456977582_\" viewBox=\"0 0 512 512\"><g id=\"Icon\"><g id=\"_65\"><path d=\"m418.4 288.9h-324.8c-6.8 0-11.7-5.5-14.7-16.4-1.5-5.7-2.3-11.2-2.3-16.4 0-5.3.8-10.8 2.3-16.4 3-11 7.9-16.4 14.7-16.4h324.9c6.8 0 11.7 5.5 14.7 16.4 1.5 5.7 2.3 11.1 2.3 16.4s-.8 10.8-2.3 16.4c-3 10.9-8 16.4-14.8 16.4z\"><\/path><\/g><\/g><\/svg>\t\t\t\t\t\t<\/span>\n\t\t\t\t\t\t\t\t\t\t<span class=\"elementor-icon-list-text\">Pals, Begur i les cales<\/span>\n\t\t\t\t\t\t\t\t\t<\/li>\n\t\t\t\t\t\t\t\t<li class=\"elementor-icon-list-item\">\n\t\t\t\t\t\t\t\t\t\t\t<span class=\"elementor-icon-list-icon\">\n\t\t\t\t\t\t\t<svg xmlns=\"http:\/\/www.w3.org\/2000\/svg\" id=\"Layer_2_00000035490491628794221700000012594640215456977582_\" viewBox=\"0 0 512 512\"><g id=\"Icon\"><g id=\"_65\"><path d=\"m418.4 288.9h-324.8c-6.8 0-11.7-5.5-14.7-16.4-1.5-5.7-2.3-11.2-2.3-16.4 0-5.3.8-10.8 2.3-16.4 3-11 7.9-16.4 14.7-16.4h324.9c6.8 0 11.7 5.5 14.7 16.4 1.5 5.7 2.3 11.1 2.3 16.4s-.8 10.8-2.3 16.4c-3 10.9-8 16.4-14.8 16.4z\"><\/path><\/g><\/g><\/svg>\t\t\t\t\t\t<\/span>\n\t\t\t\t\t\t\t\t\t\t<span class=\"elementor-icon-list-text\">Torroella de Montgr\u00ed i Illes Medes<\/span>\n\t\t\t\t\t\t\t\t\t<\/li>\n\t\t\t\t\t\t\t\t<li class=\"elementor-icon-list-item\">\n\t\t\t\t\t\t\t\t\t\t\t<span class=\"elementor-icon-list-icon\">\n\t\t\t\t\t\t\t<svg xmlns=\"http:\/\/www.w3.org\/2000\/svg\" id=\"Layer_2_00000035490491628794221700000012594640215456977582_\" viewBox=\"0 0 512 512\"><g id=\"Icon\"><g id=\"_65\"><path d=\"m418.4 288.9h-324.8c-6.8 0-11.7-5.5-14.7-16.4-1.5-5.7-2.3-11.2-2.3-16.4 0-5.3.8-10.8 2.3-16.4 3-11 7.9-16.4 14.7-16.4h324.9c6.8 0 11.7 5.5 14.7 16.4 1.5 5.7 2.3 11.1 2.3 16.4s-.8 10.8-2.3 16.4c-3 10.9-8 16.4-14.8 16.4z\"><\/path><\/g><\/g><\/svg>\t\t\t\t\t\t<\/span>\n\t\t\t\t\t\t\t\t\t\t<span class=\"elementor-icon-list-text\">L'Escala i la ciutat greco-romana d'Emp\u00faries<\/span>\n\t\t\t\t\t\t\t\t\t<\/li>\n\t\t\t\t\t\t\t\t<li class=\"elementor-icon-list-item\">\n\t\t\t\t\t\t\t\t\t\t\t<span class=\"elementor-icon-list-icon\">\n\t\t\t\t\t\t\t<svg xmlns=\"http:\/\/www.w3.org\/2000\/svg\" id=\"Layer_2_00000035490491628794221700000012594640215456977582_\" viewBox=\"0 0 512 512\"><g id=\"Icon\"><g id=\"_65\"><path d=\"m418.4 288.9h-324.8c-6.8 0-11.7-5.5-14.7-16.4-1.5-5.7-2.3-11.2-2.3-16.4 0-5.3.8-10.8 2.3-16.4 3-11 7.9-16.4 14.7-16.4h324.9c6.8 0 11.7 5.5 14.7 16.4 1.5 5.7 2.3 11.1 2.3 16.4s-.8 10.8-2.3 16.4c-3 10.9-8 16.4-14.8 16.4z\"><\/path><\/g><\/g><\/svg>\t\t\t\t\t\t<\/span>\n\t\t\t\t\t\t\t\t\t\t<span class=\"elementor-icon-list-text\">Roses i Cadaqu\u00e9s (opci\u00f3 casa-museu Dal\u00ed)<\/span>\n\t\t\t\t\t\t\t\t\t<\/li>\n\t\t\t\t\t\t\t\t<li class=\"elementor-icon-list-item\">\n\t\t\t\t\t\t\t\t\t\t\t<span class=\"elementor-icon-list-icon\">\n\t\t\t\t\t\t\t<svg xmlns=\"http:\/\/www.w3.org\/2000\/svg\" id=\"Layer_2_00000035490491628794221700000012594640215456977582_\" viewBox=\"0 0 512 512\"><g id=\"Icon\"><g id=\"_65\"><path d=\"m418.4 288.9h-324.8c-6.8 0-11.7-5.5-14.7-16.4-1.5-5.7-2.3-11.2-2.3-16.4 0-5.3.8-10.8 2.3-16.4 3-11 7.9-16.4 14.7-16.4h324.9c6.8 0 11.7 5.5 14.7 16.4 1.5 5.7 2.3 11.1 2.3 16.4s-.8 10.8-2.3 16.4c-3 10.9-8 16.4-14.8 16.4z\"><\/path><\/g><\/g><\/svg>\t\t\t\t\t\t<\/span>\n\t\t\t\t\t\t\t\t\t\t<span class=\"elementor-icon-list-text\">La C\u00f4te Vermeille: Cotlliure i Banyuls<\/span>\n\t\t\t\t\t\t\t\t\t<\/li>\n\t\t\t\t\t\t<\/ul>\n\t\t\t\t\t\t<\/div>\n\t\t\t\t<\/div>\n\t\t\t\t<\/div>\n\t\t<div class=\"elementor-element elementor-element-b0f7f06 e-con-full e-flex e-con e-child\" data-id=\"b0f7f06\" data-element_type=\"container\" data-e-type=\"container\">\n\t\t\t\t<div class=\"elementor-element elementor-element-08514f4 dce_masking-none elementor-widget elementor-widget-image\" data-id=\"08514f4\" data-element_type=\"widget\" data-e-type=\"widget\" data-widget_type=\"image.default\">\n\t\t\t\t\t\t\t\t\t\t\t\t\t\t\t<img decoding=\"async\" width=\"370\" height=\"247\" src=\"https:\/\/enjoycatalonia.com\/wp-content\/uploads\/2026\/02\/0019_Monells-gran.jpg\" class=\"attachment-full size-full wp-image-3885\" alt=\"\" srcset=\"https:\/\/enjoycatalonia.com\/wp-content\/uploads\/2026\/02\/0019_Monells-gran.jpg 370w, https:\/\/enjoycatalonia.com\/wp-content\/uploads\/2026\/02\/0019_Monells-gran-300x200.jpg 300w\" sizes=\"(max-width: 370px) 100vw, 370px\" \/>\t\t\t\t\t\t\t\t\t\t\t\t\t\t\t<\/div>\n\t\t<div class=\"elementor-element elementor-element-52e1e47 e-con-full e-flex e-con e-child\" data-id=\"52e1e47\" data-element_type=\"container\" data-e-type=\"container\">\n\t\t\t\t<div class=\"elementor-element elementor-element-2174829 elementor-widget elementor-widget-heading\" data-id=\"2174829\" data-element_type=\"widget\" data-e-type=\"widget\" data-widget_type=\"heading.default\">\n\t\t\t\t\t<h2 class=\"elementor-heading-title elementor-size-default\">Viles medievals<\/h2>\t\t\t\t<\/div>\n\t\t\t\t<div class=\"elementor-element elementor-element-8fae1e6 elementor-widget elementor-widget-text-editor\" data-id=\"8fae1e6\" data-element_type=\"widget\" data-e-type=\"widget\" data-widget_type=\"text-editor.default\">\n\t\t\t\t\t\t\t\t\t<div class=\"wpb_text_column wpb_content_element vc_custom_1726217416896\"><div class=\"wpb_wrapper\"><p><strong>Excursions d\u00b4un dia<\/strong> (10 hores) amb sortida des de Barcelona en exclusiva per a grups en furgoneta o autocar privat per visitar bonics pobles d\u00b4origen medieval:<\/p><\/div><\/div>\t\t\t\t\t\t\t\t<\/div>\n\t\t\t\t<div class=\"elementor-element elementor-element-9e42a76 elementor-icon-list--layout-traditional elementor-list-item-link-full_width elementor-widget elementor-widget-icon-list\" data-id=\"9e42a76\" data-element_type=\"widget\" data-e-type=\"widget\" data-widget_type=\"icon-list.default\">\n\t\t\t\t\t\t\t<ul class=\"elementor-icon-list-items\">\n\t\t\t\t\t\t\t<li class=\"elementor-icon-list-item\">\n\t\t\t\t\t\t\t\t\t\t\t<span class=\"elementor-icon-list-icon\">\n\t\t\t\t\t\t\t<svg xmlns=\"http:\/\/www.w3.org\/2000\/svg\" id=\"Layer_2_00000035490491628794221700000012594640215456977582_\" viewBox=\"0 0 512 512\"><g id=\"Icon\"><g id=\"_65\"><path d=\"m418.4 288.9h-324.8c-6.8 0-11.7-5.5-14.7-16.4-1.5-5.7-2.3-11.2-2.3-16.4 0-5.3.8-10.8 2.3-16.4 3-11 7.9-16.4 14.7-16.4h324.9c6.8 0 11.7 5.5 14.7 16.4 1.5 5.7 2.3 11.1 2.3 16.4s-.8 10.8-2.3 16.4c-3 10.9-8 16.4-14.8 16.4z\"><\/path><\/g><\/g><\/svg>\t\t\t\t\t\t<\/span>\n\t\t\t\t\t\t\t\t\t\t<span class=\"elementor-icon-list-text\">Tavertet, Rupit i santuari del Far<\/span>\n\t\t\t\t\t\t\t\t\t<\/li>\n\t\t\t\t\t\t\t\t<li class=\"elementor-icon-list-item\">\n\t\t\t\t\t\t\t\t\t\t\t<span class=\"elementor-icon-list-icon\">\n\t\t\t\t\t\t\t<svg xmlns=\"http:\/\/www.w3.org\/2000\/svg\" id=\"Layer_2_00000035490491628794221700000012594640215456977582_\" viewBox=\"0 0 512 512\"><g id=\"Icon\"><g id=\"_65\"><path d=\"m418.4 288.9h-324.8c-6.8 0-11.7-5.5-14.7-16.4-1.5-5.7-2.3-11.2-2.3-16.4 0-5.3.8-10.8 2.3-16.4 3-11 7.9-16.4 14.7-16.4h324.9c6.8 0 11.7 5.5 14.7 16.4 1.5 5.7 2.3 11.1 2.3 16.4s-.8 10.8-2.3 16.4c-3 10.9-8 16.4-14.8 16.4z\"><\/path><\/g><\/g><\/svg>\t\t\t\t\t\t<\/span>\n\t\t\t\t\t\t\t\t\t\t<span class=\"elementor-icon-list-text\">Besal\u00fa, Castellfollit de la Roca, Santa Pau i Mieres<\/span>\n\t\t\t\t\t\t\t\t\t<\/li>\n\t\t\t\t\t\t\t\t<li class=\"elementor-icon-list-item\">\n\t\t\t\t\t\t\t\t\t\t\t<span class=\"elementor-icon-list-icon\">\n\t\t\t\t\t\t\t<svg xmlns=\"http:\/\/www.w3.org\/2000\/svg\" id=\"Layer_2_00000035490491628794221700000012594640215456977582_\" viewBox=\"0 0 512 512\"><g id=\"Icon\"><g id=\"_65\"><path d=\"m418.4 288.9h-324.8c-6.8 0-11.7-5.5-14.7-16.4-1.5-5.7-2.3-11.2-2.3-16.4 0-5.3.8-10.8 2.3-16.4 3-11 7.9-16.4 14.7-16.4h324.9c6.8 0 11.7 5.5 14.7 16.4 1.5 5.7 2.3 11.1 2.3 16.4s-.8 10.8-2.3 16.4c-3 10.9-8 16.4-14.8 16.4z\"><\/path><\/g><\/g><\/svg>\t\t\t\t\t\t<\/span>\n\t\t\t\t\t\t\t\t\t\t<span class=\"elementor-icon-list-text\">Pals, Peratallada i Monells<\/span>\n\t\t\t\t\t\t\t\t\t<\/li>\n\t\t\t\t\t\t\t\t<li class=\"elementor-icon-list-item\">\n\t\t\t\t\t\t\t\t\t\t\t<span class=\"elementor-icon-list-icon\">\n\t\t\t\t\t\t\t<svg xmlns=\"http:\/\/www.w3.org\/2000\/svg\" id=\"Layer_2_00000035490491628794221700000012594640215456977582_\" viewBox=\"0 0 512 512\"><g id=\"Icon\"><g id=\"_65\"><path d=\"m418.4 288.9h-324.8c-6.8 0-11.7-5.5-14.7-16.4-1.5-5.7-2.3-11.2-2.3-16.4 0-5.3.8-10.8 2.3-16.4 3-11 7.9-16.4 14.7-16.4h324.9c6.8 0 11.7 5.5 14.7 16.4 1.5 5.7 2.3 11.1 2.3 16.4s-.8 10.8-2.3 16.4c-3 10.9-8 16.4-14.8 16.4z\"><\/path><\/g><\/g><\/svg>\t\t\t\t\t\t<\/span>\n\t\t\t\t\t\t\t\t\t\t<span class=\"elementor-icon-list-text\">Sant Lloren\u00e7 de la Muga i Ma\u00e7anet de Cabrenys<\/span>\n\t\t\t\t\t\t\t\t\t<\/li>\n\t\t\t\t\t\t\t\t<li class=\"elementor-icon-list-item\">\n\t\t\t\t\t\t\t\t\t\t\t<span class=\"elementor-icon-list-icon\">\n\t\t\t\t\t\t\t<svg xmlns=\"http:\/\/www.w3.org\/2000\/svg\" id=\"Layer_2_00000035490491628794221700000012594640215456977582_\" viewBox=\"0 0 512 512\"><g id=\"Icon\"><g id=\"_65\"><path d=\"m418.4 288.9h-324.8c-6.8 0-11.7-5.5-14.7-16.4-1.5-5.7-2.3-11.2-2.3-16.4 0-5.3.8-10.8 2.3-16.4 3-11 7.9-16.4 14.7-16.4h324.9c6.8 0 11.7 5.5 14.7 16.4 1.5 5.7 2.3 11.1 2.3 16.4s-.8 10.8-2.3 16.4c-3 10.9-8 16.4-14.8 16.4z\"><\/path><\/g><\/g><\/svg>\t\t\t\t\t\t<\/span>\n\t\t\t\t\t\t\t\t\t\t<span class=\"elementor-icon-list-text\">Castell\u00f3 d'Emp\u00faries i Peralada<\/span>\n\t\t\t\t\t\t\t\t\t<\/li>\n\t\t\t\t\t\t\t\t<li class=\"elementor-icon-list-item\">\n\t\t\t\t\t\t\t\t\t\t\t<span class=\"elementor-icon-list-icon\">\n\t\t\t\t\t\t\t<svg xmlns=\"http:\/\/www.w3.org\/2000\/svg\" id=\"Layer_2_00000035490491628794221700000012594640215456977582_\" viewBox=\"0 0 512 512\"><g id=\"Icon\"><g id=\"_65\"><path d=\"m418.4 288.9h-324.8c-6.8 0-11.7-5.5-14.7-16.4-1.5-5.7-2.3-11.2-2.3-16.4 0-5.3.8-10.8 2.3-16.4 3-11 7.9-16.4 14.7-16.4h324.9c6.8 0 11.7 5.5 14.7 16.4 1.5 5.7 2.3 11.1 2.3 16.4s-.8 10.8-2.3 16.4c-3 10.9-8 16.4-14.8 16.4z\"><\/path><\/g><\/g><\/svg>\t\t\t\t\t\t<\/span>\n\t\t\t\t\t\t\t\t\t\t<span class=\"elementor-icon-list-text\">Sant Pere de Rodes, La Selva de Mar i el Port de la Selva  <\/span>\n\t\t\t\t\t\t\t\t\t<\/li>\n\t\t\t\t\t\t\t\t<li class=\"elementor-icon-list-item\">\n\t\t\t\t\t\t\t\t\t\t\t<span class=\"elementor-icon-list-icon\">\n\t\t\t\t\t\t\t<svg xmlns=\"http:\/\/www.w3.org\/2000\/svg\" id=\"Layer_2_00000035490491628794221700000012594640215456977582_\" viewBox=\"0 0 512 512\"><g id=\"Icon\"><g id=\"_65\"><path d=\"m418.4 288.9h-324.8c-6.8 0-11.7-5.5-14.7-16.4-1.5-5.7-2.3-11.2-2.3-16.4 0-5.3.8-10.8 2.3-16.4 3-11 7.9-16.4 14.7-16.4h324.9c6.8 0 11.7 5.5 14.7 16.4 1.5 5.7 2.3 11.1 2.3 16.4s-.8 10.8-2.3 16.4c-3 10.9-8 16.4-14.8 16.4z\"><\/path><\/g><\/g><\/svg>\t\t\t\t\t\t<\/span>\n\t\t\t\t\t\t\t\t\t\t<span class=\"elementor-icon-list-text\">Ceret, Eus i Castellnou dels Aspres (Catalunya francesa)<\/span>\n\t\t\t\t\t\t\t\t\t<\/li>\n\t\t\t\t\t\t<\/ul>\n\t\t\t\t\t\t<\/div>\n\t\t\t\t<\/div>\n\t\t\t\t<\/div>\n\t\t<div class=\"elementor-element elementor-element-431914e e-con-full e-flex e-con e-child\" data-id=\"431914e\" data-element_type=\"container\" data-e-type=\"container\">\n\t\t\t\t<div class=\"elementor-element elementor-element-0574774 dce_masking-none elementor-widget elementor-widget-image\" data-id=\"0574774\" data-element_type=\"widget\" data-e-type=\"widget\" data-widget_type=\"image.default\">\n\t\t\t\t\t\t\t\t\t\t\t\t\t\t\t<img decoding=\"async\" width=\"1000\" height=\"667\" src=\"https:\/\/enjoycatalonia.com\/wp-content\/uploads\/2026\/02\/Girona-web-privats-1.jpg\" class=\"attachment-full size-full wp-image-3886\" alt=\"\" srcset=\"https:\/\/enjoycatalonia.com\/wp-content\/uploads\/2026\/02\/Girona-web-privats-1.jpg 1000w, https:\/\/enjoycatalonia.com\/wp-content\/uploads\/2026\/02\/Girona-web-privats-1-600x400.jpg 600w, https:\/\/enjoycatalonia.com\/wp-content\/uploads\/2026\/02\/Girona-web-privats-1-300x200.jpg 300w, https:\/\/enjoycatalonia.com\/wp-content\/uploads\/2026\/02\/Girona-web-privats-1-768x512.jpg 768w\" sizes=\"(max-width: 1000px) 100vw, 1000px\" \/>\t\t\t\t\t\t\t\t\t\t\t\t\t\t\t<\/div>\n\t\t<div class=\"elementor-element elementor-element-473f19f e-con-full e-flex e-con e-child\" data-id=\"473f19f\" data-element_type=\"container\" data-e-type=\"container\">\n\t\t\t\t<div class=\"elementor-element elementor-element-0958e62 elementor-widget elementor-widget-heading\" data-id=\"0958e62\" data-element_type=\"widget\" data-e-type=\"widget\" data-widget_type=\"heading.default\">\n\t\t\t\t\t<h2 class=\"elementor-heading-title elementor-size-default\">Ciutats catalanes<\/h2>\t\t\t\t<\/div>\n\t\t\t\t<div class=\"elementor-element elementor-element-c44ebc9 elementor-widget elementor-widget-text-editor\" data-id=\"c44ebc9\" data-element_type=\"widget\" data-e-type=\"widget\" data-widget_type=\"text-editor.default\">\n\t\t\t\t\t\t\t\t\t<p><strong>Excursions d&#8217;un dia<\/strong> (10 hores) <strong>amb sortida des de Barcelona<\/strong> en exclusiva per a grups amb furgoneta o autocar privat per visitar petites i mitjanes ciutats de Catalunya.<\/p>\t\t\t\t\t\t\t\t<\/div>\n\t\t\t\t<div class=\"elementor-element elementor-element-e46313a elementor-icon-list--layout-traditional elementor-list-item-link-full_width elementor-widget elementor-widget-icon-list\" data-id=\"e46313a\" data-element_type=\"widget\" data-e-type=\"widget\" data-widget_type=\"icon-list.default\">\n\t\t\t\t\t\t\t<ul class=\"elementor-icon-list-items\">\n\t\t\t\t\t\t\t<li class=\"elementor-icon-list-item\">\n\t\t\t\t\t\t\t\t\t\t\t<span class=\"elementor-icon-list-icon\">\n\t\t\t\t\t\t\t<svg xmlns=\"http:\/\/www.w3.org\/2000\/svg\" id=\"Layer_2_00000035490491628794221700000012594640215456977582_\" viewBox=\"0 0 512 512\"><g id=\"Icon\"><g id=\"_65\"><path d=\"m418.4 288.9h-324.8c-6.8 0-11.7-5.5-14.7-16.4-1.5-5.7-2.3-11.2-2.3-16.4 0-5.3.8-10.8 2.3-16.4 3-11 7.9-16.4 14.7-16.4h324.9c6.8 0 11.7 5.5 14.7 16.4 1.5 5.7 2.3 11.1 2.3 16.4s-.8 10.8-2.3 16.4c-3 10.9-8 16.4-14.8 16.4z\"><\/path><\/g><\/g><\/svg>\t\t\t\t\t\t<\/span>\n\t\t\t\t\t\t\t\t\t\t<span class=\"elementor-icon-list-text\">Girona<\/span>\n\t\t\t\t\t\t\t\t\t<\/li>\n\t\t\t\t\t\t\t\t<li class=\"elementor-icon-list-item\">\n\t\t\t\t\t\t\t\t\t\t\t<span class=\"elementor-icon-list-icon\">\n\t\t\t\t\t\t\t<svg xmlns=\"http:\/\/www.w3.org\/2000\/svg\" id=\"Layer_2_00000035490491628794221700000012594640215456977582_\" viewBox=\"0 0 512 512\"><g id=\"Icon\"><g id=\"_65\"><path d=\"m418.4 288.9h-324.8c-6.8 0-11.7-5.5-14.7-16.4-1.5-5.7-2.3-11.2-2.3-16.4 0-5.3.8-10.8 2.3-16.4 3-11 7.9-16.4 14.7-16.4h324.9c6.8 0 11.7 5.5 14.7 16.4 1.5 5.7 2.3 11.1 2.3 16.4s-.8 10.8-2.3 16.4c-3 10.9-8 16.4-14.8 16.4z\"><\/path><\/g><\/g><\/svg>\t\t\t\t\t\t<\/span>\n\t\t\t\t\t\t\t\t\t\t<span class=\"elementor-icon-list-text\">Tarragona<\/span>\n\t\t\t\t\t\t\t\t\t<\/li>\n\t\t\t\t\t\t\t\t<li class=\"elementor-icon-list-item\">\n\t\t\t\t\t\t\t\t\t\t\t<span class=\"elementor-icon-list-icon\">\n\t\t\t\t\t\t\t<svg xmlns=\"http:\/\/www.w3.org\/2000\/svg\" id=\"Layer_2_00000035490491628794221700000012594640215456977582_\" viewBox=\"0 0 512 512\"><g id=\"Icon\"><g id=\"_65\"><path d=\"m418.4 288.9h-324.8c-6.8 0-11.7-5.5-14.7-16.4-1.5-5.7-2.3-11.2-2.3-16.4 0-5.3.8-10.8 2.3-16.4 3-11 7.9-16.4 14.7-16.4h324.9c6.8 0 11.7 5.5 14.7 16.4 1.5 5.7 2.3 11.1 2.3 16.4s-.8 10.8-2.3 16.4c-3 10.9-8 16.4-14.8 16.4z\"><\/path><\/g><\/g><\/svg>\t\t\t\t\t\t<\/span>\n\t\t\t\t\t\t\t\t\t\t<span class=\"elementor-icon-list-text\">Lleida<\/span>\n\t\t\t\t\t\t\t\t\t<\/li>\n\t\t\t\t\t\t\t\t<li class=\"elementor-icon-list-item\">\n\t\t\t\t\t\t\t\t\t\t\t<span class=\"elementor-icon-list-icon\">\n\t\t\t\t\t\t\t<svg xmlns=\"http:\/\/www.w3.org\/2000\/svg\" id=\"Layer_2_00000035490491628794221700000012594640215456977582_\" viewBox=\"0 0 512 512\"><g id=\"Icon\"><g id=\"_65\"><path d=\"m418.4 288.9h-324.8c-6.8 0-11.7-5.5-14.7-16.4-1.5-5.7-2.3-11.2-2.3-16.4 0-5.3.8-10.8 2.3-16.4 3-11 7.9-16.4 14.7-16.4h324.9c6.8 0 11.7 5.5 14.7 16.4 1.5 5.7 2.3 11.1 2.3 16.4s-.8 10.8-2.3 16.4c-3 10.9-8 16.4-14.8 16.4z\"><\/path><\/g><\/g><\/svg>\t\t\t\t\t\t<\/span>\n\t\t\t\t\t\t\t\t\t\t<span class=\"elementor-icon-list-text\">Perpiny\u00e0 (Catalunya francesa)<\/span>\n\t\t\t\t\t\t\t\t\t<\/li>\n\t\t\t\t\t\t\t\t<li class=\"elementor-icon-list-item\">\n\t\t\t\t\t\t\t\t\t\t\t<span class=\"elementor-icon-list-icon\">\n\t\t\t\t\t\t\t<svg xmlns=\"http:\/\/www.w3.org\/2000\/svg\" id=\"Layer_2_00000035490491628794221700000012594640215456977582_\" viewBox=\"0 0 512 512\"><g id=\"Icon\"><g id=\"_65\"><path d=\"m418.4 288.9h-324.8c-6.8 0-11.7-5.5-14.7-16.4-1.5-5.7-2.3-11.2-2.3-16.4 0-5.3.8-10.8 2.3-16.4 3-11 7.9-16.4 14.7-16.4h324.9c6.8 0 11.7 5.5 14.7 16.4 1.5 5.7 2.3 11.1 2.3 16.4s-.8 10.8-2.3 16.4c-3 10.9-8 16.4-14.8 16.4z\"><\/path><\/g><\/g><\/svg>\t\t\t\t\t\t<\/span>\n\t\t\t\t\t\t\t\t\t\t<span class=\"elementor-icon-list-text\">Vic<\/span>\n\t\t\t\t\t\t\t\t\t<\/li>\n\t\t\t\t\t\t\t\t<li class=\"elementor-icon-list-item\">\n\t\t\t\t\t\t\t\t\t\t\t<span class=\"elementor-icon-list-icon\">\n\t\t\t\t\t\t\t<svg xmlns=\"http:\/\/www.w3.org\/2000\/svg\" id=\"Layer_2_00000035490491628794221700000012594640215456977582_\" viewBox=\"0 0 512 512\"><g id=\"Icon\"><g id=\"_65\"><path d=\"m418.4 288.9h-324.8c-6.8 0-11.7-5.5-14.7-16.4-1.5-5.7-2.3-11.2-2.3-16.4 0-5.3.8-10.8 2.3-16.4 3-11 7.9-16.4 14.7-16.4h324.9c6.8 0 11.7 5.5 14.7 16.4 1.5 5.7 2.3 11.1 2.3 16.4s-.8 10.8-2.3 16.4c-3 10.9-8 16.4-14.8 16.4z\"><\/path><\/g><\/g><\/svg>\t\t\t\t\t\t<\/span>\n\t\t\t\t\t\t\t\t\t\t<span class=\"elementor-icon-list-text\">Manresa<\/span>\n\t\t\t\t\t\t\t\t\t<\/li>\n\t\t\t\t\t\t\t\t<li class=\"elementor-icon-list-item\">\n\t\t\t\t\t\t\t\t\t\t\t<span class=\"elementor-icon-list-icon\">\n\t\t\t\t\t\t\t<svg xmlns=\"http:\/\/www.w3.org\/2000\/svg\" id=\"Layer_2_00000035490491628794221700000012594640215456977582_\" viewBox=\"0 0 512 512\"><g id=\"Icon\"><g id=\"_65\"><path d=\"m418.4 288.9h-324.8c-6.8 0-11.7-5.5-14.7-16.4-1.5-5.7-2.3-11.2-2.3-16.4 0-5.3.8-10.8 2.3-16.4 3-11 7.9-16.4 14.7-16.4h324.9c6.8 0 11.7 5.5 14.7 16.4 1.5 5.7 2.3 11.1 2.3 16.4s-.8 10.8-2.3 16.4c-3 10.9-8 16.4-14.8 16.4z\"><\/path><\/g><\/g><\/svg>\t\t\t\t\t\t<\/span>\n\t\t\t\t\t\t\t\t\t\t<span class=\"elementor-icon-list-text\">Reus<\/span>\n\t\t\t\t\t\t\t\t\t<\/li>\n\t\t\t\t\t\t\t\t<li class=\"elementor-icon-list-item\">\n\t\t\t\t\t\t\t\t\t\t\t<span class=\"elementor-icon-list-icon\">\n\t\t\t\t\t\t\t<svg xmlns=\"http:\/\/www.w3.org\/2000\/svg\" id=\"Layer_2_00000035490491628794221700000012594640215456977582_\" viewBox=\"0 0 512 512\"><g id=\"Icon\"><g id=\"_65\"><path d=\"m418.4 288.9h-324.8c-6.8 0-11.7-5.5-14.7-16.4-1.5-5.7-2.3-11.2-2.3-16.4 0-5.3.8-10.8 2.3-16.4 3-11 7.9-16.4 14.7-16.4h324.9c6.8 0 11.7 5.5 14.7 16.4 1.5 5.7 2.3 11.1 2.3 16.4s-.8 10.8-2.3 16.4c-3 10.9-8 16.4-14.8 16.4z\"><\/path><\/g><\/g><\/svg>\t\t\t\t\t\t<\/span>\n\t\t\t\t\t\t\t\t\t\t<span class=\"elementor-icon-list-text\">Puigcerd\u00e0 i la Seu d'Urgell<\/span>\n\t\t\t\t\t\t\t\t\t<\/li>\n\t\t\t\t\t\t\t\t<li class=\"elementor-icon-list-item\">\n\t\t\t\t\t\t\t\t\t\t\t<span class=\"elementor-icon-list-icon\">\n\t\t\t\t\t\t\t<svg xmlns=\"http:\/\/www.w3.org\/2000\/svg\" id=\"Layer_2_00000035490491628794221700000012594640215456977582_\" viewBox=\"0 0 512 512\"><g id=\"Icon\"><g id=\"_65\"><path d=\"m418.4 288.9h-324.8c-6.8 0-11.7-5.5-14.7-16.4-1.5-5.7-2.3-11.2-2.3-16.4 0-5.3.8-10.8 2.3-16.4 3-11 7.9-16.4 14.7-16.4h324.9c6.8 0 11.7 5.5 14.7 16.4 1.5 5.7 2.3 11.1 2.3 16.4s-.8 10.8-2.3 16.4c-3 10.9-8 16.4-14.8 16.4z\"><\/path><\/g><\/g><\/svg>\t\t\t\t\t\t<\/span>\n\t\t\t\t\t\t\t\t\t\t<span class=\"elementor-icon-list-text\">Sitges i Vilanova i la Geltr\u00fa<\/span>\n\t\t\t\t\t\t\t\t\t<\/li>\n\t\t\t\t\t\t\t\t<li class=\"elementor-icon-list-item\">\n\t\t\t\t\t\t\t\t\t\t\t<span class=\"elementor-icon-list-icon\">\n\t\t\t\t\t\t\t<svg xmlns=\"http:\/\/www.w3.org\/2000\/svg\" id=\"Layer_2_00000035490491628794221700000012594640215456977582_\" viewBox=\"0 0 512 512\"><g id=\"Icon\"><g id=\"_65\"><path d=\"m418.4 288.9h-324.8c-6.8 0-11.7-5.5-14.7-16.4-1.5-5.7-2.3-11.2-2.3-16.4 0-5.3.8-10.8 2.3-16.4 3-11 7.9-16.4 14.7-16.4h324.9c6.8 0 11.7 5.5 14.7 16.4 1.5 5.7 2.3 11.1 2.3 16.4s-.8 10.8-2.3 16.4c-3 10.9-8 16.4-14.8 16.4z\"><\/path><\/g><\/g><\/svg>\t\t\t\t\t\t<\/span>\n\t\t\t\t\t\t\t\t\t\t<span class=\"elementor-icon-list-text\">Sant Cugat  <\/span>\n\t\t\t\t\t\t\t\t\t<\/li>\n\t\t\t\t\t\t\t\t<li class=\"elementor-icon-list-item\">\n\t\t\t\t\t\t\t\t\t\t\t<span class=\"elementor-icon-list-icon\">\n\t\t\t\t\t\t\t<svg xmlns=\"http:\/\/www.w3.org\/2000\/svg\" id=\"Layer_2_00000035490491628794221700000012594640215456977582_\" viewBox=\"0 0 512 512\"><g id=\"Icon\"><g id=\"_65\"><path d=\"m418.4 288.9h-324.8c-6.8 0-11.7-5.5-14.7-16.4-1.5-5.7-2.3-11.2-2.3-16.4 0-5.3.8-10.8 2.3-16.4 3-11 7.9-16.4 14.7-16.4h324.9c6.8 0 11.7 5.5 14.7 16.4 1.5 5.7 2.3 11.1 2.3 16.4s-.8 10.8-2.3 16.4c-3 10.9-8 16.4-14.8 16.4z\"><\/path><\/g><\/g><\/svg>\t\t\t\t\t\t<\/span>\n\t\t\t\t\t\t\t\t\t\t<span class=\"elementor-icon-list-text\">Terrassa<\/span>\n\t\t\t\t\t\t\t\t\t<\/li>\n\t\t\t\t\t\t\t\t<li class=\"elementor-icon-list-item\">\n\t\t\t\t\t\t\t\t\t\t\t<span class=\"elementor-icon-list-icon\">\n\t\t\t\t\t\t\t<svg xmlns=\"http:\/\/www.w3.org\/2000\/svg\" id=\"Layer_2_00000035490491628794221700000012594640215456977582_\" viewBox=\"0 0 512 512\"><g id=\"Icon\"><g id=\"_65\"><path d=\"m418.4 288.9h-324.8c-6.8 0-11.7-5.5-14.7-16.4-1.5-5.7-2.3-11.2-2.3-16.4 0-5.3.8-10.8 2.3-16.4 3-11 7.9-16.4 14.7-16.4h324.9c6.8 0 11.7 5.5 14.7 16.4 1.5 5.7 2.3 11.1 2.3 16.4s-.8 10.8-2.3 16.4c-3 10.9-8 16.4-14.8 16.4z\"><\/path><\/g><\/g><\/svg>\t\t\t\t\t\t<\/span>\n\t\t\t\t\t\t\t\t\t\t<span class=\"elementor-icon-list-text\">Tortosa<\/span>\n\t\t\t\t\t\t\t\t\t<\/li>\n\t\t\t\t\t\t<\/ul>\n\t\t\t\t\t\t<\/div>\n\t\t\t\t<\/div>\n\t\t\t\t<\/div>\n\t\t\t\t<\/div>\n\t\t<div class=\"elementor-element elementor-element-cb4b3e7 e-con-full e-flex e-con e-child\" data-id=\"cb4b3e7\" data-element_type=\"container\" data-e-type=\"container\">\n\t\t<div class=\"elementor-element elementor-element-4dc87cb e-con-full e-flex e-con e-child\" data-id=\"4dc87cb\" data-element_type=\"container\" data-e-type=\"container\">\n\t\t\t\t<div class=\"elementor-element elementor-element-bf13f0d dce_masking-none elementor-widget elementor-widget-image\" data-id=\"bf13f0d\" data-element_type=\"widget\" data-e-type=\"widget\" data-widget_type=\"image.default\">\n\t\t\t\t\t\t\t\t\t\t\t\t\t\t\t<img loading=\"lazy\" decoding=\"async\" width=\"1000\" height=\"667\" src=\"https:\/\/enjoycatalonia.com\/wp-content\/uploads\/2026\/02\/Cardona-web-privats.jpg\" class=\"attachment-full size-full wp-image-3887\" alt=\"\" srcset=\"https:\/\/enjoycatalonia.com\/wp-content\/uploads\/2026\/02\/Cardona-web-privats.jpg 1000w, https:\/\/enjoycatalonia.com\/wp-content\/uploads\/2026\/02\/Cardona-web-privats-600x400.jpg 600w, https:\/\/enjoycatalonia.com\/wp-content\/uploads\/2026\/02\/Cardona-web-privats-300x200.jpg 300w, https:\/\/enjoycatalonia.com\/wp-content\/uploads\/2026\/02\/Cardona-web-privats-768x512.jpg 768w\" sizes=\"(max-width: 1000px) 100vw, 1000px\" \/>\t\t\t\t\t\t\t\t\t\t\t\t\t\t\t<\/div>\n\t\t<div class=\"elementor-element elementor-element-1b35f41 e-con-full e-flex e-con e-child\" data-id=\"1b35f41\" data-element_type=\"container\" data-e-type=\"container\">\n\t\t\t\t<div class=\"elementor-element elementor-element-b920e53 elementor-widget elementor-widget-heading\" data-id=\"b920e53\" data-element_type=\"widget\" data-e-type=\"widget\" data-widget_type=\"heading.default\">\n\t\t\t\t\t<h2 class=\"elementor-heading-title elementor-size-default\">Castells i monestirs<\/h2>\t\t\t\t<\/div>\n\t\t\t\t<div class=\"elementor-element elementor-element-9ee5a7b elementor-widget elementor-widget-text-editor\" data-id=\"9ee5a7b\" data-element_type=\"widget\" data-e-type=\"widget\" data-widget_type=\"text-editor.default\">\n\t\t\t\t\t\t\t\t\t<div class=\"wpb_text_column wpb_content_element vc_custom_1750245892149\"><div class=\"wpb_wrapper\"><strong>Excursions d&#8217;un dia<\/strong> (hores a determinar) <strong>amb sortida des de Barcelona<\/strong> en exclusiva per a grups amb furgoneta o autocar privat per visitar els millors castells, monestirs, fortaleses i santuaris de Catalunya.<\/div><\/div>\t\t\t\t\t\t\t\t<\/div>\n\t\t\t\t<div class=\"elementor-element elementor-element-9438391 elementor-icon-list--layout-traditional elementor-list-item-link-full_width elementor-widget elementor-widget-icon-list\" data-id=\"9438391\" data-element_type=\"widget\" data-e-type=\"widget\" data-widget_type=\"icon-list.default\">\n\t\t\t\t\t\t\t<ul class=\"elementor-icon-list-items\">\n\t\t\t\t\t\t\t<li class=\"elementor-icon-list-item\">\n\t\t\t\t\t\t\t\t\t\t\t<span class=\"elementor-icon-list-icon\">\n\t\t\t\t\t\t\t<svg xmlns=\"http:\/\/www.w3.org\/2000\/svg\" id=\"Layer_2_00000035490491628794221700000012594640215456977582_\" viewBox=\"0 0 512 512\"><g id=\"Icon\"><g id=\"_65\"><path d=\"m418.4 288.9h-324.8c-6.8 0-11.7-5.5-14.7-16.4-1.5-5.7-2.3-11.2-2.3-16.4 0-5.3.8-10.8 2.3-16.4 3-11 7.9-16.4 14.7-16.4h324.9c6.8 0 11.7 5.5 14.7 16.4 1.5 5.7 2.3 11.1 2.3 16.4s-.8 10.8-2.3 16.4c-3 10.9-8 16.4-14.8 16.4z\"><\/path><\/g><\/g><\/svg>\t\t\t\t\t\t<\/span>\n\t\t\t\t\t\t\t\t\t\t<span class=\"elementor-icon-list-text\">Monestir de Montserrat<\/span>\n\t\t\t\t\t\t\t\t\t<\/li>\n\t\t\t\t\t\t\t\t<li class=\"elementor-icon-list-item\">\n\t\t\t\t\t\t\t\t\t\t\t<span class=\"elementor-icon-list-icon\">\n\t\t\t\t\t\t\t<svg xmlns=\"http:\/\/www.w3.org\/2000\/svg\" id=\"Layer_2_00000035490491628794221700000012594640215456977582_\" viewBox=\"0 0 512 512\"><g id=\"Icon\"><g id=\"_65\"><path d=\"m418.4 288.9h-324.8c-6.8 0-11.7-5.5-14.7-16.4-1.5-5.7-2.3-11.2-2.3-16.4 0-5.3.8-10.8 2.3-16.4 3-11 7.9-16.4 14.7-16.4h324.9c6.8 0 11.7 5.5 14.7 16.4 1.5 5.7 2.3 11.1 2.3 16.4s-.8 10.8-2.3 16.4c-3 10.9-8 16.4-14.8 16.4z\"><\/path><\/g><\/g><\/svg>\t\t\t\t\t\t<\/span>\n\t\t\t\t\t\t\t\t\t\t<span class=\"elementor-icon-list-text\">Monestirs de Poblet i Santes Creus<\/span>\n\t\t\t\t\t\t\t\t\t<\/li>\n\t\t\t\t\t\t\t\t<li class=\"elementor-icon-list-item\">\n\t\t\t\t\t\t\t\t\t\t\t<span class=\"elementor-icon-list-icon\">\n\t\t\t\t\t\t\t<svg xmlns=\"http:\/\/www.w3.org\/2000\/svg\" id=\"Layer_2_00000035490491628794221700000012594640215456977582_\" viewBox=\"0 0 512 512\"><g id=\"Icon\"><g id=\"_65\"><path d=\"m418.4 288.9h-324.8c-6.8 0-11.7-5.5-14.7-16.4-1.5-5.7-2.3-11.2-2.3-16.4 0-5.3.8-10.8 2.3-16.4 3-11 7.9-16.4 14.7-16.4h324.9c6.8 0 11.7 5.5 14.7 16.4 1.5 5.7 2.3 11.1 2.3 16.4s-.8 10.8-2.3 16.4c-3 10.9-8 16.4-14.8 16.4z\"><\/path><\/g><\/g><\/svg>\t\t\t\t\t\t<\/span>\n\t\t\t\t\t\t\t\t\t\t<span class=\"elementor-icon-list-text\">Cardona i S\u00faria<\/span>\n\t\t\t\t\t\t\t\t\t<\/li>\n\t\t\t\t\t\t\t\t<li class=\"elementor-icon-list-item\">\n\t\t\t\t\t\t\t\t\t\t\t<span class=\"elementor-icon-list-icon\">\n\t\t\t\t\t\t\t<svg xmlns=\"http:\/\/www.w3.org\/2000\/svg\" id=\"Layer_2_00000035490491628794221700000012594640215456977582_\" viewBox=\"0 0 512 512\"><g id=\"Icon\"><g id=\"_65\"><path d=\"m418.4 288.9h-324.8c-6.8 0-11.7-5.5-14.7-16.4-1.5-5.7-2.3-11.2-2.3-16.4 0-5.3.8-10.8 2.3-16.4 3-11 7.9-16.4 14.7-16.4h324.9c6.8 0 11.7 5.5 14.7 16.4 1.5 5.7 2.3 11.1 2.3 16.4s-.8 10.8-2.3 16.4c-3 10.9-8 16.4-14.8 16.4z\"><\/path><\/g><\/g><\/svg>\t\t\t\t\t\t<\/span>\n\t\t\t\t\t\t\t\t\t\t<span class=\"elementor-icon-list-text\">Mont Sant Benet i la Santa Cova de Manresa<\/span>\n\t\t\t\t\t\t\t\t\t<\/li>\n\t\t\t\t\t\t\t\t<li class=\"elementor-icon-list-item\">\n\t\t\t\t\t\t\t\t\t\t\t<span class=\"elementor-icon-list-icon\">\n\t\t\t\t\t\t\t<svg xmlns=\"http:\/\/www.w3.org\/2000\/svg\" id=\"Layer_2_00000035490491628794221700000012594640215456977582_\" viewBox=\"0 0 512 512\"><g id=\"Icon\"><g id=\"_65\"><path d=\"m418.4 288.9h-324.8c-6.8 0-11.7-5.5-14.7-16.4-1.5-5.7-2.3-11.2-2.3-16.4 0-5.3.8-10.8 2.3-16.4 3-11 7.9-16.4 14.7-16.4h324.9c6.8 0 11.7 5.5 14.7 16.4 1.5 5.7 2.3 11.1 2.3 16.4s-.8 10.8-2.3 16.4c-3 10.9-8 16.4-14.8 16.4z\"><\/path><\/g><\/g><\/svg>\t\t\t\t\t\t<\/span>\n\t\t\t\t\t\t\t\t\t\t<span class=\"elementor-icon-list-text\">Fortaleses d'Hostalric i Figueres<\/span>\n\t\t\t\t\t\t\t\t\t<\/li>\n\t\t\t\t\t\t\t\t<li class=\"elementor-icon-list-item\">\n\t\t\t\t\t\t\t\t\t\t\t<span class=\"elementor-icon-list-icon\">\n\t\t\t\t\t\t\t<svg xmlns=\"http:\/\/www.w3.org\/2000\/svg\" id=\"Layer_2_00000035490491628794221700000012594640215456977582_\" viewBox=\"0 0 512 512\"><g id=\"Icon\"><g id=\"_65\"><path d=\"m418.4 288.9h-324.8c-6.8 0-11.7-5.5-14.7-16.4-1.5-5.7-2.3-11.2-2.3-16.4 0-5.3.8-10.8 2.3-16.4 3-11 7.9-16.4 14.7-16.4h324.9c6.8 0 11.7 5.5 14.7 16.4 1.5 5.7 2.3 11.1 2.3 16.4s-.8 10.8-2.3 16.4c-3 10.9-8 16.4-14.8 16.4z\"><\/path><\/g><\/g><\/svg>\t\t\t\t\t\t<\/span>\n\t\t\t\t\t\t\t\t\t\t<span class=\"elementor-icon-list-text\">Castells de Miravet i Ulldecona<\/span>\n\t\t\t\t\t\t\t\t\t<\/li>\n\t\t\t\t\t\t\t\t<li class=\"elementor-icon-list-item\">\n\t\t\t\t\t\t\t\t\t\t\t<span class=\"elementor-icon-list-icon\">\n\t\t\t\t\t\t\t<svg xmlns=\"http:\/\/www.w3.org\/2000\/svg\" id=\"Layer_2_00000035490491628794221700000012594640215456977582_\" viewBox=\"0 0 512 512\"><g id=\"Icon\"><g id=\"_65\"><path d=\"m418.4 288.9h-324.8c-6.8 0-11.7-5.5-14.7-16.4-1.5-5.7-2.3-11.2-2.3-16.4 0-5.3.8-10.8 2.3-16.4 3-11 7.9-16.4 14.7-16.4h324.9c6.8 0 11.7 5.5 14.7 16.4 1.5 5.7 2.3 11.1 2.3 16.4s-.8 10.8-2.3 16.4c-3 10.9-8 16.4-14.8 16.4z\"><\/path><\/g><\/g><\/svg>\t\t\t\t\t\t<\/span>\n\t\t\t\t\t\t\t\t\t\t<span class=\"elementor-icon-list-text\">Castells de la Segarra<\/span>\n\t\t\t\t\t\t\t\t\t<\/li>\n\t\t\t\t\t\t\t\t<li class=\"elementor-icon-list-item\">\n\t\t\t\t\t\t\t\t\t\t\t<span class=\"elementor-icon-list-icon\">\n\t\t\t\t\t\t\t<svg xmlns=\"http:\/\/www.w3.org\/2000\/svg\" id=\"Layer_2_00000035490491628794221700000012594640215456977582_\" viewBox=\"0 0 512 512\"><g id=\"Icon\"><g id=\"_65\"><path d=\"m418.4 288.9h-324.8c-6.8 0-11.7-5.5-14.7-16.4-1.5-5.7-2.3-11.2-2.3-16.4 0-5.3.8-10.8 2.3-16.4 3-11 7.9-16.4 14.7-16.4h324.9c6.8 0 11.7 5.5 14.7 16.4 1.5 5.7 2.3 11.1 2.3 16.4s-.8 10.8-2.3 16.4c-3 10.9-8 16.4-14.8 16.4z\"><\/path><\/g><\/g><\/svg>\t\t\t\t\t\t<\/span>\n\t\t\t\t\t\t\t\t\t\t<span class=\"elementor-icon-list-text\">Castell de Montsoriu<\/span>\n\t\t\t\t\t\t\t\t\t<\/li>\n\t\t\t\t\t\t\t\t<li class=\"elementor-icon-list-item\">\n\t\t\t\t\t\t\t\t\t\t\t<span class=\"elementor-icon-list-icon\">\n\t\t\t\t\t\t\t<svg xmlns=\"http:\/\/www.w3.org\/2000\/svg\" id=\"Layer_2_00000035490491628794221700000012594640215456977582_\" viewBox=\"0 0 512 512\"><g id=\"Icon\"><g id=\"_65\"><path d=\"m418.4 288.9h-324.8c-6.8 0-11.7-5.5-14.7-16.4-1.5-5.7-2.3-11.2-2.3-16.4 0-5.3.8-10.8 2.3-16.4 3-11 7.9-16.4 14.7-16.4h324.9c6.8 0 11.7 5.5 14.7 16.4 1.5 5.7 2.3 11.1 2.3 16.4s-.8 10.8-2.3 16.4c-3 10.9-8 16.4-14.8 16.4z\"><\/path><\/g><\/g><\/svg>\t\t\t\t\t\t<\/span>\n\t\t\t\t\t\t\t\t\t\t<span class=\"elementor-icon-list-text\">Santuari del Miracle i Solsona<\/span>\n\t\t\t\t\t\t\t\t\t<\/li>\n\t\t\t\t\t\t\t\t<li class=\"elementor-icon-list-item\">\n\t\t\t\t\t\t\t\t\t\t\t<span class=\"elementor-icon-list-icon\">\n\t\t\t\t\t\t\t<svg xmlns=\"http:\/\/www.w3.org\/2000\/svg\" id=\"Layer_2_00000035490491628794221700000012594640215456977582_\" viewBox=\"0 0 512 512\"><g id=\"Icon\"><g id=\"_65\"><path d=\"m418.4 288.9h-324.8c-6.8 0-11.7-5.5-14.7-16.4-1.5-5.7-2.3-11.2-2.3-16.4 0-5.3.8-10.8 2.3-16.4 3-11 7.9-16.4 14.7-16.4h324.9c6.8 0 11.7 5.5 14.7 16.4 1.5 5.7 2.3 11.1 2.3 16.4s-.8 10.8-2.3 16.4c-3 10.9-8 16.4-14.8 16.4z\"><\/path><\/g><\/g><\/svg>\t\t\t\t\t\t<\/span>\n\t\t\t\t\t\t\t\t\t\t<span class=\"elementor-icon-list-text\">Can\u00f2nica de Vilabertr\u00e1n i Sant Pere de Rodes<\/span>\n\t\t\t\t\t\t\t\t\t<\/li>\n\t\t\t\t\t\t\t\t<li class=\"elementor-icon-list-item\">\n\t\t\t\t\t\t\t\t\t\t\t<span class=\"elementor-icon-list-icon\">\n\t\t\t\t\t\t\t<svg xmlns=\"http:\/\/www.w3.org\/2000\/svg\" id=\"Layer_2_00000035490491628794221700000012594640215456977582_\" viewBox=\"0 0 512 512\"><g id=\"Icon\"><g id=\"_65\"><path d=\"m418.4 288.9h-324.8c-6.8 0-11.7-5.5-14.7-16.4-1.5-5.7-2.3-11.2-2.3-16.4 0-5.3.8-10.8 2.3-16.4 3-11 7.9-16.4 14.7-16.4h324.9c6.8 0 11.7 5.5 14.7 16.4 1.5 5.7 2.3 11.1 2.3 16.4s-.8 10.8-2.3 16.4c-3 10.9-8 16.4-14.8 16.4z\"><\/path><\/g><\/g><\/svg>\t\t\t\t\t\t<\/span>\n\t\t\t\t\t\t\t\t\t\t<span class=\"elementor-icon-list-text\">Monestir de Sant Cugat i Seu d'Egara<\/span>\n\t\t\t\t\t\t\t\t\t<\/li>\n\t\t\t\t\t\t<\/ul>\n\t\t\t\t\t\t<\/div>\n\t\t\t\t<\/div>\n\t\t\t\t<\/div>\n\t\t<div class=\"elementor-element elementor-element-88d11c9 e-con-full e-flex e-con e-child\" data-id=\"88d11c9\" data-element_type=\"container\" data-e-type=\"container\">\n\t\t\t\t<div class=\"elementor-element elementor-element-f5bf074 dce_masking-none elementor-widget elementor-widget-image\" data-id=\"f5bf074\" data-element_type=\"widget\" data-e-type=\"widget\" data-widget_type=\"image.default\">\n\t\t\t\t\t\t\t\t\t\t\t\t\t\t\t<img loading=\"lazy\" decoding=\"async\" width=\"1000\" height=\"667\" src=\"https:\/\/enjoycatalonia.com\/wp-content\/uploads\/2026\/02\/Fabrica-web-privats.jpg\" class=\"attachment-full size-full wp-image-3888\" alt=\"\" srcset=\"https:\/\/enjoycatalonia.com\/wp-content\/uploads\/2026\/02\/Fabrica-web-privats.jpg 1000w, https:\/\/enjoycatalonia.com\/wp-content\/uploads\/2026\/02\/Fabrica-web-privats-600x400.jpg 600w, https:\/\/enjoycatalonia.com\/wp-content\/uploads\/2026\/02\/Fabrica-web-privats-300x200.jpg 300w, https:\/\/enjoycatalonia.com\/wp-content\/uploads\/2026\/02\/Fabrica-web-privats-768x512.jpg 768w\" sizes=\"(max-width: 1000px) 100vw, 1000px\" \/>\t\t\t\t\t\t\t\t\t\t\t\t\t\t\t<\/div>\n\t\t<div class=\"elementor-element elementor-element-1c0fc35 e-con-full e-flex e-con e-child\" data-id=\"1c0fc35\" data-element_type=\"container\" data-e-type=\"container\">\n\t\t\t\t<div class=\"elementor-element elementor-element-e9049d8 elementor-widget elementor-widget-heading\" data-id=\"e9049d8\" data-element_type=\"widget\" data-e-type=\"widget\" data-widget_type=\"heading.default\">\n\t\t\t\t\t<h2 class=\"elementor-heading-title elementor-size-default\">Patrimoni industrial<\/h2>\t\t\t\t<\/div>\n\t\t\t\t<div class=\"elementor-element elementor-element-fa14d25 elementor-widget elementor-widget-text-editor\" data-id=\"fa14d25\" data-element_type=\"widget\" data-e-type=\"widget\" data-widget_type=\"text-editor.default\">\n\t\t\t\t\t\t\t\t\t<div class=\"wpb_text_column wpb_content_element vc_custom_1750246094262\"><div class=\"wpb_wrapper\"><strong>Excursions d&#8217;un dia<\/strong> (durada a determinar) <strong>amb sortida des de Barcelona<\/strong> en exclusiva per a grups de furgoneta o autocar privat per descobrir el ric patrimoni industrial t\u00e8xtil i miner de Catalunya.<\/div><\/div>\t\t\t\t\t\t\t\t<\/div>\n\t\t\t\t<div class=\"elementor-element elementor-element-ee90ff3 elementor-icon-list--layout-traditional elementor-list-item-link-full_width elementor-widget elementor-widget-icon-list\" data-id=\"ee90ff3\" data-element_type=\"widget\" data-e-type=\"widget\" data-widget_type=\"icon-list.default\">\n\t\t\t\t\t\t\t<ul class=\"elementor-icon-list-items\">\n\t\t\t\t\t\t\t<li class=\"elementor-icon-list-item\">\n\t\t\t\t\t\t\t\t\t\t\t<span class=\"elementor-icon-list-icon\">\n\t\t\t\t\t\t\t<svg xmlns=\"http:\/\/www.w3.org\/2000\/svg\" id=\"Layer_2_00000035490491628794221700000012594640215456977582_\" viewBox=\"0 0 512 512\"><g id=\"Icon\"><g id=\"_65\"><path d=\"m418.4 288.9h-324.8c-6.8 0-11.7-5.5-14.7-16.4-1.5-5.7-2.3-11.2-2.3-16.4 0-5.3.8-10.8 2.3-16.4 3-11 7.9-16.4 14.7-16.4h324.9c6.8 0 11.7 5.5 14.7 16.4 1.5 5.7 2.3 11.1 2.3 16.4s-.8 10.8-2.3 16.4c-3 10.9-8 16.4-14.8 16.4z\"><\/path><\/g><\/g><\/svg>\t\t\t\t\t\t<\/span>\n\t\t\t\t\t\t\t\t\t\t<span class=\"elementor-icon-list-text\">Col\u00f2nia G\u00fcell<\/span>\n\t\t\t\t\t\t\t\t\t<\/li>\n\t\t\t\t\t\t\t\t<li class=\"elementor-icon-list-item\">\n\t\t\t\t\t\t\t\t\t\t\t<span class=\"elementor-icon-list-icon\">\n\t\t\t\t\t\t\t<svg xmlns=\"http:\/\/www.w3.org\/2000\/svg\" id=\"Layer_2_00000035490491628794221700000012594640215456977582_\" viewBox=\"0 0 512 512\"><g id=\"Icon\"><g id=\"_65\"><path d=\"m418.4 288.9h-324.8c-6.8 0-11.7-5.5-14.7-16.4-1.5-5.7-2.3-11.2-2.3-16.4 0-5.3.8-10.8 2.3-16.4 3-11 7.9-16.4 14.7-16.4h324.9c6.8 0 11.7 5.5 14.7 16.4 1.5 5.7 2.3 11.1 2.3 16.4s-.8 10.8-2.3 16.4c-3 10.9-8 16.4-14.8 16.4z\"><\/path><\/g><\/g><\/svg>\t\t\t\t\t\t<\/span>\n\t\t\t\t\t\t\t\t\t\t<span class=\"elementor-icon-list-text\">  Jardins Artigas i Museu del Ciment<\/span>\n\t\t\t\t\t\t\t\t\t<\/li>\n\t\t\t\t\t\t\t\t<li class=\"elementor-icon-list-item\">\n\t\t\t\t\t\t\t\t\t\t\t<span class=\"elementor-icon-list-icon\">\n\t\t\t\t\t\t\t<svg xmlns=\"http:\/\/www.w3.org\/2000\/svg\" id=\"Layer_2_00000035490491628794221700000012594640215456977582_\" viewBox=\"0 0 512 512\"><g id=\"Icon\"><g id=\"_65\"><path d=\"m418.4 288.9h-324.8c-6.8 0-11.7-5.5-14.7-16.4-1.5-5.7-2.3-11.2-2.3-16.4 0-5.3.8-10.8 2.3-16.4 3-11 7.9-16.4 14.7-16.4h324.9c6.8 0 11.7 5.5 14.7 16.4 1.5 5.7 2.3 11.1 2.3 16.4s-.8 10.8-2.3 16.4c-3 10.9-8 16.4-14.8 16.4z\"><\/path><\/g><\/g><\/svg>\t\t\t\t\t\t<\/span>\n\t\t\t\t\t\t\t\t\t\t<span class=\"elementor-icon-list-text\">S\u00faria i mines de sal de Cardona<\/span>\n\t\t\t\t\t\t\t\t\t<\/li>\n\t\t\t\t\t\t\t\t<li class=\"elementor-icon-list-item\">\n\t\t\t\t\t\t\t\t\t\t\t<span class=\"elementor-icon-list-icon\">\n\t\t\t\t\t\t\t<svg xmlns=\"http:\/\/www.w3.org\/2000\/svg\" id=\"Layer_2_00000035490491628794221700000012594640215456977582_\" viewBox=\"0 0 512 512\"><g id=\"Icon\"><g id=\"_65\"><path d=\"m418.4 288.9h-324.8c-6.8 0-11.7-5.5-14.7-16.4-1.5-5.7-2.3-11.2-2.3-16.4 0-5.3.8-10.8 2.3-16.4 3-11 7.9-16.4 14.7-16.4h324.9c6.8 0 11.7 5.5 14.7 16.4 1.5 5.7 2.3 11.1 2.3 16.4s-.8 10.8-2.3 16.4c-3 10.9-8 16.4-14.8 16.4z\"><\/path><\/g><\/g><\/svg>\t\t\t\t\t\t<\/span>\n\t\t\t\t\t\t\t\t\t\t<span class=\"elementor-icon-list-text\">Col\u00f2nia Vidal i Sallent<\/span>\n\t\t\t\t\t\t\t\t\t<\/li>\n\t\t\t\t\t\t\t\t<li class=\"elementor-icon-list-item\">\n\t\t\t\t\t\t\t\t\t\t\t<span class=\"elementor-icon-list-icon\">\n\t\t\t\t\t\t\t<svg xmlns=\"http:\/\/www.w3.org\/2000\/svg\" id=\"Layer_2_00000035490491628794221700000012594640215456977582_\" viewBox=\"0 0 512 512\"><g id=\"Icon\"><g id=\"_65\"><path d=\"m418.4 288.9h-324.8c-6.8 0-11.7-5.5-14.7-16.4-1.5-5.7-2.3-11.2-2.3-16.4 0-5.3.8-10.8 2.3-16.4 3-11 7.9-16.4 14.7-16.4h324.9c6.8 0 11.7 5.5 14.7 16.4 1.5 5.7 2.3 11.1 2.3 16.4s-.8 10.8-2.3 16.4c-3 10.9-8 16.4-14.8 16.4z\"><\/path><\/g><\/g><\/svg>\t\t\t\t\t\t<\/span>\n\t\t\t\t\t\t\t\t\t\t<span class=\"elementor-icon-list-text\">Berga i Museu de les Mines de Cercs<\/span>\n\t\t\t\t\t\t\t\t\t<\/li>\n\t\t\t\t\t\t\t\t<li class=\"elementor-icon-list-item\">\n\t\t\t\t\t\t\t\t\t\t\t<span class=\"elementor-icon-list-icon\">\n\t\t\t\t\t\t\t<svg xmlns=\"http:\/\/www.w3.org\/2000\/svg\" id=\"Layer_2_00000035490491628794221700000012594640215456977582_\" viewBox=\"0 0 512 512\"><g id=\"Icon\"><g id=\"_65\"><path d=\"m418.4 288.9h-324.8c-6.8 0-11.7-5.5-14.7-16.4-1.5-5.7-2.3-11.2-2.3-16.4 0-5.3.8-10.8 2.3-16.4 3-11 7.9-16.4 14.7-16.4h324.9c6.8 0 11.7 5.5 14.7 16.4 1.5 5.7 2.3 11.1 2.3 16.4s-.8 10.8-2.3 16.4c-3 10.9-8 16.4-14.8 16.4z\"><\/path><\/g><\/g><\/svg>\t\t\t\t\t\t<\/span>\n\t\t\t\t\t\t\t\t\t\t<span class=\"elementor-icon-list-text\">MNACTEC i Terrassa<\/span>\n\t\t\t\t\t\t\t\t\t<\/li>\n\t\t\t\t\t\t\t\t<li class=\"elementor-icon-list-item\">\n\t\t\t\t\t\t\t\t\t\t\t<span class=\"elementor-icon-list-icon\">\n\t\t\t\t\t\t\t<svg xmlns=\"http:\/\/www.w3.org\/2000\/svg\" id=\"Layer_2_00000035490491628794221700000012594640215456977582_\" viewBox=\"0 0 512 512\"><g id=\"Icon\"><g id=\"_65\"><path d=\"m418.4 288.9h-324.8c-6.8 0-11.7-5.5-14.7-16.4-1.5-5.7-2.3-11.2-2.3-16.4 0-5.3.8-10.8 2.3-16.4 3-11 7.9-16.4 14.7-16.4h324.9c6.8 0 11.7 5.5 14.7 16.4 1.5 5.7 2.3 11.1 2.3 16.4s-.8 10.8-2.3 16.4c-3 10.9-8 16.4-14.8 16.4z\"><\/path><\/g><\/g><\/svg>\t\t\t\t\t\t<\/span>\n\t\t\t\t\t\t\t\t\t\t<span class=\"elementor-icon-list-text\">Col\u00f2nia Rosi\u00f1ol i Vic<\/span>\n\t\t\t\t\t\t\t\t\t<\/li>\n\t\t\t\t\t\t\t\t<li class=\"elementor-icon-list-item\">\n\t\t\t\t\t\t\t\t\t\t\t<span class=\"elementor-icon-list-icon\">\n\t\t\t\t\t\t\t<svg xmlns=\"http:\/\/www.w3.org\/2000\/svg\" id=\"Layer_2_00000035490491628794221700000012594640215456977582_\" viewBox=\"0 0 512 512\"><g id=\"Icon\"><g id=\"_65\"><path d=\"m418.4 288.9h-324.8c-6.8 0-11.7-5.5-14.7-16.4-1.5-5.7-2.3-11.2-2.3-16.4 0-5.3.8-10.8 2.3-16.4 3-11 7.9-16.4 14.7-16.4h324.9c6.8 0 11.7 5.5 14.7 16.4 1.5 5.7 2.3 11.1 2.3 16.4s-.8 10.8-2.3 16.4c-3 10.9-8 16.4-14.8 16.4z\"><\/path><\/g><\/g><\/svg>\t\t\t\t\t\t<\/span>\n\t\t\t\t\t\t\t\t\t\t<span class=\"elementor-icon-list-text\">Igualada i Capellades<\/span>\n\t\t\t\t\t\t\t\t\t<\/li>\n\t\t\t\t\t\t<\/ul>\n\t\t\t\t\t\t<\/div>\n\t\t\t\t<\/div>\n\t\t\t\t<\/div>\n\t\t<div class=\"elementor-element elementor-element-49ef7bf e-con-full e-flex e-con e-child\" data-id=\"49ef7bf\" data-element_type=\"container\" data-e-type=\"container\">\n\t\t\t\t<div class=\"elementor-element elementor-element-6642962 dce_masking-none elementor-widget elementor-widget-image\" data-id=\"6642962\" data-element_type=\"widget\" data-e-type=\"widget\" data-widget_type=\"image.default\">\n\t\t\t\t\t\t\t\t\t\t\t\t\t\t\t<img loading=\"lazy\" decoding=\"async\" width=\"1000\" height=\"667\" src=\"https:\/\/enjoycatalonia.com\/wp-content\/uploads\/2026\/02\/Guerra-Civil-II-Belchite-web-privats.jpg\" class=\"attachment-full size-full wp-image-3889\" alt=\"\" srcset=\"https:\/\/enjoycatalonia.com\/wp-content\/uploads\/2026\/02\/Guerra-Civil-II-Belchite-web-privats.jpg 1000w, https:\/\/enjoycatalonia.com\/wp-content\/uploads\/2026\/02\/Guerra-Civil-II-Belchite-web-privats-600x400.jpg 600w, https:\/\/enjoycatalonia.com\/wp-content\/uploads\/2026\/02\/Guerra-Civil-II-Belchite-web-privats-300x200.jpg 300w, https:\/\/enjoycatalonia.com\/wp-content\/uploads\/2026\/02\/Guerra-Civil-II-Belchite-web-privats-768x512.jpg 768w\" sizes=\"(max-width: 1000px) 100vw, 1000px\" \/>\t\t\t\t\t\t\t\t\t\t\t\t\t\t\t<\/div>\n\t\t<div class=\"elementor-element elementor-element-12a5f5e e-con-full e-flex e-con e-child\" data-id=\"12a5f5e\" data-element_type=\"container\" data-e-type=\"container\">\n\t\t\t\t<div class=\"elementor-element elementor-element-b17c014 elementor-widget elementor-widget-heading\" data-id=\"b17c014\" data-element_type=\"widget\" data-e-type=\"widget\" data-widget_type=\"heading.default\">\n\t\t\t\t\t<h2 class=\"elementor-heading-title elementor-size-default\">Guerra Civil i exili<\/h2>\t\t\t\t<\/div>\n\t\t\t\t<div class=\"elementor-element elementor-element-83d1d1b elementor-widget elementor-widget-text-editor\" data-id=\"83d1d1b\" data-element_type=\"widget\" data-e-type=\"widget\" data-widget_type=\"text-editor.default\">\n\t\t\t\t\t\t\t\t\t<div class=\"wpb_text_column wpb_content_element vc_custom_1750246205479\"><div class=\"wpb_wrapper\"><strong>Excursions d&#8217;un dia<\/strong> (10 hores) <strong>amb sortida des de Barcelona<\/strong> en exclusiva per a grups amb furgoneta o autocar privat per visitar espais relacionats amb la Guerra Civil i l&#8217;exili republic\u00e0.<\/div><\/div>\t\t\t\t\t\t\t\t<\/div>\n\t\t\t\t<div class=\"elementor-element elementor-element-286a32a elementor-icon-list--layout-traditional elementor-list-item-link-full_width elementor-widget elementor-widget-icon-list\" data-id=\"286a32a\" data-element_type=\"widget\" data-e-type=\"widget\" data-widget_type=\"icon-list.default\">\n\t\t\t\t\t\t\t<ul class=\"elementor-icon-list-items\">\n\t\t\t\t\t\t\t<li class=\"elementor-icon-list-item\">\n\t\t\t\t\t\t\t\t\t\t\t<span class=\"elementor-icon-list-icon\">\n\t\t\t\t\t\t\t<svg xmlns=\"http:\/\/www.w3.org\/2000\/svg\" id=\"Layer_2_00000035490491628794221700000012594640215456977582_\" viewBox=\"0 0 512 512\"><g id=\"Icon\"><g id=\"_65\"><path d=\"m418.4 288.9h-324.8c-6.8 0-11.7-5.5-14.7-16.4-1.5-5.7-2.3-11.2-2.3-16.4 0-5.3.8-10.8 2.3-16.4 3-11 7.9-16.4 14.7-16.4h324.9c6.8 0 11.7 5.5 14.7 16.4 1.5 5.7 2.3 11.1 2.3 16.4s-.8 10.8-2.3 16.4c-3 10.9-8 16.4-14.8 16.4z\"><\/path><\/g><\/g><\/svg>\t\t\t\t\t\t<\/span>\n\t\t\t\t\t\t\t\t\t\t<span class=\"elementor-icon-list-text\">Maternitat d'Elna i Cotlliure (opci\u00f3 de visitar el Memorial del Camp de Ribesaltes)<\/span>\n\t\t\t\t\t\t\t\t\t<\/li>\n\t\t\t\t\t\t\t\t<li class=\"elementor-icon-list-item\">\n\t\t\t\t\t\t\t\t\t\t\t<span class=\"elementor-icon-list-icon\">\n\t\t\t\t\t\t\t<svg xmlns=\"http:\/\/www.w3.org\/2000\/svg\" id=\"Layer_2_00000035490491628794221700000012594640215456977582_\" viewBox=\"0 0 512 512\"><g id=\"Icon\"><g id=\"_65\"><path d=\"m418.4 288.9h-324.8c-6.8 0-11.7-5.5-14.7-16.4-1.5-5.7-2.3-11.2-2.3-16.4 0-5.3.8-10.8 2.3-16.4 3-11 7.9-16.4 14.7-16.4h324.9c6.8 0 11.7 5.5 14.7 16.4 1.5 5.7 2.3 11.1 2.3 16.4s-.8 10.8-2.3 16.4c-3 10.9-8 16.4-14.8 16.4z\"><\/path><\/g><\/g><\/svg>\t\t\t\t\t\t<\/span>\n\t\t\t\t\t\t\t\t\t\t<span class=\"elementor-icon-list-text\">Agullana, La Vajol i el Museu Memorial de l'Exili (MUME)  <\/span>\n\t\t\t\t\t\t\t\t\t<\/li>\n\t\t\t\t\t\t\t\t<li class=\"elementor-icon-list-item\">\n\t\t\t\t\t\t\t\t\t\t\t<span class=\"elementor-icon-list-icon\">\n\t\t\t\t\t\t\t<svg xmlns=\"http:\/\/www.w3.org\/2000\/svg\" id=\"Layer_2_00000035490491628794221700000012594640215456977582_\" viewBox=\"0 0 512 512\"><g id=\"Icon\"><g id=\"_65\"><path d=\"m418.4 288.9h-324.8c-6.8 0-11.7-5.5-14.7-16.4-1.5-5.7-2.3-11.2-2.3-16.4 0-5.3.8-10.8 2.3-16.4 3-11 7.9-16.4 14.7-16.4h324.9c6.8 0 11.7 5.5 14.7 16.4 1.5 5.7 2.3 11.1 2.3 16.4s-.8 10.8-2.3 16.4c-3 10.9-8 16.4-14.8 16.4z\"><\/path><\/g><\/g><\/svg>\t\t\t\t\t\t<\/span>\n\t\t\t\t\t\t\t\t\t\t<span class=\"elementor-icon-list-text\">Camprodon, Moll\u00f3 i Prats de Moll\u00f3<\/span>\n\t\t\t\t\t\t\t\t\t<\/li>\n\t\t\t\t\t\t\t\t<li class=\"elementor-icon-list-item\">\n\t\t\t\t\t\t\t\t\t\t\t<span class=\"elementor-icon-list-icon\">\n\t\t\t\t\t\t\t<svg xmlns=\"http:\/\/www.w3.org\/2000\/svg\" id=\"Layer_2_00000035490491628794221700000012594640215456977582_\" viewBox=\"0 0 512 512\"><g id=\"Icon\"><g id=\"_65\"><path d=\"m418.4 288.9h-324.8c-6.8 0-11.7-5.5-14.7-16.4-1.5-5.7-2.3-11.2-2.3-16.4 0-5.3.8-10.8 2.3-16.4 3-11 7.9-16.4 14.7-16.4h324.9c6.8 0 11.7 5.5 14.7 16.4 1.5 5.7 2.3 11.1 2.3 16.4s-.8 10.8-2.3 16.4c-3 10.9-8 16.4-14.8 16.4z\"><\/path><\/g><\/g><\/svg>\t\t\t\t\t\t<\/span>\n\t\t\t\t\t\t\t\t\t\t<span class=\"elementor-icon-list-text\">Corbera d'Ebre, Gandesa i Miravet<\/span>\n\t\t\t\t\t\t\t\t\t<\/li>\n\t\t\t\t\t\t\t\t<li class=\"elementor-icon-list-item\">\n\t\t\t\t\t\t\t\t\t\t\t<span class=\"elementor-icon-list-icon\">\n\t\t\t\t\t\t\t<svg xmlns=\"http:\/\/www.w3.org\/2000\/svg\" id=\"Layer_2_00000035490491628794221700000012594640215456977582_\" viewBox=\"0 0 512 512\"><g id=\"Icon\"><g id=\"_65\"><path d=\"m418.4 288.9h-324.8c-6.8 0-11.7-5.5-14.7-16.4-1.5-5.7-2.3-11.2-2.3-16.4 0-5.3.8-10.8 2.3-16.4 3-11 7.9-16.4 14.7-16.4h324.9c6.8 0 11.7 5.5 14.7 16.4 1.5 5.7 2.3 11.1 2.3 16.4s-.8 10.8-2.3 16.4c-3 10.9-8 16.4-14.8 16.4z\"><\/path><\/g><\/g><\/svg>\t\t\t\t\t\t<\/span>\n\t\t\t\t\t\t\t\t\t\t<span class=\"elementor-icon-list-text\">Corbera d'Ebre i Belchite (a Arag\u00f3)<\/span>\n\t\t\t\t\t\t\t\t\t<\/li>\n\t\t\t\t\t\t<\/ul>\n\t\t\t\t\t\t<\/div>\n\t\t\t\t<\/div>\n\t\t\t\t<\/div>\n\t\t\t\t<\/div>\n\t\t<div class=\"elementor-element elementor-element-fab0b64 e-con-full e-flex e-con e-child\" data-id=\"fab0b64\" data-element_type=\"container\" data-e-type=\"container\">\n\t\t<div class=\"elementor-element elementor-element-93a500a e-con-full e-flex e-con e-child\" data-id=\"93a500a\" data-element_type=\"container\" data-e-type=\"container\">\n\t\t\t\t<div class=\"elementor-element elementor-element-78f25c3 dce_masking-none elementor-widget elementor-widget-image\" data-id=\"78f25c3\" data-element_type=\"widget\" data-e-type=\"widget\" data-widget_type=\"image.default\">\n\t\t\t\t\t\t\t\t\t\t\t\t\t\t\t<img loading=\"lazy\" decoding=\"async\" width=\"1000\" height=\"667\" src=\"https:\/\/enjoycatalonia.com\/wp-content\/uploads\/2026\/02\/Dali-Portlligat.jpg\" class=\"attachment-full size-full wp-image-3890\" alt=\"\" srcset=\"https:\/\/enjoycatalonia.com\/wp-content\/uploads\/2026\/02\/Dali-Portlligat.jpg 1000w, https:\/\/enjoycatalonia.com\/wp-content\/uploads\/2026\/02\/Dali-Portlligat-600x400.jpg 600w, https:\/\/enjoycatalonia.com\/wp-content\/uploads\/2026\/02\/Dali-Portlligat-300x200.jpg 300w, https:\/\/enjoycatalonia.com\/wp-content\/uploads\/2026\/02\/Dali-Portlligat-768x512.jpg 768w\" sizes=\"(max-width: 1000px) 100vw, 1000px\" \/>\t\t\t\t\t\t\t\t\t\t\t\t\t\t\t<\/div>\n\t\t<div class=\"elementor-element elementor-element-3136a78 e-con-full e-flex e-con e-child\" data-id=\"3136a78\" data-element_type=\"container\" data-e-type=\"container\">\n\t\t\t\t<div class=\"elementor-element elementor-element-e15f805 elementor-widget elementor-widget-heading\" data-id=\"e15f805\" data-element_type=\"widget\" data-e-type=\"widget\" data-widget_type=\"heading.default\">\n\t\t\t\t\t<h2 class=\"elementor-heading-title elementor-size-default\">Artistes universals<\/h2>\t\t\t\t<\/div>\n\t\t\t\t<div class=\"elementor-element elementor-element-6fb93b6 elementor-widget elementor-widget-text-editor\" data-id=\"6fb93b6\" data-element_type=\"widget\" data-e-type=\"widget\" data-widget_type=\"text-editor.default\">\n\t\t\t\t\t\t\t\t\t<div class=\"wpb_text_column wpb_content_element vc_custom_1750245892149\"><div class=\"wpb_wrapper\"><div class=\"wpb_text_column wpb_content_element vc_custom_1750246218718\"><div class=\"wpb_wrapper\"><p><strong>Excursions d\u00b4un dia<\/strong> (10 hores) <strong>amb sortida des de Barcelona<\/strong> en exclusiva per a grups amb furgoneta o autocar privat per visitar pobles i llocs vinculats als nostres grans artistes i escriptors.<\/p><\/div><\/div><\/div><\/div>\t\t\t\t\t\t\t\t<\/div>\n\t\t\t\t<div class=\"elementor-element elementor-element-4107acd elementor-icon-list--layout-traditional elementor-list-item-link-full_width elementor-widget elementor-widget-icon-list\" data-id=\"4107acd\" data-element_type=\"widget\" data-e-type=\"widget\" data-widget_type=\"icon-list.default\">\n\t\t\t\t\t\t\t<ul class=\"elementor-icon-list-items\">\n\t\t\t\t\t\t\t<li class=\"elementor-icon-list-item\">\n\t\t\t\t\t\t\t\t\t\t\t<span class=\"elementor-icon-list-icon\">\n\t\t\t\t\t\t\t<svg xmlns=\"http:\/\/www.w3.org\/2000\/svg\" id=\"Layer_2_00000035490491628794221700000012594640215456977582_\" viewBox=\"0 0 512 512\"><g id=\"Icon\"><g id=\"_65\"><path d=\"m418.4 288.9h-324.8c-6.8 0-11.7-5.5-14.7-16.4-1.5-5.7-2.3-11.2-2.3-16.4 0-5.3.8-10.8 2.3-16.4 3-11 7.9-16.4 14.7-16.4h324.9c6.8 0 11.7 5.5 14.7 16.4 1.5 5.7 2.3 11.1 2.3 16.4s-.8 10.8-2.3 16.4c-3 10.9-8 16.4-14.8 16.4z\"><\/path><\/g><\/g><\/svg>\t\t\t\t\t\t<\/span>\n\t\t\t\t\t\t\t\t\t\t<span class=\"elementor-icon-list-text\">El triangle dalini\u00e0: Figueres, P\u00fabol i PortLligat<\/span>\n\t\t\t\t\t\t\t\t\t<\/li>\n\t\t\t\t\t\t\t\t<li class=\"elementor-icon-list-item\">\n\t\t\t\t\t\t\t\t\t\t\t<span class=\"elementor-icon-list-icon\">\n\t\t\t\t\t\t\t<svg xmlns=\"http:\/\/www.w3.org\/2000\/svg\" id=\"Layer_2_00000035490491628794221700000012594640215456977582_\" viewBox=\"0 0 512 512\"><g id=\"Icon\"><g id=\"_65\"><path d=\"m418.4 288.9h-324.8c-6.8 0-11.7-5.5-14.7-16.4-1.5-5.7-2.3-11.2-2.3-16.4 0-5.3.8-10.8 2.3-16.4 3-11 7.9-16.4 14.7-16.4h324.9c6.8 0 11.7 5.5 14.7 16.4 1.5 5.7 2.3 11.1 2.3 16.4s-.8 10.8-2.3 16.4c-3 10.9-8 16.4-14.8 16.4z\"><\/path><\/g><\/g><\/svg>\t\t\t\t\t\t<\/span>\n\t\t\t\t\t\t\t\t\t\t<span class=\"elementor-icon-list-text\">L'Empord\u00e0 de Josep Pla<\/span>\n\t\t\t\t\t\t\t\t\t<\/li>\n\t\t\t\t\t\t\t\t<li class=\"elementor-icon-list-item\">\n\t\t\t\t\t\t\t\t\t\t\t<span class=\"elementor-icon-list-icon\">\n\t\t\t\t\t\t\t<svg xmlns=\"http:\/\/www.w3.org\/2000\/svg\" id=\"Layer_2_00000035490491628794221700000012594640215456977582_\" viewBox=\"0 0 512 512\"><g id=\"Icon\"><g id=\"_65\"><path d=\"m418.4 288.9h-324.8c-6.8 0-11.7-5.5-14.7-16.4-1.5-5.7-2.3-11.2-2.3-16.4 0-5.3.8-10.8 2.3-16.4 3-11 7.9-16.4 14.7-16.4h324.9c6.8 0 11.7 5.5 14.7 16.4 1.5 5.7 2.3 11.1 2.3 16.4s-.8 10.8-2.3 16.4c-3 10.9-8 16.4-14.8 16.4z\"><\/path><\/g><\/g><\/svg>\t\t\t\t\t\t<\/span>\n\t\t\t\t\t\t\t\t\t\t<span class=\"elementor-icon-list-text\">Picasso a Horta de Sant Joan<\/span>\n\t\t\t\t\t\t\t\t\t<\/li>\n\t\t\t\t\t\t\t\t<li class=\"elementor-icon-list-item\">\n\t\t\t\t\t\t\t\t\t\t\t<span class=\"elementor-icon-list-icon\">\n\t\t\t\t\t\t\t<svg xmlns=\"http:\/\/www.w3.org\/2000\/svg\" id=\"Layer_2_00000035490491628794221700000012594640215456977582_\" viewBox=\"0 0 512 512\"><g id=\"Icon\"><g id=\"_65\"><path d=\"m418.4 288.9h-324.8c-6.8 0-11.7-5.5-14.7-16.4-1.5-5.7-2.3-11.2-2.3-16.4 0-5.3.8-10.8 2.3-16.4 3-11 7.9-16.4 14.7-16.4h324.9c6.8 0 11.7 5.5 14.7 16.4 1.5 5.7 2.3 11.1 2.3 16.4s-.8 10.8-2.3 16.4c-3 10.9-8 16.4-14.8 16.4z\"><\/path><\/g><\/g><\/svg>\t\t\t\t\t\t<\/span>\n\t\t\t\t\t\t\t\t\t\t<span class=\"elementor-icon-list-text\">Picasso a G\u00f3sol<\/span>\n\t\t\t\t\t\t\t\t\t<\/li>\n\t\t\t\t\t\t\t\t<li class=\"elementor-icon-list-item\">\n\t\t\t\t\t\t\t\t\t\t\t<span class=\"elementor-icon-list-icon\">\n\t\t\t\t\t\t\t<svg xmlns=\"http:\/\/www.w3.org\/2000\/svg\" id=\"Layer_2_00000035490491628794221700000012594640215456977582_\" viewBox=\"0 0 512 512\"><g id=\"Icon\"><g id=\"_65\"><path d=\"m418.4 288.9h-324.8c-6.8 0-11.7-5.5-14.7-16.4-1.5-5.7-2.3-11.2-2.3-16.4 0-5.3.8-10.8 2.3-16.4 3-11 7.9-16.4 14.7-16.4h324.9c6.8 0 11.7 5.5 14.7 16.4 1.5 5.7 2.3 11.1 2.3 16.4s-.8 10.8-2.3 16.4c-3 10.9-8 16.4-14.8 16.4z\"><\/path><\/g><\/g><\/svg>\t\t\t\t\t\t<\/span>\n\t\t\t\t\t\t\t\t\t\t<span class=\"elementor-icon-list-text\">Va mirar a Mont-roig i la seva Masia<\/span>\n\t\t\t\t\t\t\t\t\t<\/li>\n\t\t\t\t\t\t\t\t<li class=\"elementor-icon-list-item\">\n\t\t\t\t\t\t\t\t\t\t\t<span class=\"elementor-icon-list-icon\">\n\t\t\t\t\t\t\t<svg xmlns=\"http:\/\/www.w3.org\/2000\/svg\" id=\"Layer_2_00000035490491628794221700000012594640215456977582_\" viewBox=\"0 0 512 512\"><g id=\"Icon\"><g id=\"_65\"><path d=\"m418.4 288.9h-324.8c-6.8 0-11.7-5.5-14.7-16.4-1.5-5.7-2.3-11.2-2.3-16.4 0-5.3.8-10.8 2.3-16.4 3-11 7.9-16.4 14.7-16.4h324.9c6.8 0 11.7 5.5 14.7 16.4 1.5 5.7 2.3 11.1 2.3 16.4s-.8 10.8-2.3 16.4c-3 10.9-8 16.4-14.8 16.4z\"><\/path><\/g><\/g><\/svg>\t\t\t\t\t\t<\/span>\n\t\t\t\t\t\t\t\t\t\t<span class=\"elementor-icon-list-text\">Manolo Hugu\u00e9 a Caldes de Montbu\u00ed<\/span>\n\t\t\t\t\t\t\t\t\t<\/li>\n\t\t\t\t\t\t\t\t<li class=\"elementor-icon-list-item\">\n\t\t\t\t\t\t\t\t\t\t\t<span class=\"elementor-icon-list-icon\">\n\t\t\t\t\t\t\t<svg xmlns=\"http:\/\/www.w3.org\/2000\/svg\" id=\"Layer_2_00000035490491628794221700000012594640215456977582_\" viewBox=\"0 0 512 512\"><g id=\"Icon\"><g id=\"_65\"><path d=\"m418.4 288.9h-324.8c-6.8 0-11.7-5.5-14.7-16.4-1.5-5.7-2.3-11.2-2.3-16.4 0-5.3.8-10.8 2.3-16.4 3-11 7.9-16.4 14.7-16.4h324.9c6.8 0 11.7 5.5 14.7 16.4 1.5 5.7 2.3 11.1 2.3 16.4s-.8 10.8-2.3 16.4c-3 10.9-8 16.4-14.8 16.4z\"><\/path><\/g><\/g><\/svg>\t\t\t\t\t\t<\/span>\n\t\t\t\t\t\t\t\t\t\t<span class=\"elementor-icon-list-text\">Carles Fontser\u00e8 i Banyoles<\/span>\n\t\t\t\t\t\t\t\t\t<\/li>\n\t\t\t\t\t\t\t\t<li class=\"elementor-icon-list-item\">\n\t\t\t\t\t\t\t\t\t\t\t<span class=\"elementor-icon-list-icon\">\n\t\t\t\t\t\t\t<svg xmlns=\"http:\/\/www.w3.org\/2000\/svg\" id=\"Layer_2_00000035490491628794221700000012594640215456977582_\" viewBox=\"0 0 512 512\"><g id=\"Icon\"><g id=\"_65\"><path d=\"m418.4 288.9h-324.8c-6.8 0-11.7-5.5-14.7-16.4-1.5-5.7-2.3-11.2-2.3-16.4 0-5.3.8-10.8 2.3-16.4 3-11 7.9-16.4 14.7-16.4h324.9c6.8 0 11.7 5.5 14.7 16.4 1.5 5.7 2.3 11.1 2.3 16.4s-.8 10.8-2.3 16.4c-3 10.9-8 16.4-14.8 16.4z\"><\/path><\/g><\/g><\/svg>\t\t\t\t\t\t<\/span>\n\t\t\t\t\t\t\t\t\t\t<span class=\"elementor-icon-list-text\">Aristides Mayol i Banyuls  <\/span>\n\t\t\t\t\t\t\t\t\t<\/li>\n\t\t\t\t\t\t<\/ul>\n\t\t\t\t\t\t<\/div>\n\t\t\t\t<\/div>\n\t\t\t\t<\/div>\n\t\t<div class=\"elementor-element elementor-element-61a7b3c e-con-full e-flex e-con e-child\" data-id=\"61a7b3c\" data-element_type=\"container\" data-e-type=\"container\">\n\t\t\t\t<div class=\"elementor-element elementor-element-2c51f50 dce_masking-none elementor-widget elementor-widget-image\" data-id=\"2c51f50\" data-element_type=\"widget\" data-e-type=\"widget\" data-widget_type=\"image.default\">\n\t\t\t\t\t\t\t\t\t\t\t\t\t\t\t<img loading=\"lazy\" decoding=\"async\" width=\"1000\" height=\"667\" src=\"https:\/\/enjoycatalonia.com\/wp-content\/uploads\/2026\/02\/Castellers-web-privats.jpg\" class=\"attachment-full size-full wp-image-3891\" alt=\"\" srcset=\"https:\/\/enjoycatalonia.com\/wp-content\/uploads\/2026\/02\/Castellers-web-privats.jpg 1000w, https:\/\/enjoycatalonia.com\/wp-content\/uploads\/2026\/02\/Castellers-web-privats-600x400.jpg 600w, https:\/\/enjoycatalonia.com\/wp-content\/uploads\/2026\/02\/Castellers-web-privats-300x200.jpg 300w, https:\/\/enjoycatalonia.com\/wp-content\/uploads\/2026\/02\/Castellers-web-privats-768x512.jpg 768w\" sizes=\"(max-width: 1000px) 100vw, 1000px\" \/>\t\t\t\t\t\t\t\t\t\t\t\t\t\t\t<\/div>\n\t\t<div class=\"elementor-element elementor-element-5b0d9ba e-con-full e-flex e-con e-child\" data-id=\"5b0d9ba\" data-element_type=\"container\" data-e-type=\"container\">\n\t\t\t\t<div class=\"elementor-element elementor-element-a06a3f5 elementor-widget elementor-widget-heading\" data-id=\"a06a3f5\" data-element_type=\"widget\" data-e-type=\"widget\" data-widget_type=\"heading.default\">\n\t\t\t\t\t<h2 class=\"elementor-heading-title elementor-size-default\">Festes i tradicions<\/h2>\t\t\t\t<\/div>\n\t\t\t\t<div class=\"elementor-element elementor-element-1520678 elementor-widget elementor-widget-text-editor\" data-id=\"1520678\" data-element_type=\"widget\" data-e-type=\"widget\" data-widget_type=\"text-editor.default\">\n\t\t\t\t\t\t\t\t\t<div class=\"wpb_text_column wpb_content_element vc_custom_1750246094262\"><div class=\"wpb_wrapper\"><div class=\"wpb_text_column wpb_content_element vc_custom_1750246233978\"><div class=\"wpb_wrapper\"><p><strong>Excursions d\u00b4un dia<\/strong> (durada a determinar) <strong>amb sortida des de Barcelona<\/strong> en exclusiva per a grups amb furgoneta o autocar privat per gaudir de les millors festivitats, fires i tradicions de Catalunya.<\/p><\/div><\/div><\/div><\/div>\t\t\t\t\t\t\t\t<\/div>\n\t\t\t\t<div class=\"elementor-element elementor-element-1affb59 elementor-icon-list--layout-traditional elementor-list-item-link-full_width elementor-widget elementor-widget-icon-list\" data-id=\"1affb59\" data-element_type=\"widget\" data-e-type=\"widget\" data-widget_type=\"icon-list.default\">\n\t\t\t\t\t\t\t<ul class=\"elementor-icon-list-items\">\n\t\t\t\t\t\t\t<li class=\"elementor-icon-list-item\">\n\t\t\t\t\t\t\t\t\t\t\t<span class=\"elementor-icon-list-icon\">\n\t\t\t\t\t\t\t<svg xmlns=\"http:\/\/www.w3.org\/2000\/svg\" id=\"Layer_2_00000035490491628794221700000012594640215456977582_\" viewBox=\"0 0 512 512\"><g id=\"Icon\"><g id=\"_65\"><path d=\"m418.4 288.9h-324.8c-6.8 0-11.7-5.5-14.7-16.4-1.5-5.7-2.3-11.2-2.3-16.4 0-5.3.8-10.8 2.3-16.4 3-11 7.9-16.4 14.7-16.4h324.9c6.8 0 11.7 5.5 14.7 16.4 1.5 5.7 2.3 11.1 2.3 16.4s-.8 10.8-2.3 16.4c-3 10.9-8 16.4-14.8 16.4z\"><\/path><\/g><\/g><\/svg>\t\t\t\t\t\t<\/span>\n\t\t\t\t\t\t\t\t\t\t<span class=\"elementor-icon-list-text\">Mercat medieval de Vic<\/span>\n\t\t\t\t\t\t\t\t\t<\/li>\n\t\t\t\t\t\t\t\t<li class=\"elementor-icon-list-item\">\n\t\t\t\t\t\t\t\t\t\t\t<span class=\"elementor-icon-list-icon\">\n\t\t\t\t\t\t\t<svg xmlns=\"http:\/\/www.w3.org\/2000\/svg\" id=\"Layer_2_00000035490491628794221700000012594640215456977582_\" viewBox=\"0 0 512 512\"><g id=\"Icon\"><g id=\"_65\"><path d=\"m418.4 288.9h-324.8c-6.8 0-11.7-5.5-14.7-16.4-1.5-5.7-2.3-11.2-2.3-16.4 0-5.3.8-10.8 2.3-16.4 3-11 7.9-16.4 14.7-16.4h324.9c6.8 0 11.7 5.5 14.7 16.4 1.5 5.7 2.3 11.1 2.3 16.4s-.8 10.8-2.3 16.4c-3 10.9-8 16.4-14.8 16.4z\"><\/path><\/g><\/g><\/svg>\t\t\t\t\t\t<\/span>\n\t\t\t\t\t\t\t\t\t\t<span class=\"elementor-icon-list-text\">Girona Temps de Flors<\/span>\n\t\t\t\t\t\t\t\t\t<\/li>\n\t\t\t\t\t\t\t\t<li class=\"elementor-icon-list-item\">\n\t\t\t\t\t\t\t\t\t\t\t<span class=\"elementor-icon-list-icon\">\n\t\t\t\t\t\t\t<svg xmlns=\"http:\/\/www.w3.org\/2000\/svg\" id=\"Layer_2_00000035490491628794221700000012594640215456977582_\" viewBox=\"0 0 512 512\"><g id=\"Icon\"><g id=\"_65\"><path d=\"m418.4 288.9h-324.8c-6.8 0-11.7-5.5-14.7-16.4-1.5-5.7-2.3-11.2-2.3-16.4 0-5.3.8-10.8 2.3-16.4 3-11 7.9-16.4 14.7-16.4h324.9c6.8 0 11.7 5.5 14.7 16.4 1.5 5.7 2.3 11.1 2.3 16.4s-.8 10.8-2.3 16.4c-3 10.9-8 16.4-14.8 16.4z\"><\/path><\/g><\/g><\/svg>\t\t\t\t\t\t<\/span>\n\t\t\t\t\t\t\t\t\t\t<span class=\"elementor-icon-list-text\">La Patum de Berga<\/span>\n\t\t\t\t\t\t\t\t\t<\/li>\n\t\t\t\t\t\t\t\t<li class=\"elementor-icon-list-item\">\n\t\t\t\t\t\t\t\t\t\t\t<span class=\"elementor-icon-list-icon\">\n\t\t\t\t\t\t\t<svg xmlns=\"http:\/\/www.w3.org\/2000\/svg\" id=\"Layer_2_00000035490491628794221700000012594640215456977582_\" viewBox=\"0 0 512 512\"><g id=\"Icon\"><g id=\"_65\"><path d=\"m418.4 288.9h-324.8c-6.8 0-11.7-5.5-14.7-16.4-1.5-5.7-2.3-11.2-2.3-16.4 0-5.3.8-10.8 2.3-16.4 3-11 7.9-16.4 14.7-16.4h324.9c6.8 0 11.7 5.5 14.7 16.4 1.5 5.7 2.3 11.1 2.3 16.4s-.8 10.8-2.3 16.4c-3 10.9-8 16.4-14.8 16.4z\"><\/path><\/g><\/g><\/svg>\t\t\t\t\t\t<\/span>\n\t\t\t\t\t\t\t\t\t\t<span class=\"elementor-icon-list-text\">Aplec del Caracol de Lleida<\/span>\n\t\t\t\t\t\t\t\t\t<\/li>\n\t\t\t\t\t\t\t\t<li class=\"elementor-icon-list-item\">\n\t\t\t\t\t\t\t\t\t\t\t<span class=\"elementor-icon-list-icon\">\n\t\t\t\t\t\t\t<svg xmlns=\"http:\/\/www.w3.org\/2000\/svg\" id=\"Layer_2_00000035490491628794221700000012594640215456977582_\" viewBox=\"0 0 512 512\"><g id=\"Icon\"><g id=\"_65\"><path d=\"m418.4 288.9h-324.8c-6.8 0-11.7-5.5-14.7-16.4-1.5-5.7-2.3-11.2-2.3-16.4 0-5.3.8-10.8 2.3-16.4 3-11 7.9-16.4 14.7-16.4h324.9c6.8 0 11.7 5.5 14.7 16.4 1.5 5.7 2.3 11.1 2.3 16.4s-.8 10.8-2.3 16.4c-3 10.9-8 16.4-14.8 16.4z\"><\/path><\/g><\/g><\/svg>\t\t\t\t\t\t<\/span>\n\t\t\t\t\t\t\t\t\t\t<span class=\"elementor-icon-list-text\">Carnestoltes de Sitges<\/span>\n\t\t\t\t\t\t\t\t\t<\/li>\n\t\t\t\t\t\t\t\t<li class=\"elementor-icon-list-item\">\n\t\t\t\t\t\t\t\t\t\t\t<span class=\"elementor-icon-list-icon\">\n\t\t\t\t\t\t\t<svg xmlns=\"http:\/\/www.w3.org\/2000\/svg\" id=\"Layer_2_00000035490491628794221700000012594640215456977582_\" viewBox=\"0 0 512 512\"><g id=\"Icon\"><g id=\"_65\"><path d=\"m418.4 288.9h-324.8c-6.8 0-11.7-5.5-14.7-16.4-1.5-5.7-2.3-11.2-2.3-16.4 0-5.3.8-10.8 2.3-16.4 3-11 7.9-16.4 14.7-16.4h324.9c6.8 0 11.7 5.5 14.7 16.4 1.5 5.7 2.3 11.1 2.3 16.4s-.8 10.8-2.3 16.4c-3 10.9-8 16.4-14.8 16.4z\"><\/path><\/g><\/g><\/svg>\t\t\t\t\t\t<\/span>\n\t\t\t\t\t\t\t\t\t\t<span class=\"elementor-icon-list-text\">Diada Castellera de Sant F\u00e8lix (Vilafranca del Pened\u00e8s)<\/span>\n\t\t\t\t\t\t\t\t\t<\/li>\n\t\t\t\t\t\t\t\t<li class=\"elementor-icon-list-item\">\n\t\t\t\t\t\t\t\t\t\t\t<span class=\"elementor-icon-list-icon\">\n\t\t\t\t\t\t\t<svg xmlns=\"http:\/\/www.w3.org\/2000\/svg\" id=\"Layer_2_00000035490491628794221700000012594640215456977582_\" viewBox=\"0 0 512 512\"><g id=\"Icon\"><g id=\"_65\"><path d=\"m418.4 288.9h-324.8c-6.8 0-11.7-5.5-14.7-16.4-1.5-5.7-2.3-11.2-2.3-16.4 0-5.3.8-10.8 2.3-16.4 3-11 7.9-16.4 14.7-16.4h324.9c6.8 0 11.7 5.5 14.7 16.4 1.5 5.7 2.3 11.1 2.3 16.4s-.8 10.8-2.3 16.4c-3 10.9-8 16.4-14.8 16.4z\"><\/path><\/g><\/g><\/svg>\t\t\t\t\t\t<\/span>\n\t\t\t\t\t\t\t\t\t\t<span class=\"elementor-icon-list-text\">Vijazz (Vilafranca del Pened\u00e8s)<\/span>\n\t\t\t\t\t\t\t\t\t<\/li>\n\t\t\t\t\t\t\t\t<li class=\"elementor-icon-list-item\">\n\t\t\t\t\t\t\t\t\t\t\t<span class=\"elementor-icon-list-icon\">\n\t\t\t\t\t\t\t<svg xmlns=\"http:\/\/www.w3.org\/2000\/svg\" id=\"Layer_2_00000035490491628794221700000012594640215456977582_\" viewBox=\"0 0 512 512\"><g id=\"Icon\"><g id=\"_65\"><path d=\"m418.4 288.9h-324.8c-6.8 0-11.7-5.5-14.7-16.4-1.5-5.7-2.3-11.2-2.3-16.4 0-5.3.8-10.8 2.3-16.4 3-11 7.9-16.4 14.7-16.4h324.9c6.8 0 11.7 5.5 14.7 16.4 1.5 5.7 2.3 11.1 2.3 16.4s-.8 10.8-2.3 16.4c-3 10.9-8 16.4-14.8 16.4z\"><\/path><\/g><\/g><\/svg>\t\t\t\t\t\t<\/span>\n\t\t\t\t\t\t\t\t\t\t<span class=\"elementor-icon-list-text\">Process\u00f3 i Dansa de la Mort de Verges<\/span>\n\t\t\t\t\t\t\t\t\t<\/li>\n\t\t\t\t\t\t<\/ul>\n\t\t\t\t\t\t<\/div>\n\t\t\t\t<\/div>\n\t\t\t\t<\/div>\n\t\t<div class=\"elementor-element elementor-element-35e6e75 e-con-full e-flex e-con e-child\" data-id=\"35e6e75\" data-element_type=\"container\" data-e-type=\"container\">\n\t\t\t\t<div class=\"elementor-element elementor-element-d9a7858 dce_masking-none elementor-widget elementor-widget-image\" data-id=\"d9a7858\" data-element_type=\"widget\" data-e-type=\"widget\" data-widget_type=\"image.default\">\n\t\t\t\t\t\t\t\t\t\t\t\t\t\t\t<img loading=\"lazy\" decoding=\"async\" width=\"1000\" height=\"667\" src=\"https:\/\/enjoycatalonia.com\/wp-content\/uploads\/2026\/02\/Cava-web-privats.jpg\" class=\"attachment-full size-full wp-image-3892\" alt=\"\" srcset=\"https:\/\/enjoycatalonia.com\/wp-content\/uploads\/2026\/02\/Cava-web-privats.jpg 1000w, https:\/\/enjoycatalonia.com\/wp-content\/uploads\/2026\/02\/Cava-web-privats-600x400.jpg 600w, https:\/\/enjoycatalonia.com\/wp-content\/uploads\/2026\/02\/Cava-web-privats-300x200.jpg 300w, https:\/\/enjoycatalonia.com\/wp-content\/uploads\/2026\/02\/Cava-web-privats-768x512.jpg 768w\" sizes=\"(max-width: 1000px) 100vw, 1000px\" \/>\t\t\t\t\t\t\t\t\t\t\t\t\t\t\t<\/div>\n\t\t<div class=\"elementor-element elementor-element-4075e19 e-con-full e-flex e-con e-child\" data-id=\"4075e19\" data-element_type=\"container\" data-e-type=\"container\">\n\t\t\t\t<div class=\"elementor-element elementor-element-2356386 elementor-widget elementor-widget-heading\" data-id=\"2356386\" data-element_type=\"widget\" data-e-type=\"widget\" data-widget_type=\"heading.default\">\n\t\t\t\t\t<h2 class=\"elementor-heading-title elementor-size-default\">Vi i gastronomia<\/h2>\t\t\t\t<\/div>\n\t\t\t\t<div class=\"elementor-element elementor-element-97cf588 elementor-widget elementor-widget-text-editor\" data-id=\"97cf588\" data-element_type=\"widget\" data-e-type=\"widget\" data-widget_type=\"text-editor.default\">\n\t\t\t\t\t\t\t\t\t<div class=\"wpb_text_column wpb_content_element vc_custom_1750246205479\"><div class=\"wpb_wrapper\"><p><strong>Excursions de mig dia o d&#8217;un dia amb sortida des de Barcelona<\/strong> en exclusiva per a grups amb furgoneta o autocar privat per degustar productes t\u00edpics, visitar cellers i gaudir de la nostra rica gastronomia.<\/p><\/div><\/div>\t\t\t\t\t\t\t\t<\/div>\n\t\t\t\t<div class=\"elementor-element elementor-element-3f57854 elementor-icon-list--layout-traditional elementor-list-item-link-full_width elementor-widget elementor-widget-icon-list\" data-id=\"3f57854\" data-element_type=\"widget\" data-e-type=\"widget\" data-widget_type=\"icon-list.default\">\n\t\t\t\t\t\t\t<ul class=\"elementor-icon-list-items\">\n\t\t\t\t\t\t\t<li class=\"elementor-icon-list-item\">\n\t\t\t\t\t\t\t\t\t\t\t<span class=\"elementor-icon-list-icon\">\n\t\t\t\t\t\t\t<svg xmlns=\"http:\/\/www.w3.org\/2000\/svg\" id=\"Layer_2_00000035490491628794221700000012594640215456977582_\" viewBox=\"0 0 512 512\"><g id=\"Icon\"><g id=\"_65\"><path d=\"m418.4 288.9h-324.8c-6.8 0-11.7-5.5-14.7-16.4-1.5-5.7-2.3-11.2-2.3-16.4 0-5.3.8-10.8 2.3-16.4 3-11 7.9-16.4 14.7-16.4h324.9c6.8 0 11.7 5.5 14.7 16.4 1.5 5.7 2.3 11.1 2.3 16.4s-.8 10.8-2.3 16.4c-3 10.9-8 16.4-14.8 16.4z\"><\/path><\/g><\/g><\/svg>\t\t\t\t\t\t<\/span>\n\t\t\t\t\t\t\t\t\t\t<span class=\"elementor-icon-list-text\">Sabors del Priorat: Celler Vall-Llach, Escala Dei i Siurana<\/span>\n\t\t\t\t\t\t\t\t\t<\/li>\n\t\t\t\t\t\t\t\t<li class=\"elementor-icon-list-item\">\n\t\t\t\t\t\t\t\t\t\t\t<span class=\"elementor-icon-list-icon\">\n\t\t\t\t\t\t\t<svg xmlns=\"http:\/\/www.w3.org\/2000\/svg\" id=\"Layer_2_00000035490491628794221700000012594640215456977582_\" viewBox=\"0 0 512 512\"><g id=\"Icon\"><g id=\"_65\"><path d=\"m418.4 288.9h-324.8c-6.8 0-11.7-5.5-14.7-16.4-1.5-5.7-2.3-11.2-2.3-16.4 0-5.3.8-10.8 2.3-16.4 3-11 7.9-16.4 14.7-16.4h324.9c6.8 0 11.7 5.5 14.7 16.4 1.5 5.7 2.3 11.1 2.3 16.4s-.8 10.8-2.3 16.4c-3 10.9-8 16.4-14.8 16.4z\"><\/path><\/g><\/g><\/svg>\t\t\t\t\t\t<\/span>\n\t\t\t\t\t\t\t\t\t\t<span class=\"elementor-icon-list-text\">Caves Freixenet + Xocolates Sim\u00f3n Coll i Sant Sadurn\u00ed d'Anoia<\/span>\n\t\t\t\t\t\t\t\t\t<\/li>\n\t\t\t\t\t\t\t\t<li class=\"elementor-icon-list-item\">\n\t\t\t\t\t\t\t\t\t\t\t<span class=\"elementor-icon-list-icon\">\n\t\t\t\t\t\t\t<svg xmlns=\"http:\/\/www.w3.org\/2000\/svg\" id=\"Layer_2_00000035490491628794221700000012594640215456977582_\" viewBox=\"0 0 512 512\"><g id=\"Icon\"><g id=\"_65\"><path d=\"m418.4 288.9h-324.8c-6.8 0-11.7-5.5-14.7-16.4-1.5-5.7-2.3-11.2-2.3-16.4 0-5.3.8-10.8 2.3-16.4 3-11 7.9-16.4 14.7-16.4h324.9c6.8 0 11.7 5.5 14.7 16.4 1.5 5.7 2.3 11.1 2.3 16.4s-.8 10.8-2.3 16.4c-3 10.9-8 16.4-14.8 16.4z\"><\/path><\/g><\/g><\/svg>\t\t\t\t\t\t<\/span>\n\t\t\t\t\t\t\t\t\t\t<span class=\"elementor-icon-list-text\">Celler Viladellops i Sitges<\/span>\n\t\t\t\t\t\t\t\t\t<\/li>\n\t\t\t\t\t\t\t\t<li class=\"elementor-icon-list-item\">\n\t\t\t\t\t\t\t\t\t\t\t<span class=\"elementor-icon-list-icon\">\n\t\t\t\t\t\t\t<svg xmlns=\"http:\/\/www.w3.org\/2000\/svg\" id=\"Layer_2_00000035490491628794221700000012594640215456977582_\" viewBox=\"0 0 512 512\"><g id=\"Icon\"><g id=\"_65\"><path d=\"m418.4 288.9h-324.8c-6.8 0-11.7-5.5-14.7-16.4-1.5-5.7-2.3-11.2-2.3-16.4 0-5.3.8-10.8 2.3-16.4 3-11 7.9-16.4 14.7-16.4h324.9c6.8 0 11.7 5.5 14.7 16.4 1.5 5.7 2.3 11.1 2.3 16.4s-.8 10.8-2.3 16.4c-3 10.9-8 16.4-14.8 16.4z\"><\/path><\/g><\/g><\/svg>\t\t\t\t\t\t<\/span>\n\t\t\t\t\t\t\t\t\t\t<span class=\"elementor-icon-list-text\">Cerveseria artesana + Formatgeria + assecador de llonganisses a Osona<\/span>\n\t\t\t\t\t\t\t\t\t<\/li>\n\t\t\t\t\t\t\t\t<li class=\"elementor-icon-list-item\">\n\t\t\t\t\t\t\t\t\t\t\t<span class=\"elementor-icon-list-icon\">\n\t\t\t\t\t\t\t<svg xmlns=\"http:\/\/www.w3.org\/2000\/svg\" id=\"Layer_2_00000035490491628794221700000012594640215456977582_\" viewBox=\"0 0 512 512\"><g id=\"Icon\"><g id=\"_65\"><path d=\"m418.4 288.9h-324.8c-6.8 0-11.7-5.5-14.7-16.4-1.5-5.7-2.3-11.2-2.3-16.4 0-5.3.8-10.8 2.3-16.4 3-11 7.9-16.4 14.7-16.4h324.9c6.8 0 11.7 5.5 14.7 16.4 1.5 5.7 2.3 11.1 2.3 16.4s-.8 10.8-2.3 16.4c-3 10.9-8 16.4-14.8 16.4z\"><\/path><\/g><\/g><\/svg>\t\t\t\t\t\t<\/span>\n\t\t\t\t\t\t\t\t\t\t<span class=\"elementor-icon-list-text\">Aplec del Caracol de Lleida<\/span>\n\t\t\t\t\t\t\t\t\t<\/li>\n\t\t\t\t\t\t<\/ul>\n\t\t\t\t\t\t<\/div>\n\t\t\t\t<\/div>\n\t\t\t\t<\/div>\n\t\t\t\t<\/div>\n\t\t<div class=\"elementor-element elementor-element-b0956c7 e-con-full e-flex e-con e-child\" data-id=\"b0956c7\" data-element_type=\"container\" data-e-type=\"container\">\n\t\t<div class=\"elementor-element elementor-element-3321688 e-con-full e-flex e-con e-child\" data-id=\"3321688\" data-element_type=\"container\" data-e-type=\"container\">\n\t\t\t\t<div class=\"elementor-element elementor-element-c8b2516 dce_masking-none elementor-widget elementor-widget-image\" data-id=\"c8b2516\" data-element_type=\"widget\" data-e-type=\"widget\" data-widget_type=\"image.default\">\n\t\t\t\t\t\t\t\t\t\t\t\t\t\t\t<img loading=\"lazy\" decoding=\"async\" width=\"1000\" height=\"667\" src=\"https:\/\/enjoycatalonia.com\/wp-content\/uploads\/2026\/02\/Cotlliure-web-privat.jpg\" class=\"attachment-full size-full wp-image-3893\" alt=\"\" srcset=\"https:\/\/enjoycatalonia.com\/wp-content\/uploads\/2026\/02\/Cotlliure-web-privat.jpg 1000w, https:\/\/enjoycatalonia.com\/wp-content\/uploads\/2026\/02\/Cotlliure-web-privat-600x400.jpg 600w, https:\/\/enjoycatalonia.com\/wp-content\/uploads\/2026\/02\/Cotlliure-web-privat-300x200.jpg 300w, https:\/\/enjoycatalonia.com\/wp-content\/uploads\/2026\/02\/Cotlliure-web-privat-768x512.jpg 768w\" sizes=\"(max-width: 1000px) 100vw, 1000px\" \/>\t\t\t\t\t\t\t\t\t\t\t\t\t\t\t<\/div>\n\t\t<div class=\"elementor-element elementor-element-d5cd198 e-con-full e-flex e-con e-child\" data-id=\"d5cd198\" data-element_type=\"container\" data-e-type=\"container\">\n\t\t\t\t<div class=\"elementor-element elementor-element-c73d78d elementor-widget elementor-widget-heading\" data-id=\"c73d78d\" data-element_type=\"widget\" data-e-type=\"widget\" data-widget_type=\"heading.default\">\n\t\t\t\t\t<h2 class=\"elementor-heading-title elementor-size-default\">La Catalunya francesa<\/h2>\t\t\t\t<\/div>\n\t\t\t\t<div class=\"elementor-element elementor-element-b6e99c3 elementor-widget elementor-widget-text-editor\" data-id=\"b6e99c3\" data-element_type=\"widget\" data-e-type=\"widget\" data-widget_type=\"text-editor.default\">\n\t\t\t\t\t\t\t\t\t<div class=\"wpb_text_column wpb_content_element vc_custom_1750245892149\"><div class=\"wpb_wrapper\"><div class=\"wpb_text_column wpb_content_element vc_custom_1750246218718\"><div class=\"wpb_wrapper\"><p><strong>Excursions d\u00b4un dia<\/strong> (10 hores) <strong>amb sortida des de Barcelona<\/strong> en exclusiva per a grups amb furgoneta o autocar privat per descobrir els pobles i llocs m\u00e9s bonics de la Catalunya francesa.<\/p><\/div><\/div><\/div><\/div>\t\t\t\t\t\t\t\t<\/div>\n\t\t\t\t<div class=\"elementor-element elementor-element-a36c0e7 elementor-icon-list--layout-traditional elementor-list-item-link-full_width elementor-widget elementor-widget-icon-list\" data-id=\"a36c0e7\" data-element_type=\"widget\" data-e-type=\"widget\" data-widget_type=\"icon-list.default\">\n\t\t\t\t\t\t\t<ul class=\"elementor-icon-list-items\">\n\t\t\t\t\t\t\t<li class=\"elementor-icon-list-item\">\n\t\t\t\t\t\t\t\t\t\t\t<span class=\"elementor-icon-list-icon\">\n\t\t\t\t\t\t\t<svg xmlns=\"http:\/\/www.w3.org\/2000\/svg\" id=\"Layer_2_00000035490491628794221700000012594640215456977582_\" viewBox=\"0 0 512 512\"><g id=\"Icon\"><g id=\"_65\"><path d=\"m418.4 288.9h-324.8c-6.8 0-11.7-5.5-14.7-16.4-1.5-5.7-2.3-11.2-2.3-16.4 0-5.3.8-10.8 2.3-16.4 3-11 7.9-16.4 14.7-16.4h324.9c6.8 0 11.7 5.5 14.7 16.4 1.5 5.7 2.3 11.1 2.3 16.4s-.8 10.8-2.3 16.4c-3 10.9-8 16.4-14.8 16.4z\"><\/path><\/g><\/g><\/svg>\t\t\t\t\t\t<\/span>\n\t\t\t\t\t\t\t\t\t\t<span class=\"elementor-icon-list-text\">Ceret i Cotlliure<\/span>\n\t\t\t\t\t\t\t\t\t<\/li>\n\t\t\t\t\t\t\t\t<li class=\"elementor-icon-list-item\">\n\t\t\t\t\t\t\t\t\t\t\t<span class=\"elementor-icon-list-icon\">\n\t\t\t\t\t\t\t<svg xmlns=\"http:\/\/www.w3.org\/2000\/svg\" id=\"Layer_2_00000035490491628794221700000012594640215456977582_\" viewBox=\"0 0 512 512\"><g id=\"Icon\"><g id=\"_65\"><path d=\"m418.4 288.9h-324.8c-6.8 0-11.7-5.5-14.7-16.4-1.5-5.7-2.3-11.2-2.3-16.4 0-5.3.8-10.8 2.3-16.4 3-11 7.9-16.4 14.7-16.4h324.9c6.8 0 11.7 5.5 14.7 16.4 1.5 5.7 2.3 11.1 2.3 16.4s-.8 10.8-2.3 16.4c-3 10.9-8 16.4-14.8 16.4z\"><\/path><\/g><\/g><\/svg>\t\t\t\t\t\t<\/span>\n\t\t\t\t\t\t\t\t\t\t<span class=\"elementor-icon-list-text\">Llacs del Capcir i l'Alta Cerdanya<\/span>\n\t\t\t\t\t\t\t\t\t<\/li>\n\t\t\t\t\t\t\t\t<li class=\"elementor-icon-list-item\">\n\t\t\t\t\t\t\t\t\t\t\t<span class=\"elementor-icon-list-icon\">\n\t\t\t\t\t\t\t<svg xmlns=\"http:\/\/www.w3.org\/2000\/svg\" id=\"Layer_2_00000035490491628794221700000012594640215456977582_\" viewBox=\"0 0 512 512\"><g id=\"Icon\"><g id=\"_65\"><path d=\"m418.4 288.9h-324.8c-6.8 0-11.7-5.5-14.7-16.4-1.5-5.7-2.3-11.2-2.3-16.4 0-5.3.8-10.8 2.3-16.4 3-11 7.9-16.4 14.7-16.4h324.9c6.8 0 11.7 5.5 14.7 16.4 1.5 5.7 2.3 11.1 2.3 16.4s-.8 10.8-2.3 16.4c-3 10.9-8 16.4-14.8 16.4z\"><\/path><\/g><\/g><\/svg>\t\t\t\t\t\t<\/span>\n\t\t\t\t\t\t\t\t\t\t<span class=\"elementor-icon-list-text\">El Conflent i El Vallespir<\/span>\n\t\t\t\t\t\t\t\t\t<\/li>\n\t\t\t\t\t\t\t\t<li class=\"elementor-icon-list-item\">\n\t\t\t\t\t\t\t\t\t\t\t<span class=\"elementor-icon-list-icon\">\n\t\t\t\t\t\t\t<svg xmlns=\"http:\/\/www.w3.org\/2000\/svg\" id=\"Layer_2_00000035490491628794221700000012594640215456977582_\" viewBox=\"0 0 512 512\"><g id=\"Icon\"><g id=\"_65\"><path d=\"m418.4 288.9h-324.8c-6.8 0-11.7-5.5-14.7-16.4-1.5-5.7-2.3-11.2-2.3-16.4 0-5.3.8-10.8 2.3-16.4 3-11 7.9-16.4 14.7-16.4h324.9c6.8 0 11.7 5.5 14.7 16.4 1.5 5.7 2.3 11.1 2.3 16.4s-.8 10.8-2.3 16.4c-3 10.9-8 16.4-14.8 16.4z\"><\/path><\/g><\/g><\/svg>\t\t\t\t\t\t<\/span>\n\t\t\t\t\t\t\t\t\t\t<span class=\"elementor-icon-list-text\">Camins de l'exili: Maternitat d'Elna, Ribesaltes i Cotlliure<\/span>\n\t\t\t\t\t\t\t\t\t<\/li>\n\t\t\t\t\t\t<\/ul>\n\t\t\t\t\t\t<\/div>\n\t\t\t\t<\/div>\n\t\t\t\t<\/div>\n\t\t<div class=\"elementor-element elementor-element-20cac14 e-con-full e-flex e-con e-child\" data-id=\"20cac14\" data-element_type=\"container\" data-e-type=\"container\">\n\t\t\t\t<div class=\"elementor-element elementor-element-8f2122a dce_masking-none elementor-widget elementor-widget-image\" data-id=\"8f2122a\" data-element_type=\"widget\" data-e-type=\"widget\" data-widget_type=\"image.default\">\n\t\t\t\t\t\t\t\t\t\t\t\t\t\t\t<img loading=\"lazy\" decoding=\"async\" width=\"1000\" height=\"667\" src=\"https:\/\/enjoycatalonia.com\/wp-content\/uploads\/2026\/02\/Senderisme-III-web-privats.jpg\" class=\"attachment-full size-full wp-image-3894\" alt=\"\" srcset=\"https:\/\/enjoycatalonia.com\/wp-content\/uploads\/2026\/02\/Senderisme-III-web-privats.jpg 1000w, https:\/\/enjoycatalonia.com\/wp-content\/uploads\/2026\/02\/Senderisme-III-web-privats-600x400.jpg 600w, https:\/\/enjoycatalonia.com\/wp-content\/uploads\/2026\/02\/Senderisme-III-web-privats-300x200.jpg 300w, https:\/\/enjoycatalonia.com\/wp-content\/uploads\/2026\/02\/Senderisme-III-web-privats-768x512.jpg 768w\" sizes=\"(max-width: 1000px) 100vw, 1000px\" \/>\t\t\t\t\t\t\t\t\t\t\t\t\t\t\t<\/div>\n\t\t<div class=\"elementor-element elementor-element-cdf9bd3 e-con-full e-flex e-con e-child\" data-id=\"cdf9bd3\" data-element_type=\"container\" data-e-type=\"container\">\n\t\t\t\t<div class=\"elementor-element elementor-element-8a8444f elementor-widget elementor-widget-heading\" data-id=\"8a8444f\" data-element_type=\"widget\" data-e-type=\"widget\" data-widget_type=\"heading.default\">\n\t\t\t\t\t<h2 class=\"elementor-heading-title elementor-size-default\">Senderisme i natura<\/h2>\t\t\t\t<\/div>\n\t\t\t\t<div class=\"elementor-element elementor-element-16e9c91 elementor-widget elementor-widget-text-editor\" data-id=\"16e9c91\" data-element_type=\"widget\" data-e-type=\"widget\" data-widget_type=\"text-editor.default\">\n\t\t\t\t\t\t\t\t\t<div class=\"wpb_text_column wpb_content_element vc_custom_1750246094262\"><div class=\"wpb_wrapper\"><div class=\"wpb_text_column wpb_content_element vc_custom_1750246233978\"><div class=\"wpb_wrapper\"><p><strong>Excursions de mig dia o d&#8217;un dia amb sortida des de Barcelona<\/strong> en exclusiva per a grups amb furgoneta i autocar privat per gaudir de rutes de senderisme f\u00e0cil a espais naturals de Catalunya.<\/p><\/div><\/div><\/div><\/div>\t\t\t\t\t\t\t\t<\/div>\n\t\t\t\t<div class=\"elementor-element elementor-element-5b8618a elementor-icon-list--layout-traditional elementor-list-item-link-full_width elementor-widget elementor-widget-icon-list\" data-id=\"5b8618a\" data-element_type=\"widget\" data-e-type=\"widget\" data-widget_type=\"icon-list.default\">\n\t\t\t\t\t\t\t<ul class=\"elementor-icon-list-items\">\n\t\t\t\t\t\t\t<li class=\"elementor-icon-list-item\">\n\t\t\t\t\t\t\t\t\t\t\t<span class=\"elementor-icon-list-icon\">\n\t\t\t\t\t\t\t<svg xmlns=\"http:\/\/www.w3.org\/2000\/svg\" id=\"Layer_2_00000035490491628794221700000012594640215456977582_\" viewBox=\"0 0 512 512\"><g id=\"Icon\"><g id=\"_65\"><path d=\"m418.4 288.9h-324.8c-6.8 0-11.7-5.5-14.7-16.4-1.5-5.7-2.3-11.2-2.3-16.4 0-5.3.8-10.8 2.3-16.4 3-11 7.9-16.4 14.7-16.4h324.9c6.8 0 11.7 5.5 14.7 16.4 1.5 5.7 2.3 11.1 2.3 16.4s-.8 10.8-2.3 16.4c-3 10.9-8 16.4-14.8 16.4z\"><\/path><\/g><\/g><\/svg>\t\t\t\t\t\t<\/span>\n\t\t\t\t\t\t\t\t\t\t<span class=\"elementor-icon-list-text\">La ruta dels tres turons de Barcelona<\/span>\n\t\t\t\t\t\t\t\t\t<\/li>\n\t\t\t\t\t\t\t\t<li class=\"elementor-icon-list-item\">\n\t\t\t\t\t\t\t\t\t\t\t<span class=\"elementor-icon-list-icon\">\n\t\t\t\t\t\t\t<svg xmlns=\"http:\/\/www.w3.org\/2000\/svg\" id=\"Layer_2_00000035490491628794221700000012594640215456977582_\" viewBox=\"0 0 512 512\"><g id=\"Icon\"><g id=\"_65\"><path d=\"m418.4 288.9h-324.8c-6.8 0-11.7-5.5-14.7-16.4-1.5-5.7-2.3-11.2-2.3-16.4 0-5.3.8-10.8 2.3-16.4 3-11 7.9-16.4 14.7-16.4h324.9c6.8 0 11.7 5.5 14.7 16.4 1.5 5.7 2.3 11.1 2.3 16.4s-.8 10.8-2.3 16.4c-3 10.9-8 16.4-14.8 16.4z\"><\/path><\/g><\/g><\/svg>\t\t\t\t\t\t<\/span>\n\t\t\t\t\t\t\t\t\t\t<span class=\"elementor-icon-list-text\">La ruta de les fonts de Collserola<\/span>\n\t\t\t\t\t\t\t\t\t<\/li>\n\t\t\t\t\t\t\t\t<li class=\"elementor-icon-list-item\">\n\t\t\t\t\t\t\t\t\t\t\t<span class=\"elementor-icon-list-icon\">\n\t\t\t\t\t\t\t<svg xmlns=\"http:\/\/www.w3.org\/2000\/svg\" id=\"Layer_2_00000035490491628794221700000012594640215456977582_\" viewBox=\"0 0 512 512\"><g id=\"Icon\"><g id=\"_65\"><path d=\"m418.4 288.9h-324.8c-6.8 0-11.7-5.5-14.7-16.4-1.5-5.7-2.3-11.2-2.3-16.4 0-5.3.8-10.8 2.3-16.4 3-11 7.9-16.4 14.7-16.4h324.9c6.8 0 11.7 5.5 14.7 16.4 1.5 5.7 2.3 11.1 2.3 16.4s-.8 10.8-2.3 16.4c-3 10.9-8 16.4-14.8 16.4z\"><\/path><\/g><\/g><\/svg>\t\t\t\t\t\t<\/span>\n\t\t\t\t\t\t\t\t\t\t<span class=\"elementor-icon-list-text\">Costa del Maresme: des de Montgat fins a Vilassar de Mar<\/span>\n\t\t\t\t\t\t\t\t\t<\/li>\n\t\t\t\t\t\t\t\t<li class=\"elementor-icon-list-item\">\n\t\t\t\t\t\t\t\t\t\t\t<span class=\"elementor-icon-list-icon\">\n\t\t\t\t\t\t\t<svg xmlns=\"http:\/\/www.w3.org\/2000\/svg\" id=\"Layer_2_00000035490491628794221700000012594640215456977582_\" viewBox=\"0 0 512 512\"><g id=\"Icon\"><g id=\"_65\"><path d=\"m418.4 288.9h-324.8c-6.8 0-11.7-5.5-14.7-16.4-1.5-5.7-2.3-11.2-2.3-16.4 0-5.3.8-10.8 2.3-16.4 3-11 7.9-16.4 14.7-16.4h324.9c6.8 0 11.7 5.5 14.7 16.4 1.5 5.7 2.3 11.1 2.3 16.4s-.8 10.8-2.3 16.4c-3 10.9-8 16.4-14.8 16.4z\"><\/path><\/g><\/g><\/svg>\t\t\t\t\t\t<\/span>\n\t\t\t\t\t\t\t\t\t\t<span class=\"elementor-icon-list-text\">Costa del Garraf: Vilanova i la Geltr\u00fa<\/span>\n\t\t\t\t\t\t\t\t\t<\/li>\n\t\t\t\t\t\t\t\t<li class=\"elementor-icon-list-item\">\n\t\t\t\t\t\t\t\t\t\t\t<span class=\"elementor-icon-list-icon\">\n\t\t\t\t\t\t\t<svg xmlns=\"http:\/\/www.w3.org\/2000\/svg\" id=\"Layer_2_00000035490491628794221700000012594640215456977582_\" viewBox=\"0 0 512 512\"><g id=\"Icon\"><g id=\"_65\"><path d=\"m418.4 288.9h-324.8c-6.8 0-11.7-5.5-14.7-16.4-1.5-5.7-2.3-11.2-2.3-16.4 0-5.3.8-10.8 2.3-16.4 3-11 7.9-16.4 14.7-16.4h324.9c6.8 0 11.7 5.5 14.7 16.4 1.5 5.7 2.3 11.1 2.3 16.4s-.8 10.8-2.3 16.4c-3 10.9-8 16.4-14.8 16.4z\"><\/path><\/g><\/g><\/svg>\t\t\t\t\t\t<\/span>\n\t\t\t\t\t\t\t\t\t\t<span class=\"elementor-icon-list-text\">Sitges<\/span>\n\t\t\t\t\t\t\t\t\t<\/li>\n\t\t\t\t\t\t\t\t<li class=\"elementor-icon-list-item\">\n\t\t\t\t\t\t\t\t\t\t\t<span class=\"elementor-icon-list-icon\">\n\t\t\t\t\t\t\t<svg xmlns=\"http:\/\/www.w3.org\/2000\/svg\" id=\"Layer_2_00000035490491628794221700000012594640215456977582_\" viewBox=\"0 0 512 512\"><g id=\"Icon\"><g id=\"_65\"><path d=\"m418.4 288.9h-324.8c-6.8 0-11.7-5.5-14.7-16.4-1.5-5.7-2.3-11.2-2.3-16.4 0-5.3.8-10.8 2.3-16.4 3-11 7.9-16.4 14.7-16.4h324.9c6.8 0 11.7 5.5 14.7 16.4 1.5 5.7 2.3 11.1 2.3 16.4s-.8 10.8-2.3 16.4c-3 10.9-8 16.4-14.8 16.4z\"><\/path><\/g><\/g><\/svg>\t\t\t\t\t\t<\/span>\n\t\t\t\t\t\t\t\t\t\t<span class=\"elementor-icon-list-text\">Les 12 cales de Lloret de Mar<\/span>\n\t\t\t\t\t\t\t\t\t<\/li>\n\t\t\t\t\t\t\t\t<li class=\"elementor-icon-list-item\">\n\t\t\t\t\t\t\t\t\t\t\t<span class=\"elementor-icon-list-icon\">\n\t\t\t\t\t\t\t<svg xmlns=\"http:\/\/www.w3.org\/2000\/svg\" id=\"Layer_2_00000035490491628794221700000012594640215456977582_\" viewBox=\"0 0 512 512\"><g id=\"Icon\"><g id=\"_65\"><path d=\"m418.4 288.9h-324.8c-6.8 0-11.7-5.5-14.7-16.4-1.5-5.7-2.3-11.2-2.3-16.4 0-5.3.8-10.8 2.3-16.4 3-11 7.9-16.4 14.7-16.4h324.9c6.8 0 11.7 5.5 14.7 16.4 1.5 5.7 2.3 11.1 2.3 16.4s-.8 10.8-2.3 16.4c-3 10.9-8 16.4-14.8 16.4z\"><\/path><\/g><\/g><\/svg>\t\t\t\t\t\t<\/span>\n\t\t\t\t\t\t\t\t\t\t<span class=\"elementor-icon-list-text\">Pobles medievals de l'Empord\u00e0 I: Pals-Peratallada-PalauSator<\/span>\n\t\t\t\t\t\t\t\t\t<\/li>\n\t\t\t\t\t\t\t\t<li class=\"elementor-icon-list-item\">\n\t\t\t\t\t\t\t\t\t\t\t<span class=\"elementor-icon-list-icon\">\n\t\t\t\t\t\t\t<svg xmlns=\"http:\/\/www.w3.org\/2000\/svg\" id=\"Layer_2_00000035490491628794221700000012594640215456977582_\" viewBox=\"0 0 512 512\"><g id=\"Icon\"><g id=\"_65\"><path d=\"m418.4 288.9h-324.8c-6.8 0-11.7-5.5-14.7-16.4-1.5-5.7-2.3-11.2-2.3-16.4 0-5.3.8-10.8 2.3-16.4 3-11 7.9-16.4 14.7-16.4h324.9c6.8 0 11.7 5.5 14.7 16.4 1.5 5.7 2.3 11.1 2.3 16.4s-.8 10.8-2.3 16.4c-3 10.9-8 16.4-14.8 16.4z\"><\/path><\/g><\/g><\/svg>\t\t\t\t\t\t<\/span>\n\t\t\t\t\t\t\t\t\t\t<span class=\"elementor-icon-list-text\">Pobles medievals de l\u00b4Empord\u00e0 II: Monells-Cru\u00eflles-La Bisbal<\/span>\n\t\t\t\t\t\t\t\t\t<\/li>\n\t\t\t\t\t\t\t\t<li class=\"elementor-icon-list-item\">\n\t\t\t\t\t\t\t\t\t\t\t<span class=\"elementor-icon-list-icon\">\n\t\t\t\t\t\t\t<svg xmlns=\"http:\/\/www.w3.org\/2000\/svg\" id=\"Layer_2_00000035490491628794221700000012594640215456977582_\" viewBox=\"0 0 512 512\"><g id=\"Icon\"><g id=\"_65\"><path d=\"m418.4 288.9h-324.8c-6.8 0-11.7-5.5-14.7-16.4-1.5-5.7-2.3-11.2-2.3-16.4 0-5.3.8-10.8 2.3-16.4 3-11 7.9-16.4 14.7-16.4h324.9c6.8 0 11.7 5.5 14.7 16.4 1.5 5.7 2.3 11.1 2.3 16.4s-.8 10.8-2.3 16.4c-3 10.9-8 16.4-14.8 16.4z\"><\/path><\/g><\/g><\/svg>\t\t\t\t\t\t<\/span>\n\t\t\t\t\t\t\t\t\t\t<span class=\"elementor-icon-list-text\">Delta del Llobregat<\/span>\n\t\t\t\t\t\t\t\t\t<\/li>\n\t\t\t\t\t\t\t\t<li class=\"elementor-icon-list-item\">\n\t\t\t\t\t\t\t\t\t\t\t<span class=\"elementor-icon-list-icon\">\n\t\t\t\t\t\t\t<svg xmlns=\"http:\/\/www.w3.org\/2000\/svg\" id=\"Layer_2_00000035490491628794221700000012594640215456977582_\" viewBox=\"0 0 512 512\"><g id=\"Icon\"><g id=\"_65\"><path d=\"m418.4 288.9h-324.8c-6.8 0-11.7-5.5-14.7-16.4-1.5-5.7-2.3-11.2-2.3-16.4 0-5.3.8-10.8 2.3-16.4 3-11 7.9-16.4 14.7-16.4h324.9c6.8 0 11.7 5.5 14.7 16.4 1.5 5.7 2.3 11.1 2.3 16.4s-.8 10.8-2.3 16.4c-3 10.9-8 16.4-14.8 16.4z\"><\/path><\/g><\/g><\/svg>\t\t\t\t\t\t<\/span>\n\t\t\t\t\t\t\t\t\t\t<span class=\"elementor-icon-list-text\">Delta de l'Ebre<\/span>\n\t\t\t\t\t\t\t\t\t<\/li>\n\t\t\t\t\t\t\t\t<li class=\"elementor-icon-list-item\">\n\t\t\t\t\t\t\t\t\t\t\t<span class=\"elementor-icon-list-icon\">\n\t\t\t\t\t\t\t<svg xmlns=\"http:\/\/www.w3.org\/2000\/svg\" id=\"Layer_2_00000035490491628794221700000012594640215456977582_\" viewBox=\"0 0 512 512\"><g id=\"Icon\"><g id=\"_65\"><path d=\"m418.4 288.9h-324.8c-6.8 0-11.7-5.5-14.7-16.4-1.5-5.7-2.3-11.2-2.3-16.4 0-5.3.8-10.8 2.3-16.4 3-11 7.9-16.4 14.7-16.4h324.9c6.8 0 11.7 5.5 14.7 16.4 1.5 5.7 2.3 11.1 2.3 16.4s-.8 10.8-2.3 16.4c-3 10.9-8 16.4-14.8 16.4z\"><\/path><\/g><\/g><\/svg>\t\t\t\t\t\t<\/span>\n\t\t\t\t\t\t\t\t\t\t<span class=\"elementor-icon-list-text\">Aiguamolls de l'Empord\u00e0<\/span>\n\t\t\t\t\t\t\t\t\t<\/li>\n\t\t\t\t\t\t<\/ul>\n\t\t\t\t\t\t<\/div>\n\t\t\t\t<\/div>\n\t\t\t\t<\/div>\n\t\t<div class=\"elementor-element elementor-element-0ea24ce e-con-full e-flex e-con e-child\" data-id=\"0ea24ce\" data-element_type=\"container\" data-e-type=\"container\">\n\t\t\t\t<div class=\"elementor-element elementor-element-711f531 dce_masking-none elementor-widget elementor-widget-image\" data-id=\"711f531\" data-element_type=\"widget\" data-e-type=\"widget\" data-widget_type=\"image.default\">\n\t\t\t\t\t\t\t\t\t\t\t\t\t\t\t<img loading=\"lazy\" decoding=\"async\" width=\"1000\" height=\"667\" src=\"https:\/\/enjoycatalonia.com\/wp-content\/uploads\/2026\/02\/Catars-web-privats.jpg\" class=\"attachment-full size-full wp-image-3867\" alt=\"\" srcset=\"https:\/\/enjoycatalonia.com\/wp-content\/uploads\/2026\/02\/Catars-web-privats.jpg 1000w, https:\/\/enjoycatalonia.com\/wp-content\/uploads\/2026\/02\/Catars-web-privats-600x400.jpg 600w, https:\/\/enjoycatalonia.com\/wp-content\/uploads\/2026\/02\/Catars-web-privats-300x200.jpg 300w, https:\/\/enjoycatalonia.com\/wp-content\/uploads\/2026\/02\/Catars-web-privats-768x512.jpg 768w\" sizes=\"(max-width: 1000px) 100vw, 1000px\" \/>\t\t\t\t\t\t\t\t\t\t\t\t\t\t\t<\/div>\n\t\t<div class=\"elementor-element elementor-element-c9f6646 e-con-full e-flex e-con e-child\" data-id=\"c9f6646\" data-element_type=\"container\" data-e-type=\"container\">\n\t\t\t\t<div class=\"elementor-element elementor-element-eb8c501 elementor-widget elementor-widget-heading\" data-id=\"eb8c501\" data-element_type=\"widget\" data-e-type=\"widget\" data-widget_type=\"heading.default\">\n\t\t\t\t\t<h2 class=\"elementor-heading-title elementor-size-default\">C\u00e0tars i sefardites<\/h2>\t\t\t\t<\/div>\n\t\t\t\t<div class=\"elementor-element elementor-element-d9d23b1 elementor-widget elementor-widget-text-editor\" data-id=\"d9d23b1\" data-element_type=\"widget\" data-e-type=\"widget\" data-widget_type=\"text-editor.default\">\n\t\t\t\t\t\t\t\t\t<div class=\"wpb_text_column wpb_content_element vc_custom_1750246205479\"><div class=\"wpb_wrapper\"><p><strong>Excursions d\u00b4un dia<\/strong> (10 hores) <strong>amb sortida des de Barcelona<\/strong> en exclusiva per a grups amb furgoneta o autocar privat per descobrir pobles i llocs vinculats al passat medieval c\u00e0tar, jueu i musulm\u00e0.<\/p><\/div><\/div>\t\t\t\t\t\t\t\t<\/div>\n\t\t\t\t<div class=\"elementor-element elementor-element-b74b556 elementor-icon-list--layout-traditional elementor-list-item-link-full_width elementor-widget elementor-widget-icon-list\" data-id=\"b74b556\" data-element_type=\"widget\" data-e-type=\"widget\" data-widget_type=\"icon-list.default\">\n\t\t\t\t\t\t\t<ul class=\"elementor-icon-list-items\">\n\t\t\t\t\t\t\t<li class=\"elementor-icon-list-item\">\n\t\t\t\t\t\t\t\t\t\t\t<span class=\"elementor-icon-list-icon\">\n\t\t\t\t\t\t\t<svg xmlns=\"http:\/\/www.w3.org\/2000\/svg\" id=\"Layer_2_00000035490491628794221700000012594640215456977582_\" viewBox=\"0 0 512 512\"><g id=\"Icon\"><g id=\"_65\"><path d=\"m418.4 288.9h-324.8c-6.8 0-11.7-5.5-14.7-16.4-1.5-5.7-2.3-11.2-2.3-16.4 0-5.3.8-10.8 2.3-16.4 3-11 7.9-16.4 14.7-16.4h324.9c6.8 0 11.7 5.5 14.7 16.4 1.5 5.7 2.3 11.1 2.3 16.4s-.8 10.8-2.3 16.4c-3 10.9-8 16.4-14.8 16.4z\"><\/path><\/g><\/g><\/svg>\t\t\t\t\t\t<\/span>\n\t\t\t\t\t\t\t\t\t\t<span class=\"elementor-icon-list-text\">Girona i Besal\u00fa<\/span>\n\t\t\t\t\t\t\t\t\t<\/li>\n\t\t\t\t\t\t\t\t<li class=\"elementor-icon-list-item\">\n\t\t\t\t\t\t\t\t\t\t\t<span class=\"elementor-icon-list-icon\">\n\t\t\t\t\t\t\t<svg xmlns=\"http:\/\/www.w3.org\/2000\/svg\" id=\"Layer_2_00000035490491628794221700000012594640215456977582_\" viewBox=\"0 0 512 512\"><g id=\"Icon\"><g id=\"_65\"><path d=\"m418.4 288.9h-324.8c-6.8 0-11.7-5.5-14.7-16.4-1.5-5.7-2.3-11.2-2.3-16.4 0-5.3.8-10.8 2.3-16.4 3-11 7.9-16.4 14.7-16.4h324.9c6.8 0 11.7 5.5 14.7 16.4 1.5 5.7 2.3 11.1 2.3 16.4s-.8 10.8-2.3 16.4c-3 10.9-8 16.4-14.8 16.4z\"><\/path><\/g><\/g><\/svg>\t\t\t\t\t\t<\/span>\n\t\t\t\t\t\t\t\t\t\t<span class=\"elementor-icon-list-text\">Tortosa i la ribera de l'Ebre<\/span>\n\t\t\t\t\t\t\t\t\t<\/li>\n\t\t\t\t\t\t\t\t<li class=\"elementor-icon-list-item\">\n\t\t\t\t\t\t\t\t\t\t\t<span class=\"elementor-icon-list-icon\">\n\t\t\t\t\t\t\t<svg xmlns=\"http:\/\/www.w3.org\/2000\/svg\" id=\"Layer_2_00000035490491628794221700000012594640215456977582_\" viewBox=\"0 0 512 512\"><g id=\"Icon\"><g id=\"_65\"><path d=\"m418.4 288.9h-324.8c-6.8 0-11.7-5.5-14.7-16.4-1.5-5.7-2.3-11.2-2.3-16.4 0-5.3.8-10.8 2.3-16.4 3-11 7.9-16.4 14.7-16.4h324.9c6.8 0 11.7 5.5 14.7 16.4 1.5 5.7 2.3 11.1 2.3 16.4s-.8 10.8-2.3 16.4c-3 10.9-8 16.4-14.8 16.4z\"><\/path><\/g><\/g><\/svg>\t\t\t\t\t\t<\/span>\n\t\t\t\t\t\t\t\t\t\t<span class=\"elementor-icon-list-text\">Berga i Bag\u00e0<\/span>\n\t\t\t\t\t\t\t\t\t<\/li>\n\t\t\t\t\t\t<\/ul>\n\t\t\t\t\t\t<\/div>\n\t\t\t\t<\/div>\n\t\t\t\t<\/div>\n\t\t\t\t<\/div>\n\t\t\t\t\t<\/div>\n\t\t\t\t<\/div>\n\t\t\t\t<\/div>\n\t\t","protected":false},"excerpt":{"rendered":"<p>Les excursions per Catalunya amb autocar privat i amb sortida des de Barcelona m\u00e9s sol\u00b7licitades s\u00f3n: La Costa Brava Excursions d\u00b4un dia (10 hores) amb sortida des de Barcelona en exclusiva per a grups en furgoneta o autocar privat a la Costa Brava acompanyats per un guia oficial bon coneixedor de la zona. Jard\u00ed Bot\u00e0nic [&hellip;]<\/p>\n","protected":false},"author":1,"featured_media":0,"parent":3322,"menu_order":0,"comment_status":"closed","ping_status":"closed","template":"","meta":{"_acf_changed":false,"footnotes":""},"class_list":["post-3883","page","type-page","status-publish","hentry"],"acf":[],"yoast_head":"<!-- This site is optimized with the Yoast SEO plugin v27.2 - https:\/\/yoast.com\/product\/yoast-seo-wordpress\/ -->\n<title>Excursions per Catalunya - Enjoy Catalonia<\/title>\n<meta name=\"robots\" content=\"index, follow, max-snippet:-1, max-image-preview:large, max-video-preview:-1\" \/>\n<link rel=\"canonical\" href=\"https:\/\/enjoycatalonia.com\/ca\/serveis-privats\/excursions-per-catalunya\/\" \/>\n<meta property=\"og:locale\" content=\"ca_ES\" \/>\n<meta property=\"og:type\" content=\"article\" \/>\n<meta property=\"og:title\" content=\"Excursions per Catalunya - Enjoy Catalonia\" \/>\n<meta property=\"og:description\" content=\"Les excursions per Catalunya amb autocar privat i amb sortida des de Barcelona m\u00e9s sol\u00b7licitades s\u00f3n: La Costa Brava Excursions d\u00b4un dia (10 hores) amb sortida des de Barcelona en exclusiva per a grups en furgoneta o autocar privat a la Costa Brava acompanyats per un guia oficial bon coneixedor de la zona. Jard\u00ed Bot\u00e0nic [&hellip;]\" \/>\n<meta property=\"og:url\" content=\"https:\/\/enjoycatalonia.com\/ca\/serveis-privats\/excursions-per-catalunya\/\" \/>\n<meta property=\"og:site_name\" content=\"Enjoy Catalonia\" \/>\n<meta property=\"article:modified_time\" content=\"2026-02-26T10:49:11+00:00\" \/>\n<meta property=\"og:image\" content=\"https:\/\/enjoycatalonia.com\/wp-content\/uploads\/2026\/02\/Tossa-de-Mar-web-privats.jpg\" \/>\n\t<meta property=\"og:image:width\" content=\"1000\" \/>\n\t<meta property=\"og:image:height\" content=\"667\" \/>\n\t<meta property=\"og:image:type\" content=\"image\/jpeg\" \/>\n<meta name=\"twitter:card\" content=\"summary_large_image\" \/>\n<meta name=\"twitter:label1\" content=\"Temps estimat de lectura\" \/>\n\t<meta name=\"twitter:data1\" content=\"5 minuts\" \/>\n<script type=\"application\/ld+json\" class=\"yoast-schema-graph\">{\"@context\":\"https:\/\/schema.org\",\"@graph\":[{\"@type\":\"WebPage\",\"@id\":\"https:\/\/enjoycatalonia.com\/ca\/serveis-privats\/excursions-per-catalunya\/\",\"url\":\"https:\/\/enjoycatalonia.com\/ca\/serveis-privats\/excursions-per-catalunya\/\",\"name\":\"Excursions per Catalunya - Enjoy Catalonia\",\"isPartOf\":{\"@id\":\"https:\/\/enjoycatalonia.com\/ca\/#website\"},\"primaryImageOfPage\":{\"@id\":\"https:\/\/enjoycatalonia.com\/ca\/serveis-privats\/excursions-per-catalunya\/#primaryimage\"},\"image\":{\"@id\":\"https:\/\/enjoycatalonia.com\/ca\/serveis-privats\/excursions-per-catalunya\/#primaryimage\"},\"thumbnailUrl\":\"https:\/\/enjoycatalonia.com\/wp-content\/uploads\/2026\/02\/Tossa-de-Mar-web-privats.jpg\",\"datePublished\":\"2026-02-04T12:21:54+00:00\",\"dateModified\":\"2026-02-26T10:49:11+00:00\",\"breadcrumb\":{\"@id\":\"https:\/\/enjoycatalonia.com\/ca\/serveis-privats\/excursions-per-catalunya\/#breadcrumb\"},\"inLanguage\":\"ca\",\"potentialAction\":[{\"@type\":\"ReadAction\",\"target\":[\"https:\/\/enjoycatalonia.com\/ca\/serveis-privats\/excursions-per-catalunya\/\"]}]},{\"@type\":\"ImageObject\",\"inLanguage\":\"ca\",\"@id\":\"https:\/\/enjoycatalonia.com\/ca\/serveis-privats\/excursions-per-catalunya\/#primaryimage\",\"url\":\"https:\/\/enjoycatalonia.com\/wp-content\/uploads\/2026\/02\/Tossa-de-Mar-web-privats.jpg\",\"contentUrl\":\"https:\/\/enjoycatalonia.com\/wp-content\/uploads\/2026\/02\/Tossa-de-Mar-web-privats.jpg\"},{\"@type\":\"BreadcrumbList\",\"@id\":\"https:\/\/enjoycatalonia.com\/ca\/serveis-privats\/excursions-per-catalunya\/#breadcrumb\",\"itemListElement\":[{\"@type\":\"ListItem\",\"position\":1,\"name\":\"Portada\",\"item\":\"https:\/\/enjoycatalonia.com\/ca\/\"},{\"@type\":\"ListItem\",\"position\":2,\"name\":\"Serveis privats\",\"item\":\"https:\/\/enjoycatalonia.com\/ca\/serveis-privats\/\"},{\"@type\":\"ListItem\",\"position\":3,\"name\":\"Excursions per Catalunya\"}]},{\"@type\":\"WebSite\",\"@id\":\"https:\/\/enjoycatalonia.com\/ca\/#website\",\"url\":\"https:\/\/enjoycatalonia.com\/ca\/\",\"name\":\"Enjoy Catalonia\",\"description\":\"\",\"potentialAction\":[{\"@type\":\"SearchAction\",\"target\":{\"@type\":\"EntryPoint\",\"urlTemplate\":\"https:\/\/enjoycatalonia.com\/ca\/?s={search_term_string}\"},\"query-input\":{\"@type\":\"PropertyValueSpecification\",\"valueRequired\":true,\"valueName\":\"search_term_string\"}}],\"inLanguage\":\"ca\"}]}<\/script>\n<!-- \/ Yoast SEO plugin. -->","yoast_head_json":{"title":"Excursions per Catalunya - Enjoy Catalonia","robots":{"index":"index","follow":"follow","max-snippet":"max-snippet:-1","max-image-preview":"max-image-preview:large","max-video-preview":"max-video-preview:-1"},"canonical":"https:\/\/enjoycatalonia.com\/ca\/serveis-privats\/excursions-per-catalunya\/","og_locale":"ca_ES","og_type":"article","og_title":"Excursions per Catalunya - Enjoy Catalonia","og_description":"Les excursions per Catalunya amb autocar privat i amb sortida des de Barcelona m\u00e9s sol\u00b7licitades s\u00f3n: La Costa Brava Excursions d\u00b4un dia (10 hores) amb sortida des de Barcelona en exclusiva per a grups en furgoneta o autocar privat a la Costa Brava acompanyats per un guia oficial bon coneixedor de la zona. Jard\u00ed Bot\u00e0nic [&hellip;]","og_url":"https:\/\/enjoycatalonia.com\/ca\/serveis-privats\/excursions-per-catalunya\/","og_site_name":"Enjoy Catalonia","article_modified_time":"2026-02-26T10:49:11+00:00","og_image":[{"width":1000,"height":667,"url":"https:\/\/enjoycatalonia.com\/wp-content\/uploads\/2026\/02\/Tossa-de-Mar-web-privats.jpg","type":"image\/jpeg"}],"twitter_card":"summary_large_image","twitter_misc":{"Temps estimat de lectura":"5 minuts"},"schema":{"@context":"https:\/\/schema.org","@graph":[{"@type":"WebPage","@id":"https:\/\/enjoycatalonia.com\/ca\/serveis-privats\/excursions-per-catalunya\/","url":"https:\/\/enjoycatalonia.com\/ca\/serveis-privats\/excursions-per-catalunya\/","name":"Excursions per Catalunya - Enjoy Catalonia","isPartOf":{"@id":"https:\/\/enjoycatalonia.com\/ca\/#website"},"primaryImageOfPage":{"@id":"https:\/\/enjoycatalonia.com\/ca\/serveis-privats\/excursions-per-catalunya\/#primaryimage"},"image":{"@id":"https:\/\/enjoycatalonia.com\/ca\/serveis-privats\/excursions-per-catalunya\/#primaryimage"},"thumbnailUrl":"https:\/\/enjoycatalonia.com\/wp-content\/uploads\/2026\/02\/Tossa-de-Mar-web-privats.jpg","datePublished":"2026-02-04T12:21:54+00:00","dateModified":"2026-02-26T10:49:11+00:00","breadcrumb":{"@id":"https:\/\/enjoycatalonia.com\/ca\/serveis-privats\/excursions-per-catalunya\/#breadcrumb"},"inLanguage":"ca","potentialAction":[{"@type":"ReadAction","target":["https:\/\/enjoycatalonia.com\/ca\/serveis-privats\/excursions-per-catalunya\/"]}]},{"@type":"ImageObject","inLanguage":"ca","@id":"https:\/\/enjoycatalonia.com\/ca\/serveis-privats\/excursions-per-catalunya\/#primaryimage","url":"https:\/\/enjoycatalonia.com\/wp-content\/uploads\/2026\/02\/Tossa-de-Mar-web-privats.jpg","contentUrl":"https:\/\/enjoycatalonia.com\/wp-content\/uploads\/2026\/02\/Tossa-de-Mar-web-privats.jpg"},{"@type":"BreadcrumbList","@id":"https:\/\/enjoycatalonia.com\/ca\/serveis-privats\/excursions-per-catalunya\/#breadcrumb","itemListElement":[{"@type":"ListItem","position":1,"name":"Portada","item":"https:\/\/enjoycatalonia.com\/ca\/"},{"@type":"ListItem","position":2,"name":"Serveis privats","item":"https:\/\/enjoycatalonia.com\/ca\/serveis-privats\/"},{"@type":"ListItem","position":3,"name":"Excursions per Catalunya"}]},{"@type":"WebSite","@id":"https:\/\/enjoycatalonia.com\/ca\/#website","url":"https:\/\/enjoycatalonia.com\/ca\/","name":"Enjoy Catalonia","description":"","potentialAction":[{"@type":"SearchAction","target":{"@type":"EntryPoint","urlTemplate":"https:\/\/enjoycatalonia.com\/ca\/?s={search_term_string}"},"query-input":{"@type":"PropertyValueSpecification","valueRequired":true,"valueName":"search_term_string"}}],"inLanguage":"ca"}]}},"_links":{"self":[{"href":"https:\/\/enjoycatalonia.com\/ca\/wp-json\/wp\/v2\/pages\/3883","targetHints":{"allow":["GET"]}}],"collection":[{"href":"https:\/\/enjoycatalonia.com\/ca\/wp-json\/wp\/v2\/pages"}],"about":[{"href":"https:\/\/enjoycatalonia.com\/ca\/wp-json\/wp\/v2\/types\/page"}],"author":[{"embeddable":true,"href":"https:\/\/enjoycatalonia.com\/ca\/wp-json\/wp\/v2\/users\/1"}],"replies":[{"embeddable":true,"href":"https:\/\/enjoycatalonia.com\/ca\/wp-json\/wp\/v2\/comments?post=3883"}],"version-history":[{"count":3,"href":"https:\/\/enjoycatalonia.com\/ca\/wp-json\/wp\/v2\/pages\/3883\/revisions"}],"predecessor-version":[{"id":3897,"href":"https:\/\/enjoycatalonia.com\/ca\/wp-json\/wp\/v2\/pages\/3883\/revisions\/3897"}],"up":[{"embeddable":true,"href":"https:\/\/enjoycatalonia.com\/ca\/wp-json\/wp\/v2\/pages\/3322"}],"wp:attachment":[{"href":"https:\/\/enjoycatalonia.com\/ca\/wp-json\/wp\/v2\/media?parent=3883"}],"curies":[{"name":"wp","href":"https:\/\/api.w.org\/{rel}","templated":true}]}}