{"id":3418,"date":"2026-02-06T11:35:05","date_gmt":"2026-02-06T10:35:05","guid":{"rendered":"https:\/\/enjoycatalonia.com\/tours\/cap-de-setmana-a-la-cerdanya-i-la-vall-de-nuria-grans-paisatges-del-pirineu\/"},"modified":"2026-03-03T10:25:36","modified_gmt":"2026-03-03T09:25:36","slug":"cap-de-setmana-a-la-cerdanya-i-la-vall-de-nuria-grans-paisatges-del-pirineu","status":"publish","type":"product","link":"https:\/\/enjoycatalonia.com\/ca\/tours\/cap-de-setmana-a-la-cerdanya-i-la-vall-de-nuria-grans-paisatges-del-pirineu\/","title":{"rendered":"Cap de setmana a la Cerdanya i la Vall de N\u00faria, grans paisatges del Pirineu"},"content":{"rendered":"<p><strong>Gaudeix d&#8217;un cap de setmana cultural i l\u00fadic a les altes muntanyes del Pirineu Oriental (a les comarques de la Cerdanya i el Ripoll\u00e8s) amb allotjament en r\u00e8gim de mitja pensi\u00f3 (esmorzar i sopar) a un hotel amb piscina de La Masella. <\/strong><\/p>\n<p><strong>Durant el cap de setmana tindrem l&#8217;oportunitat de pujar fins a la Vall de Nuria amb el cremallera i gaudir d&#8217;un bonic i f\u00e0cil passeig guiat al voltant del llac; pujarem fins al refugi del <em>Niu de l&#8217;Aliga<\/em><\/strong> <strong>(el m\u00e9s alt de Catalunya)<\/strong> <strong>amb telecabina per contemplar una de les millors panor\u00e0miques del Pirineu catal\u00e0;<\/strong> <strong>visitarem Queralbs, un pintoresc poblet amb t\u00edpiques construccions de muntanya; passejarem pel bell llac de Puigcerd\u00e0 i els seus jardins; etc. I sempre acompanyats per un guia oficial bon coneixedor de la zona.<\/strong><\/p>\n<p><strong>Cremallera fins a la Vall de N\u00faria i excursi\u00f3 f\u00e0cil + Queralbs<\/strong><\/p>\n<p>El dissabte al mat\u00ed pujarem des de Ribes de Freser fins a la Vall de N\u00faria amb el <strong>cremallera<\/strong> , una <strong>experi\u00e8ncia \u00fanica<\/strong> on, des del primer moment, ja es viu tot un m\u00f3n de sensacions gr\u00e0cies a la bellesa i espectacularitat d&#8217;un paisatge i d&#8217;un entorn natural \u00fanics.<\/p>\n<p>A la <strong>Vall de N\u00faria<\/strong> visitarem el <strong>santuari<\/strong> , <strong>caminarem al voltant del llac<\/strong> -caminata f\u00e0cil i plana- i <strong>dinarem una mica lleuger a la terrassa del bar\/restaurant<\/strong> , un lloc ideal per relaxar-se i reconnectar amb la natura.<\/p>\n<p>Despr\u00e9s de dinar baixarem fins a Ribes de Freser amb el cremallera i agafarem l&#8217;autocar fins a <strong>Queralbs<\/strong> , un poble molt bonic que encara conserva l&#8217;encant dels petits pobles de muntanya.<\/p>\n<p><strong>Telecabina fins a l\u00b4impressionant refugi del Niu de l\u00b4\u00c0liga i excursi\u00f3 f\u00e0cil per gaudir de les millors panor\u00e0miques del Pirineu Oriental<\/strong><\/p>\n<p>Diumenge al mat\u00ed pujarem fins al <strong>refugi del Niu de l&#8217;\u00c2liga<\/strong> (2537 metres, el m\u00e9s elevat de Catalunya) amb el <strong>telecabina<\/strong> , una <strong>experi\u00e8ncia \u00fanica<\/strong> per gaudir de les <strong>magn\u00edfiques vistes<\/strong> de la Cerdanya, el Bergued\u00e0 i el Ripoll\u00e8s des d&#8217;un punt d&#8217;observaci\u00f3 panor\u00e0mic a 2.537 metres d&#8217;altitud. Per baixar tindrem dues opcions: agafar de nou el telecabina o baixar a peu.<\/p>\n<p><strong>Mengem junts a Puigcerd\u00e0 i passeig f\u00e0cil pel llac i els seus jardins <\/strong><\/p>\n<p>Despr\u00e9s de gaudir de les impressionants panor\u00e0miques de l&#8217;alta muntanya, baixarem fins a Puigcerd\u00e0 per dinar junts en un restaurant i gaudir d&#8217;un <strong>passeig molt relaxat al voltant del llac<\/strong> , un dels m\u00e9s bonics i glamurosos de Catalunya.<\/p>\n<p><strong>Un cap de setmana ideal per relaxar-vos, reconnectar amb la natura i gaudir de l&#8217;estiu lluny de la platja i les aglomeracions. <\/strong><\/p>\n<p><strong>GRUP M\u00c0XIM:<\/strong> 25 persones<\/p>\n","protected":false},"excerpt":{"rendered":"<p>Gaudeix d&#8217;un cap de setmana cultural i l\u00fadic a les altes muntanyes del Pirineu Oriental (a les comarques de la Cerdanya i el Ripoll\u00e8s) amb allotjament en r\u00e8gim de mitja pensi\u00f3 (esmorzar i sopar) a un hotel amb piscina de La Masella. Durant el cap de setmana tindrem l&#8217;oportunitat de pujar fins a la Vall [&hellip;]<\/p>\n","protected":false},"featured_media":3420,"template":"","meta":{"_acf_changed":false},"product_brand":[],"product_cat":[62],"product_tag":[],"class_list":{"0":"post-3418","1":"product","2":"type-product","3":"status-publish","4":"has-post-thumbnail","6":"product_cat-viatges-passats","7":"tm-has-options","9":"first","10":"instock","11":"shipping-taxable","12":"product-type-simple"},"acf":[],"yoast_head":"<!-- This site is optimized with the Yoast SEO plugin v27.2 - https:\/\/yoast.com\/product\/yoast-seo-wordpress\/ -->\n<title>Cap de setmana a la Cerdanya i la Vall de N\u00faria, grans paisatges del Pirineu - Enjoy Catalonia<\/title>\n<meta name=\"robots\" content=\"index, follow, max-snippet:-1, max-image-preview:large, max-video-preview:-1\" \/>\n<link rel=\"canonical\" href=\"https:\/\/enjoycatalonia.com\/ca\/tours\/cap-de-setmana-a-la-cerdanya-i-la-vall-de-nuria-grans-paisatges-del-pirineu\/\" \/>\n<meta property=\"og:locale\" content=\"ca_ES\" \/>\n<meta property=\"og:type\" content=\"article\" \/>\n<meta property=\"og:title\" content=\"Cap de setmana a la Cerdanya i la Vall de N\u00faria, grans paisatges del Pirineu - Enjoy Catalonia\" \/>\n<meta property=\"og:description\" content=\"Gaudeix d&#8217;un cap de setmana cultural i l\u00fadic a les altes muntanyes del Pirineu Oriental (a les comarques de la Cerdanya i el Ripoll\u00e8s) amb allotjament en r\u00e8gim de mitja pensi\u00f3 (esmorzar i sopar) a un hotel amb piscina de La Masella. Durant el cap de setmana tindrem l&#8217;oportunitat de pujar fins a la Vall [&hellip;]\" \/>\n<meta property=\"og:url\" content=\"https:\/\/enjoycatalonia.com\/ca\/tours\/cap-de-setmana-a-la-cerdanya-i-la-vall-de-nuria-grans-paisatges-del-pirineu\/\" \/>\n<meta property=\"og:site_name\" content=\"Enjoy Catalonia\" \/>\n<meta property=\"article:modified_time\" content=\"2026-03-03T09:25:36+00:00\" \/>\n<meta property=\"og:image\" content=\"https:\/\/enjoycatalonia.com\/wp-content\/uploads\/2026\/02\/Vall-Nuria-I-gran.jpg\" \/>\n\t<meta property=\"og:image:width\" content=\"1500\" \/>\n\t<meta property=\"og:image:height\" content=\"945\" \/>\n\t<meta property=\"og:image:type\" content=\"image\/jpeg\" \/>\n<meta name=\"twitter:card\" content=\"summary_large_image\" \/>\n<meta name=\"twitter:label1\" content=\"Temps estimat de lectura\" \/>\n\t<meta name=\"twitter:data1\" content=\"3 minuts\" \/>\n<script type=\"application\/ld+json\" class=\"yoast-schema-graph\">{\"@context\":\"https:\/\/schema.org\",\"@graph\":[{\"@type\":\"WebPage\",\"@id\":\"https:\/\/enjoycatalonia.com\/ca\/tours\/cap-de-setmana-a-la-cerdanya-i-la-vall-de-nuria-grans-paisatges-del-pirineu\/\",\"url\":\"https:\/\/enjoycatalonia.com\/ca\/tours\/cap-de-setmana-a-la-cerdanya-i-la-vall-de-nuria-grans-paisatges-del-pirineu\/\",\"name\":\"Cap de setmana a la Cerdanya i la Vall de N\u00faria, grans paisatges del Pirineu - Enjoy Catalonia\",\"isPartOf\":{\"@id\":\"https:\/\/enjoycatalonia.com\/ca\/#website\"},\"primaryImageOfPage\":{\"@id\":\"https:\/\/enjoycatalonia.com\/ca\/tours\/cap-de-setmana-a-la-cerdanya-i-la-vall-de-nuria-grans-paisatges-del-pirineu\/#primaryimage\"},\"image\":{\"@id\":\"https:\/\/enjoycatalonia.com\/ca\/tours\/cap-de-setmana-a-la-cerdanya-i-la-vall-de-nuria-grans-paisatges-del-pirineu\/#primaryimage\"},\"thumbnailUrl\":\"https:\/\/enjoycatalonia.com\/wp-content\/uploads\/2026\/02\/Vall-Nuria-I-gran.jpg\",\"datePublished\":\"2026-02-06T10:35:05+00:00\",\"dateModified\":\"2026-03-03T09:25:36+00:00\",\"breadcrumb\":{\"@id\":\"https:\/\/enjoycatalonia.com\/ca\/tours\/cap-de-setmana-a-la-cerdanya-i-la-vall-de-nuria-grans-paisatges-del-pirineu\/#breadcrumb\"},\"inLanguage\":\"ca\",\"potentialAction\":[{\"@type\":\"ReadAction\",\"target\":[\"https:\/\/enjoycatalonia.com\/ca\/tours\/cap-de-setmana-a-la-cerdanya-i-la-vall-de-nuria-grans-paisatges-del-pirineu\/\"]}]},{\"@type\":\"ImageObject\",\"inLanguage\":\"ca\",\"@id\":\"https:\/\/enjoycatalonia.com\/ca\/tours\/cap-de-setmana-a-la-cerdanya-i-la-vall-de-nuria-grans-paisatges-del-pirineu\/#primaryimage\",\"url\":\"https:\/\/enjoycatalonia.com\/wp-content\/uploads\/2026\/02\/Vall-Nuria-I-gran.jpg\",\"contentUrl\":\"https:\/\/enjoycatalonia.com\/wp-content\/uploads\/2026\/02\/Vall-Nuria-I-gran.jpg\",\"width\":1500,\"height\":945},{\"@type\":\"BreadcrumbList\",\"@id\":\"https:\/\/enjoycatalonia.com\/ca\/tours\/cap-de-setmana-a-la-cerdanya-i-la-vall-de-nuria-grans-paisatges-del-pirineu\/#breadcrumb\",\"itemListElement\":[{\"@type\":\"ListItem\",\"position\":1,\"name\":\"Portada\",\"item\":\"https:\/\/enjoycatalonia.com\/ca\/\"},{\"@type\":\"ListItem\",\"position\":2,\"name\":\"Botiga\",\"item\":\"https:\/\/enjoycatalonia.com\/tienda\/\"},{\"@type\":\"ListItem\",\"position\":3,\"name\":\"Cap de setmana a la Cerdanya i la Vall de N\u00faria, grans paisatges del Pirineu\"}]},{\"@type\":\"WebSite\",\"@id\":\"https:\/\/enjoycatalonia.com\/ca\/#website\",\"url\":\"https:\/\/enjoycatalonia.com\/ca\/\",\"name\":\"Enjoy Catalonia\",\"description\":\"\",\"potentialAction\":[{\"@type\":\"SearchAction\",\"target\":{\"@type\":\"EntryPoint\",\"urlTemplate\":\"https:\/\/enjoycatalonia.com\/ca\/?s={search_term_string}\"},\"query-input\":{\"@type\":\"PropertyValueSpecification\",\"valueRequired\":true,\"valueName\":\"search_term_string\"}}],\"inLanguage\":\"ca\"}]}<\/script>\n<!-- \/ Yoast SEO plugin. -->","yoast_head_json":{"title":"Cap de setmana a la Cerdanya i la Vall de N\u00faria, grans paisatges del Pirineu - Enjoy Catalonia","robots":{"index":"index","follow":"follow","max-snippet":"max-snippet:-1","max-image-preview":"max-image-preview:large","max-video-preview":"max-video-preview:-1"},"canonical":"https:\/\/enjoycatalonia.com\/ca\/tours\/cap-de-setmana-a-la-cerdanya-i-la-vall-de-nuria-grans-paisatges-del-pirineu\/","og_locale":"ca_ES","og_type":"article","og_title":"Cap de setmana a la Cerdanya i la Vall de N\u00faria, grans paisatges del Pirineu - Enjoy Catalonia","og_description":"Gaudeix d&#8217;un cap de setmana cultural i l\u00fadic a les altes muntanyes del Pirineu Oriental (a les comarques de la Cerdanya i el Ripoll\u00e8s) amb allotjament en r\u00e8gim de mitja pensi\u00f3 (esmorzar i sopar) a un hotel amb piscina de La Masella. Durant el cap de setmana tindrem l&#8217;oportunitat de pujar fins a la Vall [&hellip;]","og_url":"https:\/\/enjoycatalonia.com\/ca\/tours\/cap-de-setmana-a-la-cerdanya-i-la-vall-de-nuria-grans-paisatges-del-pirineu\/","og_site_name":"Enjoy Catalonia","article_modified_time":"2026-03-03T09:25:36+00:00","og_image":[{"width":1500,"height":945,"url":"https:\/\/enjoycatalonia.com\/wp-content\/uploads\/2026\/02\/Vall-Nuria-I-gran.jpg","type":"image\/jpeg"}],"twitter_card":"summary_large_image","twitter_misc":{"Temps estimat de lectura":"3 minuts"},"schema":{"@context":"https:\/\/schema.org","@graph":[{"@type":"WebPage","@id":"https:\/\/enjoycatalonia.com\/ca\/tours\/cap-de-setmana-a-la-cerdanya-i-la-vall-de-nuria-grans-paisatges-del-pirineu\/","url":"https:\/\/enjoycatalonia.com\/ca\/tours\/cap-de-setmana-a-la-cerdanya-i-la-vall-de-nuria-grans-paisatges-del-pirineu\/","name":"Cap de setmana a la Cerdanya i la Vall de N\u00faria, grans paisatges del Pirineu - Enjoy Catalonia","isPartOf":{"@id":"https:\/\/enjoycatalonia.com\/ca\/#website"},"primaryImageOfPage":{"@id":"https:\/\/enjoycatalonia.com\/ca\/tours\/cap-de-setmana-a-la-cerdanya-i-la-vall-de-nuria-grans-paisatges-del-pirineu\/#primaryimage"},"image":{"@id":"https:\/\/enjoycatalonia.com\/ca\/tours\/cap-de-setmana-a-la-cerdanya-i-la-vall-de-nuria-grans-paisatges-del-pirineu\/#primaryimage"},"thumbnailUrl":"https:\/\/enjoycatalonia.com\/wp-content\/uploads\/2026\/02\/Vall-Nuria-I-gran.jpg","datePublished":"2026-02-06T10:35:05+00:00","dateModified":"2026-03-03T09:25:36+00:00","breadcrumb":{"@id":"https:\/\/enjoycatalonia.com\/ca\/tours\/cap-de-setmana-a-la-cerdanya-i-la-vall-de-nuria-grans-paisatges-del-pirineu\/#breadcrumb"},"inLanguage":"ca","potentialAction":[{"@type":"ReadAction","target":["https:\/\/enjoycatalonia.com\/ca\/tours\/cap-de-setmana-a-la-cerdanya-i-la-vall-de-nuria-grans-paisatges-del-pirineu\/"]}]},{"@type":"ImageObject","inLanguage":"ca","@id":"https:\/\/enjoycatalonia.com\/ca\/tours\/cap-de-setmana-a-la-cerdanya-i-la-vall-de-nuria-grans-paisatges-del-pirineu\/#primaryimage","url":"https:\/\/enjoycatalonia.com\/wp-content\/uploads\/2026\/02\/Vall-Nuria-I-gran.jpg","contentUrl":"https:\/\/enjoycatalonia.com\/wp-content\/uploads\/2026\/02\/Vall-Nuria-I-gran.jpg","width":1500,"height":945},{"@type":"BreadcrumbList","@id":"https:\/\/enjoycatalonia.com\/ca\/tours\/cap-de-setmana-a-la-cerdanya-i-la-vall-de-nuria-grans-paisatges-del-pirineu\/#breadcrumb","itemListElement":[{"@type":"ListItem","position":1,"name":"Portada","item":"https:\/\/enjoycatalonia.com\/ca\/"},{"@type":"ListItem","position":2,"name":"Botiga","item":"https:\/\/enjoycatalonia.com\/tienda\/"},{"@type":"ListItem","position":3,"name":"Cap de setmana a la Cerdanya i la Vall de N\u00faria, grans paisatges del Pirineu"}]},{"@type":"WebSite","@id":"https:\/\/enjoycatalonia.com\/ca\/#website","url":"https:\/\/enjoycatalonia.com\/ca\/","name":"Enjoy Catalonia","description":"","potentialAction":[{"@type":"SearchAction","target":{"@type":"EntryPoint","urlTemplate":"https:\/\/enjoycatalonia.com\/ca\/?s={search_term_string}"},"query-input":{"@type":"PropertyValueSpecification","valueRequired":true,"valueName":"search_term_string"}}],"inLanguage":"ca"}]}},"_links":{"self":[{"href":"https:\/\/enjoycatalonia.com\/ca\/wp-json\/wp\/v2\/product\/3418","targetHints":{"allow":["GET"]}}],"collection":[{"href":"https:\/\/enjoycatalonia.com\/ca\/wp-json\/wp\/v2\/product"}],"about":[{"href":"https:\/\/enjoycatalonia.com\/ca\/wp-json\/wp\/v2\/types\/product"}],"wp:featuredmedia":[{"embeddable":true,"href":"https:\/\/enjoycatalonia.com\/ca\/wp-json\/wp\/v2\/media\/3420"}],"wp:attachment":[{"href":"https:\/\/enjoycatalonia.com\/ca\/wp-json\/wp\/v2\/media?parent=3418"}],"wp:term":[{"taxonomy":"product_brand","embeddable":true,"href":"https:\/\/enjoycatalonia.com\/ca\/wp-json\/wp\/v2\/product_brand?post=3418"},{"taxonomy":"product_cat","embeddable":true,"href":"https:\/\/enjoycatalonia.com\/ca\/wp-json\/wp\/v2\/product_cat?post=3418"},{"taxonomy":"product_tag","embeddable":true,"href":"https:\/\/enjoycatalonia.com\/ca\/wp-json\/wp\/v2\/product_tag?post=3418"}],"curies":[{"name":"wp","href":"https:\/\/api.w.org\/{rel}","templated":true}]}}