{"id":3600,"date":"2026-02-06T12:14:11","date_gmt":"2026-02-06T11:14:11","guid":{"rendered":"https:\/\/enjoycatalonia.com\/tours\/4-dies-al-perigord-i-la-vall-de-la-dordonya-un-paradis-cultural-i-gastronomic\/"},"modified":"2026-03-03T10:18:16","modified_gmt":"2026-03-03T09:18:16","slug":"4-dies-al-perigord-i-la-vall-de-la-dordonya-un-paradis-cultural-i-gastronomic","status":"publish","type":"product","link":"https:\/\/enjoycatalonia.com\/ca\/tours\/4-dies-al-perigord-i-la-vall-de-la-dordonya-un-paradis-cultural-i-gastronomic\/","title":{"rendered":"4 dies al P\u00e9rigord i la vall de la Dordonya, un parad\u00eds cultural i gastron\u00f2mic"},"content":{"rendered":"<div>\n<p><strong>Gaudeix d&#8217;un espectacular viatge de quatre dies al sud-oest de Fran\u00e7a, al<\/strong> <strong>vall de la Dordonya i el P\u00e9rigord Noir, que ens permetr\u00e0 visitar alguns dels pobles m\u00e9s bells del pa\u00eds, rec\u00f3rrer extenses i belles valls fluvials, admirar impressionants castells, descobrir la magn\u00edfica gastronomia local (foie gras, grans vins, formatge, t\u00f2fones&#8230;), i gaudir del mercat nadalenc de Sar.<\/strong><b> <\/b><\/p>\n<\/div>\n<div>\n<p>Una escapada de quatre dies i tres nits amb allotjament en un hotel de 3 estrelles al centre de <strong>Sarlat-la-Can\u00e9da,<\/strong><b> <\/b>bella vila medieval amb <strong>un dels mercats nadalencs m\u00e9s bonics i pintorescos de Fran\u00e7a<\/strong> . A m\u00e9s de Sarlat, la joia del P\u00e9rigord Noir, tindrem l&#8217;oportunitat de passejar per cinc dels pobles m\u00e9s bonics de Fran\u00e7a ( <strong>La Roque-Gargeac<\/strong> , <strong>Beynac<\/strong> , <strong>Domme,<\/strong> <span class=\"apple-converted-space\"><strong>Belv\u00e8s<\/strong> ,<\/span> <strong>Rocamadour)<\/strong> , visitar el castell de Beynac i descobrir el centre hist\u00f2ric de<b> <\/b><strong>Montauban,<\/strong><b> <\/b>la ciutat natal del gran pintor Ingres.<\/p>\n<\/div>\n<div>\n<p>Un viatge de car\u00e0cter cultural i gastron\u00f2mic a una de les zones m\u00e9s interessants de Fran\u00e7a, amb l?al\u00b7licient afegit del pintoresc mercat nadalenc de Sarlat, que s?inaugura en aquestes dates.<\/p>\n<\/div>\n","protected":false},"excerpt":{"rendered":"<p>Gaudeix d&#8217;un espectacular viatge de quatre dies al sud-oest de Fran\u00e7a, al vall de la Dordonya i el P\u00e9rigord Noir, que ens permetr\u00e0 visitar alguns dels pobles m\u00e9s bells del pa\u00eds, rec\u00f3rrer extenses i belles valls fluvials, admirar impressionants castells, descobrir la magn\u00edfica gastronomia local (foie gras, grans vins, formatge, t\u00f2fones&#8230;), i gaudir del mercat [&hellip;]<\/p>\n","protected":false},"featured_media":3602,"template":"","meta":{"_acf_changed":false},"product_brand":[],"product_cat":[62],"product_tag":[],"class_list":{"0":"post-3600","1":"product","2":"type-product","3":"status-publish","4":"has-post-thumbnail","6":"product_cat-viatges-passats","7":"tm-has-options","9":"first","10":"instock","11":"shipping-taxable","12":"product-type-simple"},"acf":[],"yoast_head":"<!-- This site is optimized with the Yoast SEO plugin v27.2 - https:\/\/yoast.com\/product\/yoast-seo-wordpress\/ -->\n<title>4 dies al P\u00e9rigord i la vall de la Dordonya, un parad\u00eds cultural i gastron\u00f2mic - Enjoy Catalonia<\/title>\n<meta name=\"robots\" content=\"index, follow, max-snippet:-1, max-image-preview:large, max-video-preview:-1\" \/>\n<link rel=\"canonical\" href=\"https:\/\/enjoycatalonia.com\/ca\/tours\/4-dies-al-perigord-i-la-vall-de-la-dordonya-un-paradis-cultural-i-gastronomic\/\" \/>\n<meta property=\"og:locale\" content=\"ca_ES\" \/>\n<meta property=\"og:type\" content=\"article\" \/>\n<meta property=\"og:title\" content=\"4 dies al P\u00e9rigord i la vall de la Dordonya, un parad\u00eds cultural i gastron\u00f2mic - Enjoy Catalonia\" \/>\n<meta property=\"og:description\" content=\"Gaudeix d&#8217;un espectacular viatge de quatre dies al sud-oest de Fran\u00e7a, al vall de la Dordonya i el P\u00e9rigord Noir, que ens permetr\u00e0 visitar alguns dels pobles m\u00e9s bells del pa\u00eds, rec\u00f3rrer extenses i belles valls fluvials, admirar impressionants castells, descobrir la magn\u00edfica gastronomia local (foie gras, grans vins, formatge, t\u00f2fones&#8230;), i gaudir del mercat [&hellip;]\" \/>\n<meta property=\"og:url\" content=\"https:\/\/enjoycatalonia.com\/ca\/tours\/4-dies-al-perigord-i-la-vall-de-la-dordonya-un-paradis-cultural-i-gastronomic\/\" \/>\n<meta property=\"og:site_name\" content=\"Enjoy Catalonia\" \/>\n<meta property=\"article:modified_time\" content=\"2026-03-03T09:18:16+00:00\" \/>\n<meta property=\"og:image\" content=\"https:\/\/enjoycatalonia.com\/wp-content\/uploads\/2026\/02\/OLNV6HE4QZFQHE2FPPNYBUWCOE.jpg\" \/>\n\t<meta property=\"og:image:width\" content=\"1500\" \/>\n\t<meta property=\"og:image:height\" content=\"945\" \/>\n\t<meta property=\"og:image:type\" content=\"image\/jpeg\" \/>\n<meta name=\"twitter:card\" content=\"summary_large_image\" \/>\n<meta name=\"twitter:label1\" content=\"Temps estimat de lectura\" \/>\n\t<meta name=\"twitter:data1\" content=\"1 minut\" \/>\n<script type=\"application\/ld+json\" class=\"yoast-schema-graph\">{\"@context\":\"https:\/\/schema.org\",\"@graph\":[{\"@type\":\"WebPage\",\"@id\":\"https:\/\/enjoycatalonia.com\/ca\/tours\/4-dies-al-perigord-i-la-vall-de-la-dordonya-un-paradis-cultural-i-gastronomic\/\",\"url\":\"https:\/\/enjoycatalonia.com\/ca\/tours\/4-dies-al-perigord-i-la-vall-de-la-dordonya-un-paradis-cultural-i-gastronomic\/\",\"name\":\"4 dies al P\u00e9rigord i la vall de la Dordonya, un parad\u00eds cultural i gastron\u00f2mic - Enjoy Catalonia\",\"isPartOf\":{\"@id\":\"https:\/\/enjoycatalonia.com\/ca\/#website\"},\"primaryImageOfPage\":{\"@id\":\"https:\/\/enjoycatalonia.com\/ca\/tours\/4-dies-al-perigord-i-la-vall-de-la-dordonya-un-paradis-cultural-i-gastronomic\/#primaryimage\"},\"image\":{\"@id\":\"https:\/\/enjoycatalonia.com\/ca\/tours\/4-dies-al-perigord-i-la-vall-de-la-dordonya-un-paradis-cultural-i-gastronomic\/#primaryimage\"},\"thumbnailUrl\":\"https:\/\/enjoycatalonia.com\/wp-content\/uploads\/2026\/02\/OLNV6HE4QZFQHE2FPPNYBUWCOE.jpg\",\"datePublished\":\"2026-02-06T11:14:11+00:00\",\"dateModified\":\"2026-03-03T09:18:16+00:00\",\"breadcrumb\":{\"@id\":\"https:\/\/enjoycatalonia.com\/ca\/tours\/4-dies-al-perigord-i-la-vall-de-la-dordonya-un-paradis-cultural-i-gastronomic\/#breadcrumb\"},\"inLanguage\":\"ca\",\"potentialAction\":[{\"@type\":\"ReadAction\",\"target\":[\"https:\/\/enjoycatalonia.com\/ca\/tours\/4-dies-al-perigord-i-la-vall-de-la-dordonya-un-paradis-cultural-i-gastronomic\/\"]}]},{\"@type\":\"ImageObject\",\"inLanguage\":\"ca\",\"@id\":\"https:\/\/enjoycatalonia.com\/ca\/tours\/4-dies-al-perigord-i-la-vall-de-la-dordonya-un-paradis-cultural-i-gastronomic\/#primaryimage\",\"url\":\"https:\/\/enjoycatalonia.com\/wp-content\/uploads\/2026\/02\/OLNV6HE4QZFQHE2FPPNYBUWCOE.jpg\",\"contentUrl\":\"https:\/\/enjoycatalonia.com\/wp-content\/uploads\/2026\/02\/OLNV6HE4QZFQHE2FPPNYBUWCOE.jpg\",\"width\":1500,\"height\":945},{\"@type\":\"BreadcrumbList\",\"@id\":\"https:\/\/enjoycatalonia.com\/ca\/tours\/4-dies-al-perigord-i-la-vall-de-la-dordonya-un-paradis-cultural-i-gastronomic\/#breadcrumb\",\"itemListElement\":[{\"@type\":\"ListItem\",\"position\":1,\"name\":\"Portada\",\"item\":\"https:\/\/enjoycatalonia.com\/ca\/\"},{\"@type\":\"ListItem\",\"position\":2,\"name\":\"Botiga\",\"item\":\"https:\/\/enjoycatalonia.com\/tienda\/\"},{\"@type\":\"ListItem\",\"position\":3,\"name\":\"4 dies al P\u00e9rigord i la vall de la Dordonya, un parad\u00eds cultural i gastron\u00f2mic\"}]},{\"@type\":\"WebSite\",\"@id\":\"https:\/\/enjoycatalonia.com\/ca\/#website\",\"url\":\"https:\/\/enjoycatalonia.com\/ca\/\",\"name\":\"Enjoy Catalonia\",\"description\":\"\",\"potentialAction\":[{\"@type\":\"SearchAction\",\"target\":{\"@type\":\"EntryPoint\",\"urlTemplate\":\"https:\/\/enjoycatalonia.com\/ca\/?s={search_term_string}\"},\"query-input\":{\"@type\":\"PropertyValueSpecification\",\"valueRequired\":true,\"valueName\":\"search_term_string\"}}],\"inLanguage\":\"ca\"}]}<\/script>\n<!-- \/ Yoast SEO plugin. -->","yoast_head_json":{"title":"4 dies al P\u00e9rigord i la vall de la Dordonya, un parad\u00eds cultural i gastron\u00f2mic - Enjoy Catalonia","robots":{"index":"index","follow":"follow","max-snippet":"max-snippet:-1","max-image-preview":"max-image-preview:large","max-video-preview":"max-video-preview:-1"},"canonical":"https:\/\/enjoycatalonia.com\/ca\/tours\/4-dies-al-perigord-i-la-vall-de-la-dordonya-un-paradis-cultural-i-gastronomic\/","og_locale":"ca_ES","og_type":"article","og_title":"4 dies al P\u00e9rigord i la vall de la Dordonya, un parad\u00eds cultural i gastron\u00f2mic - Enjoy Catalonia","og_description":"Gaudeix d&#8217;un espectacular viatge de quatre dies al sud-oest de Fran\u00e7a, al vall de la Dordonya i el P\u00e9rigord Noir, que ens permetr\u00e0 visitar alguns dels pobles m\u00e9s bells del pa\u00eds, rec\u00f3rrer extenses i belles valls fluvials, admirar impressionants castells, descobrir la magn\u00edfica gastronomia local (foie gras, grans vins, formatge, t\u00f2fones&#8230;), i gaudir del mercat [&hellip;]","og_url":"https:\/\/enjoycatalonia.com\/ca\/tours\/4-dies-al-perigord-i-la-vall-de-la-dordonya-un-paradis-cultural-i-gastronomic\/","og_site_name":"Enjoy Catalonia","article_modified_time":"2026-03-03T09:18:16+00:00","og_image":[{"width":1500,"height":945,"url":"https:\/\/enjoycatalonia.com\/wp-content\/uploads\/2026\/02\/OLNV6HE4QZFQHE2FPPNYBUWCOE.jpg","type":"image\/jpeg"}],"twitter_card":"summary_large_image","twitter_misc":{"Temps estimat de lectura":"1 minut"},"schema":{"@context":"https:\/\/schema.org","@graph":[{"@type":"WebPage","@id":"https:\/\/enjoycatalonia.com\/ca\/tours\/4-dies-al-perigord-i-la-vall-de-la-dordonya-un-paradis-cultural-i-gastronomic\/","url":"https:\/\/enjoycatalonia.com\/ca\/tours\/4-dies-al-perigord-i-la-vall-de-la-dordonya-un-paradis-cultural-i-gastronomic\/","name":"4 dies al P\u00e9rigord i la vall de la Dordonya, un parad\u00eds cultural i gastron\u00f2mic - Enjoy Catalonia","isPartOf":{"@id":"https:\/\/enjoycatalonia.com\/ca\/#website"},"primaryImageOfPage":{"@id":"https:\/\/enjoycatalonia.com\/ca\/tours\/4-dies-al-perigord-i-la-vall-de-la-dordonya-un-paradis-cultural-i-gastronomic\/#primaryimage"},"image":{"@id":"https:\/\/enjoycatalonia.com\/ca\/tours\/4-dies-al-perigord-i-la-vall-de-la-dordonya-un-paradis-cultural-i-gastronomic\/#primaryimage"},"thumbnailUrl":"https:\/\/enjoycatalonia.com\/wp-content\/uploads\/2026\/02\/OLNV6HE4QZFQHE2FPPNYBUWCOE.jpg","datePublished":"2026-02-06T11:14:11+00:00","dateModified":"2026-03-03T09:18:16+00:00","breadcrumb":{"@id":"https:\/\/enjoycatalonia.com\/ca\/tours\/4-dies-al-perigord-i-la-vall-de-la-dordonya-un-paradis-cultural-i-gastronomic\/#breadcrumb"},"inLanguage":"ca","potentialAction":[{"@type":"ReadAction","target":["https:\/\/enjoycatalonia.com\/ca\/tours\/4-dies-al-perigord-i-la-vall-de-la-dordonya-un-paradis-cultural-i-gastronomic\/"]}]},{"@type":"ImageObject","inLanguage":"ca","@id":"https:\/\/enjoycatalonia.com\/ca\/tours\/4-dies-al-perigord-i-la-vall-de-la-dordonya-un-paradis-cultural-i-gastronomic\/#primaryimage","url":"https:\/\/enjoycatalonia.com\/wp-content\/uploads\/2026\/02\/OLNV6HE4QZFQHE2FPPNYBUWCOE.jpg","contentUrl":"https:\/\/enjoycatalonia.com\/wp-content\/uploads\/2026\/02\/OLNV6HE4QZFQHE2FPPNYBUWCOE.jpg","width":1500,"height":945},{"@type":"BreadcrumbList","@id":"https:\/\/enjoycatalonia.com\/ca\/tours\/4-dies-al-perigord-i-la-vall-de-la-dordonya-un-paradis-cultural-i-gastronomic\/#breadcrumb","itemListElement":[{"@type":"ListItem","position":1,"name":"Portada","item":"https:\/\/enjoycatalonia.com\/ca\/"},{"@type":"ListItem","position":2,"name":"Botiga","item":"https:\/\/enjoycatalonia.com\/tienda\/"},{"@type":"ListItem","position":3,"name":"4 dies al P\u00e9rigord i la vall de la Dordonya, un parad\u00eds cultural i gastron\u00f2mic"}]},{"@type":"WebSite","@id":"https:\/\/enjoycatalonia.com\/ca\/#website","url":"https:\/\/enjoycatalonia.com\/ca\/","name":"Enjoy Catalonia","description":"","potentialAction":[{"@type":"SearchAction","target":{"@type":"EntryPoint","urlTemplate":"https:\/\/enjoycatalonia.com\/ca\/?s={search_term_string}"},"query-input":{"@type":"PropertyValueSpecification","valueRequired":true,"valueName":"search_term_string"}}],"inLanguage":"ca"}]}},"_links":{"self":[{"href":"https:\/\/enjoycatalonia.com\/ca\/wp-json\/wp\/v2\/product\/3600","targetHints":{"allow":["GET"]}}],"collection":[{"href":"https:\/\/enjoycatalonia.com\/ca\/wp-json\/wp\/v2\/product"}],"about":[{"href":"https:\/\/enjoycatalonia.com\/ca\/wp-json\/wp\/v2\/types\/product"}],"wp:featuredmedia":[{"embeddable":true,"href":"https:\/\/enjoycatalonia.com\/ca\/wp-json\/wp\/v2\/media\/3602"}],"wp:attachment":[{"href":"https:\/\/enjoycatalonia.com\/ca\/wp-json\/wp\/v2\/media?parent=3600"}],"wp:term":[{"taxonomy":"product_brand","embeddable":true,"href":"https:\/\/enjoycatalonia.com\/ca\/wp-json\/wp\/v2\/product_brand?post=3600"},{"taxonomy":"product_cat","embeddable":true,"href":"https:\/\/enjoycatalonia.com\/ca\/wp-json\/wp\/v2\/product_cat?post=3600"},{"taxonomy":"product_tag","embeddable":true,"href":"https:\/\/enjoycatalonia.com\/ca\/wp-json\/wp\/v2\/product_tag?post=3600"}],"curies":[{"name":"wp","href":"https:\/\/api.w.org\/{rel}","templated":true}]}}